{"id":143,"date":"2016-06-20T07:48:11","date_gmt":"2016-06-20T05:48:11","guid":{"rendered":"http:\/\/sw-themes.com\/porto_dummy\/?page_id=143"},"modified":"2025-11-06T08:06:37","modified_gmt":"2025-11-06T07:06:37","slug":"carpinteria_aluminio","status":"publish","type":"page","link":"https:\/\/aluminiosvallirana.es\/fr\/carpinteria_aluminio\/","title":{"rendered":"Producto de Aluminio"},"content":{"rendered":"<div data-elementor-type=\"wp-page\" data-elementor-id=\"143\" class=\"elementor elementor-143\" data-elementor-post-type=\"page\">\n\t\t\t\t\t\t<section data-plugin-parallax=\"\" data-plugin-options=\"{&quot;speed&quot;: 1.5}\" class=\"elementor-section elementor-top-section elementor-element elementor-element-a509fe7 elementor-section-height-min-height bgPositionBottomToTop elementor-section-boxed elementor-section-height-default elementor-section-items-middle\" data-id=\"a509fe7\" data-element_type=\"section\" data-e-type=\"section\" data-settings=\"{&quot;background_background&quot;:&quot;classic&quot;}\">\r\n\t\t\t\t\t\t<div class=\"elementor-background-overlay\"><\/div>\r\n\t\t\t\r\n\t\t\t\t\t\t\t<div class=\"elementor-container elementor-column-gap-no\">\r\n\t\t\t\t\t\t\t\t\t\t\t<div class=\"elementor-column elementor-col-100 elementor-top-column elementor-element elementor-element-3508e58\" data-id=\"3508e58\" data-element_type=\"column\" data-e-type=\"column\">\r\n\t\t\t\t\t<div class=\"elementor-widget-wrap elementor-element-populated\">\r\n\t\t\t\t\t\t\t\t<div class=\"elementor-element elementor-element-18a7794 elementor-widget elementor-widget-heading\" data-id=\"18a7794\" data-element_type=\"widget\" data-e-type=\"widget\" data-widget_type=\"heading.default\">\n\t\t\t\t<div class=\"elementor-widget-container\">\n\t\t\t\t\t<h2 class=\"elementor-heading-title elementor-size-medium\">NOUS SOMMES FABRICANTS<\/h2>\t\t\t\t<\/div>\n\t\t\t\t<\/div>\n\t\t\t\t<div class=\"elementor-element elementor-element-a4ccbc5 mb-3 elementor-invisible elementor-widget elementor-widget-heading\" data-id=\"a4ccbc5\" data-element_type=\"widget\" data-e-type=\"widget\" data-settings=\"{&quot;_animation&quot;:&quot;fadeInDown&quot;,&quot;_animation_delay&quot;:300}\" data-widget_type=\"heading.default\">\n\t\t\t\t<div class=\"elementor-widget-container\">\n\t\t\t\t\t<h2 class=\"elementor-heading-title elementor-size-xl\">MENUISERIE ALUMINIUM <br>ET CINTR\u00c9S<\/h2>\t\t\t\t<\/div>\n\t\t\t\t<\/div>\n\t\t\t\t<div class=\"elementor-element elementor-element-a202415 elementor-widget-divider--view-line elementor-widget elementor-widget-divider\" data-id=\"a202415\" data-element_type=\"widget\" data-e-type=\"widget\" data-widget_type=\"divider.default\">\n\t\t\t\t<div class=\"elementor-widget-container\">\n\t\t\t\t\t\t\t<div class=\"elementor-divider\">\n\t\t\t<span class=\"elementor-divider-separator\">\n\t\t\t\t\t\t<\/span>\n\t\t<\/div>\n\t\t\t\t\t\t<\/div>\n\t\t\t\t<\/div>\n\t\t\t\t<div class=\"elementor-element elementor-element-3bd1a18 elementor-widget elementor-widget-spacer\" data-id=\"3bd1a18\" data-element_type=\"widget\" data-e-type=\"widget\" data-widget_type=\"spacer.default\">\n\t\t\t\t<div class=\"elementor-widget-container\">\n\t\t\t\t\t\t\t<div class=\"elementor-spacer\">\n\t\t\t<div class=\"elementor-spacer-inner\"><\/div>\n\t\t<\/div>\n\t\t\t\t\t\t<\/div>\n\t\t\t\t<\/div>\n\t\t\t\t<div class=\"elementor-element elementor-element-8825ad2 elementor-widget elementor-widget-heading\" data-id=\"8825ad2\" data-element_type=\"widget\" data-e-type=\"widget\" data-widget_type=\"heading.default\">\n\t\t\t\t<div class=\"elementor-widget-container\">\n\t\t\t\t\t<h2 class=\"elementor-heading-title elementor-size-small\">Si vous recherchez des fen\u00eatres \u00e0 prix d'usine ou l'une<br>de nos sp\u00e9cialit\u00e9s, n'h\u00e9sitez pas \u00e0 nous contacter.<\/h2>\t\t\t\t<\/div>\n\t\t\t\t<\/div>\n\t\t\t\t<div class=\"elementor-element elementor-element-154f127 elementor-widget elementor-widget-spacer\" data-id=\"154f127\" data-element_type=\"widget\" data-e-type=\"widget\" data-widget_type=\"spacer.default\">\n\t\t\t\t<div class=\"elementor-widget-container\">\n\t\t\t\t\t\t\t<div class=\"elementor-spacer\">\n\t\t\t<div class=\"elementor-spacer-inner\"><\/div>\n\t\t<\/div>\n\t\t\t\t\t\t<\/div>\n\t\t\t\t<\/div>\n\t\t\t\t<div class=\"elementor-element elementor-element-0d5750e elementor-align-left elementor-widget elementor-widget-button\" data-id=\"0d5750e\" data-element_type=\"widget\" data-e-type=\"widget\" data-widget_type=\"button.default\">\n\t\t\t\t<div class=\"elementor-widget-container\">\n\t\t\t\t\t\t\t\t\t<div class=\"elementor-button-wrapper\">\n\t\t\t\t\t<a class=\"elementor-button elementor-button-link elementor-size-sm elementor-animation-pulse\" href=\"\/fr\/contacto\/\">\n\t\t\t\t\t\t<span class=\"elementor-button-content-wrapper\">\n\t\t\t\t\t\t\t\t\t<span class=\"elementor-button-text\">DEMANDEZ UN DEVIS GRATUIT<\/span>\n\t\t\t\t\t<\/span>\n\t\t\t\t\t<\/a>\n\t\t\t\t<\/div>\n\t\t\t\t\t\t\t\t<\/div>\n\t\t\t\t<\/div>\n\t\t\t\t\t<\/div>\r\n\t\t\t\t<\/div>\r\n\t\t\t\t\t<\/div>\r\n\t\t\t\t<\/section>\r\n\t\t\t\t<section class=\"elementor-section elementor-top-section elementor-element elementor-element-7cf25d4 elementor-section-boxed elementor-section-height-default elementor-section-height-default elementor-invisible\" data-id=\"7cf25d4\" data-element_type=\"section\" data-e-type=\"section\" data-settings=\"{&quot;animation&quot;:&quot;fadeInLeft&quot;}\">\r\n\t\t\r\n\t\t\t\t\t\t\t<div class=\"elementor-container elementor-column-gap-default\">\r\n\t\t\t\t\t\t\t\t\t\t\t<div class=\"elementor-column elementor-col-50 elementor-top-column elementor-element elementor-element-56865676\" data-id=\"56865676\" data-element_type=\"column\" data-e-type=\"column\">\r\n\t\t\t\t\t<div class=\"elementor-widget-wrap elementor-element-populated\">\r\n\t\t\t\t\t\t\t\t<div class=\"elementor-element elementor-element-63395fa7 elementor-widget elementor-widget-spacer\" data-id=\"63395fa7\" data-element_type=\"widget\" data-e-type=\"widget\" data-widget_type=\"spacer.default\">\n\t\t\t\t<div class=\"elementor-widget-container\">\n\t\t\t\t\t\t\t<div class=\"elementor-spacer\">\n\t\t\t<div class=\"elementor-spacer-inner\"><\/div>\n\t\t<\/div>\n\t\t\t\t\t\t<\/div>\n\t\t\t\t<\/div>\n\t\t\t\t<div class=\"elementor-element elementor-element-653c24b2 elementor-invisible elementor-widget elementor-widget-image\" data-id=\"653c24b2\" data-element_type=\"widget\" data-e-type=\"widget\" data-settings=\"{&quot;motion_fx_motion_fx_mouse&quot;:&quot;yes&quot;,&quot;motion_fx_tilt_effect&quot;:&quot;yes&quot;,&quot;_animation&quot;:&quot;fadeInLeft&quot;,&quot;motion_fx_tilt_speed&quot;:{&quot;unit&quot;:&quot;px&quot;,&quot;size&quot;:4,&quot;sizes&quot;:[]}}\" data-widget_type=\"image.default\">\n\t\t\t\t<div class=\"elementor-widget-container\">\n\t\t\t\t\t\t\t\t\t\t\t\t\t\t\t\t<a href=\"\/img\/site\/catalogo_aluminios_vallirana.pdf\">\n\t\t\t\t\t\t\t<img fetchpriority=\"high\" decoding=\"async\" width=\"400\" height=\"560\" src=\"https:\/\/aluminiosvallirana.es\/wp-content\/uploads\/2022\/12\/catalogo-aluminios-vallirana-400x560.png\" class=\"elementor-animation-grow attachment-blog-masonry-small size-blog-masonry-small wp-image-4812\" alt=\"\" \/>\t\t\t\t\t\t\t\t<\/a>\n\t\t\t\t\t\t\t\t\t\t\t\t\t\t\t<\/div>\n\t\t\t\t<\/div>\n\t\t\t\t<div class=\"elementor-element elementor-element-5835a76a elementor-widget elementor-widget-spacer\" data-id=\"5835a76a\" data-element_type=\"widget\" data-e-type=\"widget\" data-widget_type=\"spacer.default\">\n\t\t\t\t<div class=\"elementor-widget-container\">\n\t\t\t\t\t\t\t<div class=\"elementor-spacer\">\n\t\t\t<div class=\"elementor-spacer-inner\"><\/div>\n\t\t<\/div>\n\t\t\t\t\t\t<\/div>\n\t\t\t\t<\/div>\n\t\t\t\t\t<\/div>\r\n\t\t\t\t<\/div>\r\n\t\t\t\t<div class=\"elementor-column elementor-col-50 elementor-top-column elementor-element elementor-element-eaaab47\" data-id=\"eaaab47\" data-element_type=\"column\" data-e-type=\"column\">\r\n\t\t\t\t\t<div class=\"elementor-widget-wrap elementor-element-populated\">\r\n\t\t\t\t\t\t\t\t<div class=\"elementor-element elementor-element-8a35a99 elementor-widget elementor-widget-spacer\" data-id=\"8a35a99\" data-element_type=\"widget\" data-e-type=\"widget\" data-widget_type=\"spacer.default\">\n\t\t\t\t<div class=\"elementor-widget-container\">\n\t\t\t\t\t\t\t<div class=\"elementor-spacer\">\n\t\t\t<div class=\"elementor-spacer-inner\"><\/div>\n\t\t<\/div>\n\t\t\t\t\t\t<\/div>\n\t\t\t\t<\/div>\n\t\t\t\t<div class=\"elementor-element elementor-element-4cfea65f elementor-widget elementor-widget-heading\" data-id=\"4cfea65f\" data-element_type=\"widget\" data-e-type=\"widget\" data-widget_type=\"heading.default\">\n\t\t\t\t<div class=\"elementor-widget-container\">\n\t\t\t\t\t<h2 class=\"elementor-heading-title elementor-size-default\">NOUS SOMMES FABRICANTS DE COURBE<\/h2>\t\t\t\t<\/div>\n\t\t\t\t<\/div>\n\t\t\t\t<section class=\"elementor-section elementor-inner-section elementor-element elementor-element-3e83a52 elementor-section-boxed elementor-section-height-default elementor-section-height-default\" data-id=\"3e83a52\" data-element_type=\"section\" data-e-type=\"section\">\r\n\t\t\r\n\t\t\t\t\t\t\t<div class=\"elementor-container elementor-column-gap-default\">\r\n\t\t\t\t\t\t\t\t\t\t\t<div class=\"elementor-column elementor-col-50 elementor-inner-column elementor-element elementor-element-101a1059\" data-id=\"101a1059\" data-element_type=\"column\" data-e-type=\"column\">\r\n\t\t\t\t\t<div class=\"elementor-widget-wrap elementor-element-populated\">\r\n\t\t\t\t\t\t\t\t<div class=\"elementor-element elementor-element-9c009fa elementor-widget elementor-widget-text-editor\" data-id=\"9c009fa\" data-element_type=\"widget\" data-e-type=\"widget\" data-widget_type=\"text-editor.default\">\n\t\t\t\t<div class=\"elementor-widget-container\">\n\t\t\t\t\t\t\t\t\t<p>Si vous avez besoin de tout type de pliage d'aluminium, nous sommes des fabricants. Nous fabriquons notre propre aluminium courb\u00e9 pour les installateurs ind\u00e9pendants ou nous avons nos propres installateurs d'aluminium courb\u00e9. Nous pouvons installer des fen\u00eatres en aluminium, nous pouvons installer des cl\u00f4tures en aluminium, des portails, des hublots, des volets et des treillis, entre autres.<\/p>\t\t\t\t\t\t\t\t<\/div>\n\t\t\t\t<\/div>\n\t\t\t\t<div class=\"elementor-element elementor-element-57347edd e-transform elementor-invisible elementor-widget elementor-widget-button\" data-id=\"57347edd\" data-element_type=\"widget\" data-e-type=\"widget\" data-settings=\"{&quot;_animation&quot;:&quot;fadeIn&quot;,&quot;_transform_rotateZ_effect_hover&quot;:{&quot;unit&quot;:&quot;px&quot;,&quot;size&quot;:&quot;&quot;,&quot;sizes&quot;:[]},&quot;_transform_rotateZ_effect_hover_laptop&quot;:{&quot;unit&quot;:&quot;deg&quot;,&quot;size&quot;:&quot;&quot;,&quot;sizes&quot;:[]},&quot;_transform_rotateZ_effect_hover_tablet&quot;:{&quot;unit&quot;:&quot;deg&quot;,&quot;size&quot;:&quot;&quot;,&quot;sizes&quot;:[]},&quot;_transform_rotateZ_effect_hover_mobile&quot;:{&quot;unit&quot;:&quot;deg&quot;,&quot;size&quot;:&quot;&quot;,&quot;sizes&quot;:[]}}\" data-widget_type=\"button.default\">\n\t\t\t\t<div class=\"elementor-widget-container\">\n\t\t\t\t\t\t\t\t\t<div class=\"elementor-button-wrapper\">\n\t\t\t\t\t<a class=\"elementor-button elementor-button-link elementor-size-sm elementor-animation-pulse-grow\" href=\"\/img\/site\/catalogo_aluminios_vallirana.pdf\">\n\t\t\t\t\t\t<span class=\"elementor-button-content-wrapper\">\n\t\t\t\t\t\t\t\t\t<span class=\"elementor-button-text\">DESCARGA NUESTRO CAT\u00c1LOGO<\/span>\n\t\t\t\t\t<\/span>\n\t\t\t\t\t<\/a>\n\t\t\t\t<\/div>\n\t\t\t\t\t\t\t\t<\/div>\n\t\t\t\t<\/div>\n\t\t\t\t<div class=\"elementor-element elementor-element-929caf7 e-transform elementor-invisible elementor-widget elementor-widget-button\" data-id=\"929caf7\" data-element_type=\"widget\" data-e-type=\"widget\" data-settings=\"{&quot;_animation&quot;:&quot;fadeIn&quot;,&quot;_transform_rotateZ_effect_hover&quot;:{&quot;unit&quot;:&quot;px&quot;,&quot;size&quot;:&quot;&quot;,&quot;sizes&quot;:[]},&quot;_transform_rotateZ_effect_hover_laptop&quot;:{&quot;unit&quot;:&quot;deg&quot;,&quot;size&quot;:&quot;&quot;,&quot;sizes&quot;:[]},&quot;_transform_rotateZ_effect_hover_tablet&quot;:{&quot;unit&quot;:&quot;deg&quot;,&quot;size&quot;:&quot;&quot;,&quot;sizes&quot;:[]},&quot;_transform_rotateZ_effect_hover_mobile&quot;:{&quot;unit&quot;:&quot;deg&quot;,&quot;size&quot;:&quot;&quot;,&quot;sizes&quot;:[]}}\" data-widget_type=\"button.default\">\n\t\t\t\t<div class=\"elementor-widget-container\">\n\t\t\t\t\t\t\t\t\t<div class=\"elementor-button-wrapper\">\n\t\t\t\t\t<a class=\"elementor-button elementor-button-link elementor-size-sm elementor-animation-pulse-grow\" href=\"\/multimedia\/catalogos\/catalogo_ventana_guillotina_minimalista_skyline_web.pdf\">\n\t\t\t\t\t\t<span class=\"elementor-button-content-wrapper\">\n\t\t\t\t\t\t\t\t\t<span class=\"elementor-button-text\">DESCARGA EL NUEVO CAT\u00c1LOGO AV- SKYLINE<\/span>\n\t\t\t\t\t<\/span>\n\t\t\t\t\t<\/a>\n\t\t\t\t<\/div>\n\t\t\t\t\t\t\t\t<\/div>\n\t\t\t\t<\/div>\n\t\t\t\t\t<\/div>\r\n\t\t\t\t<\/div>\r\n\t\t\t\t<div class=\"elementor-column elementor-col-50 elementor-inner-column elementor-element elementor-element-5be6f7f4\" data-id=\"5be6f7f4\" data-element_type=\"column\" data-e-type=\"column\">\r\n\t\t\t\t\t<div class=\"elementor-widget-wrap elementor-element-populated\">\r\n\t\t\t\t\t\t\t\t<div class=\"elementor-element elementor-element-65366056 elementor-widget elementor-widget-text-editor\" data-id=\"65366056\" data-element_type=\"widget\" data-e-type=\"widget\" data-widget_type=\"text-editor.default\">\n\t\t\t\t<div class=\"elementor-widget-container\">\n\t\t\t\t\t\t\t\t\t<p>Nous distribuons tout notre aluminium courb\u00e9 \u00e0 Barcelone, en Catalogne et en Espagne. Nous r\u00e9alisons \u00e9galement toutes sortes d'exportations de pliage d'aluminium. N'h\u00e9sitez pas \u00e0 consulter un budget pour les fen\u00eatres en aluminium, un budget pour les cl\u00f4tures en aluminium ou tout autre budget pour l'aluminium courb\u00e9.<\/p>\t\t\t\t\t\t\t\t<\/div>\n\t\t\t\t<\/div>\n\t\t\t\t\t<\/div>\r\n\t\t\t\t<\/div>\r\n\t\t\t\t\t<\/div>\r\n\t\t\t\t<\/section>\r\n\t\t\t\t\t<\/div>\r\n\t\t\t\t<\/div>\r\n\t\t\t\t\t<\/div>\r\n\t\t\t\t<\/section>\r\n\t\t\t\t<section class=\"porto-full-no-gap elementor-section elementor-top-section elementor-element elementor-element-728abb64 elementor-section-full_width elementor-section-height-default elementor-section-height-default\" data-id=\"728abb64\" data-element_type=\"section\" data-e-type=\"section\" data-settings=\"{&quot;background_background&quot;:&quot;classic&quot;}\">\r\n\t\t\t\t\t\t<div class=\"elementor-background-overlay\"><\/div>\r\n\t\t\t\r\n\t\t\t\t\t\t\t<div class=\"elementor-container elementor-column-gap-no\">\r\n\t\t\t\t\t\t\t\t\t\t\t<div class=\"elementor-column elementor-col-100 elementor-top-column elementor-element elementor-element-519512f\" data-id=\"519512f\" data-element_type=\"column\" data-e-type=\"column\">\r\n\t\t\t\t\t<div class=\"elementor-widget-wrap\">\r\n\t\t\t\t\t\t\t\t\t<\/div>\r\n\t\t\t\t<\/div>\r\n\t\t\t\t\t<\/div>\r\n\t\t\t\t<\/section>\r\n\t\t\t\t<section class=\"elementor-section elementor-top-section elementor-element elementor-element-5d05b608 elementor-section-content-middle elementor-section-boxed elementor-section-height-default elementor-section-height-default\" data-id=\"5d05b608\" data-element_type=\"section\" data-e-type=\"section\" data-settings=\"{&quot;background_background&quot;:&quot;classic&quot;}\">\r\n\t\t\t\t\t\t<div class=\"elementor-background-overlay\"><\/div>\r\n\t\t\t\r\n\t\t\t\t\t\t\t<div class=\"elementor-container elementor-column-gap-no\">\r\n\t\t\t\t\t\t\t\t\t\t\t<div class=\"elementor-column elementor-col-100 elementor-top-column elementor-element elementor-element-1614e30\" data-id=\"1614e30\" data-element_type=\"column\" data-e-type=\"column\">\r\n\t\t\t\t\t<div class=\"elementor-widget-wrap elementor-element-populated\">\r\n\t\t\t\t\t\t\t\t<div class=\"elementor-element elementor-element-4a3be488 elementor-widget elementor-widget-spacer\" data-id=\"4a3be488\" data-element_type=\"widget\" data-e-type=\"widget\" data-widget_type=\"spacer.default\">\n\t\t\t\t<div class=\"elementor-widget-container\">\n\t\t\t\t\t\t\t<div class=\"elementor-spacer\">\n\t\t\t<div class=\"elementor-spacer-inner\"><\/div>\n\t\t<\/div>\n\t\t\t\t\t\t<\/div>\n\t\t\t\t<\/div>\n\t\t\t\t<div class=\"elementor-element elementor-element-61634c4d elementor-widget__width-initial elementor-widget-mobile__width-inherit elementor-widget elementor-widget-heading\" data-id=\"61634c4d\" data-element_type=\"widget\" data-e-type=\"widget\" data-widget_type=\"heading.default\">\n\t\t\t\t<div class=\"elementor-widget-container\">\n\t\t\t\t\t<h2 class=\"elementor-heading-title elementor-size-default\">Nous distribuons notre aluminium courb\u00e9 \u00e0 Barcelone, en Catalogne et en Espagne.<\/h2>\t\t\t\t<\/div>\n\t\t\t\t<\/div>\n\t\t\t\t<div class=\"elementor-element elementor-element-5981c9c4 elementor-widget__width-initial elementor-widget-mobile__width-inherit elementor-widget elementor-widget-text-editor\" data-id=\"5981c9c4\" data-element_type=\"widget\" data-e-type=\"widget\" data-widget_type=\"text-editor.default\">\n\t\t\t\t<div class=\"elementor-widget-container\">\n\t\t\t\t\t\t\t\t\t<p>Nous sommes sp\u00e9cialistes du cintrage de l'aluminium. Fabricant d'aluminium courb\u00e9, de volets, de treillis, de fen\u00eatres en aluminium et bien d'autres.<\/p>\t\t\t\t\t\t\t\t<\/div>\n\t\t\t\t<\/div>\n\t\t\t\t<div class=\"elementor-element elementor-element-5e8be06d elementor-widget elementor-widget-image\" data-id=\"5e8be06d\" data-element_type=\"widget\" data-e-type=\"widget\" data-widget_type=\"image.default\">\n\t\t\t\t<div class=\"elementor-widget-container\">\n\t\t\t\t\t\t\t\t\t\t\t\t\t\t\t<img decoding=\"async\" src=\"https:\/\/aluminiosvallirana.es\/wp-content\/uploads\/elementor\/thumbs\/foto-portada-web-pzvpqmslcsy090ukc7jvgjzmoyo1h80q7dao461t3c.jpg\" title=\"foto portada web\" alt=\"foto portada web\" loading=\"lazy\" \/>\t\t\t\t\t\t\t\t\t\t\t\t\t\t\t<\/div>\n\t\t\t\t<\/div>\n\t\t\t\t<section class=\"elementor-section elementor-inner-section elementor-element elementor-element-870a61e elementor-section-full_width elementor-section-height-default elementor-section-height-default\" data-id=\"870a61e\" data-element_type=\"section\" data-e-type=\"section\">\r\n\t\t\r\n\t\t\t\t\t\t\t<div class=\"elementor-container elementor-column-gap-default\">\r\n\t\t\t\t\t\t\t\t\t\t\t<div class=\"elementor-column elementor-col-33 elementor-inner-column elementor-element elementor-element-2c5482d8\" data-id=\"2c5482d8\" data-element_type=\"column\" data-e-type=\"column\">\r\n\t\t\t\t\t<div class=\"elementor-widget-wrap elementor-element-populated\">\r\n\t\t\t\t\t\t\t\t<div class=\"elementor-element elementor-element-fa45d10 elementor-view-default elementor-invisible elementor-widget elementor-widget-icon\" data-id=\"fa45d10\" data-element_type=\"widget\" data-e-type=\"widget\" data-settings=\"{&quot;_animation&quot;:&quot;fadeInDown&quot;}\" data-widget_type=\"icon.default\">\n\t\t\t\t<div class=\"elementor-widget-container\">\n\t\t\t\t\t\t\t<div class=\"elementor-icon-wrapper\">\n\t\t\t<div class=\"elementor-icon\">\n\t\t\t<i aria-hidden=\"true\" class=\"Simple-Line-Icons-badge\"><\/i>\t\t\t<\/div>\n\t\t<\/div>\n\t\t\t\t\t\t<\/div>\n\t\t\t\t<\/div>\n\t\t\t\t<div class=\"elementor-element elementor-element-6fce343c elementor-widget elementor-widget-image-box\" data-id=\"6fce343c\" data-element_type=\"widget\" data-e-type=\"widget\" data-widget_type=\"image-box.default\">\n\t\t\t\t<div class=\"elementor-widget-container\">\n\t\t\t\t\t<div class=\"elementor-image-box-wrapper\"><div class=\"elementor-image-box-content\"><h4 class=\"elementor-image-box-title\">NOUS SOMMES FABRICANTS<\/h4><p class=\"elementor-image-box-description\">Fabricaci\u00f3n propia de todo tipo de carpinter\u00eda de aluminio y curvados.<\/p><\/div><\/div>\t\t\t\t<\/div>\n\t\t\t\t<\/div>\n\t\t\t\t\t<\/div>\r\n\t\t\t\t<\/div>\r\n\t\t\t\t<div class=\"elementor-column elementor-col-33 elementor-inner-column elementor-element elementor-element-17b3ead2\" data-id=\"17b3ead2\" data-element_type=\"column\" data-e-type=\"column\">\r\n\t\t\t\t\t<div class=\"elementor-widget-wrap elementor-element-populated\">\r\n\t\t\t\t\t\t\t\t<div class=\"elementor-element elementor-element-2f16e98 elementor-view-default elementor-invisible elementor-widget elementor-widget-icon\" data-id=\"2f16e98\" data-element_type=\"widget\" data-e-type=\"widget\" data-settings=\"{&quot;_animation&quot;:&quot;fadeInDown&quot;}\" data-widget_type=\"icon.default\">\n\t\t\t\t<div class=\"elementor-widget-container\">\n\t\t\t\t\t\t\t<div class=\"elementor-icon-wrapper\">\n\t\t\t<div class=\"elementor-icon\">\n\t\t\t<i aria-hidden=\"true\" class=\"Simple-Line-Icons-wrench\"><\/i>\t\t\t<\/div>\n\t\t<\/div>\n\t\t\t\t\t\t<\/div>\n\t\t\t\t<\/div>\n\t\t\t\t<div class=\"elementor-element elementor-element-5b401e7f elementor-widget elementor-widget-image-box\" data-id=\"5b401e7f\" data-element_type=\"widget\" data-e-type=\"widget\" data-widget_type=\"image-box.default\">\n\t\t\t\t<div class=\"elementor-widget-container\">\n\t\t\t\t\t<div class=\"elementor-image-box-wrapper\"><div class=\"elementor-image-box-content\"><h4 class=\"elementor-image-box-title\">SERVICES D'INSTALLATION<\/h4><p class=\"elementor-image-box-description\">Nous offrons notre propre service d'installation en Catalogne.<\/p><\/div><\/div>\t\t\t\t<\/div>\n\t\t\t\t<\/div>\n\t\t\t\t\t<\/div>\r\n\t\t\t\t<\/div>\r\n\t\t\t\t<div class=\"elementor-column elementor-col-33 elementor-inner-column elementor-element elementor-element-54e4dcc2\" data-id=\"54e4dcc2\" data-element_type=\"column\" data-e-type=\"column\">\r\n\t\t\t\t\t<div class=\"elementor-widget-wrap elementor-element-populated\">\r\n\t\t\t\t\t\t\t\t<div class=\"elementor-element elementor-element-575d0a7 elementor-view-default elementor-invisible elementor-widget elementor-widget-icon\" data-id=\"575d0a7\" data-element_type=\"widget\" data-e-type=\"widget\" data-settings=\"{&quot;_animation&quot;:&quot;fadeInDown&quot;}\" data-widget_type=\"icon.default\">\n\t\t\t\t<div class=\"elementor-widget-container\">\n\t\t\t\t\t\t\t<div class=\"elementor-icon-wrapper\">\n\t\t\t<div class=\"elementor-icon\">\n\t\t\t<i aria-hidden=\"true\" class=\"porto-icon-support\"><\/i>\t\t\t<\/div>\n\t\t<\/div>\n\t\t\t\t\t\t<\/div>\n\t\t\t\t<\/div>\n\t\t\t\t<div class=\"elementor-element elementor-element-5edafe6f elementor-widget elementor-widget-image-box\" data-id=\"5edafe6f\" data-element_type=\"widget\" data-e-type=\"widget\" data-widget_type=\"image-box.default\">\n\t\t\t\t<div class=\"elementor-widget-container\">\n\t\t\t\t\t<div class=\"elementor-image-box-wrapper\"><div class=\"elementor-image-box-content\"><h4 class=\"elementor-image-box-title\">BUDGET EN 24 HEURES<\/h4><p class=\"elementor-image-box-description\">Solicita tu presupuesto y te daremos respuesta en menos de 24 horas.<\/p><\/div><\/div>\t\t\t\t<\/div>\n\t\t\t\t<\/div>\n\t\t\t\t\t<\/div>\r\n\t\t\t\t<\/div>\r\n\t\t\t\t\t<\/div>\r\n\t\t\t\t<\/section>\r\n\t\t\t\t\t<\/div>\r\n\t\t\t\t<\/div>\r\n\t\t\t\t\t<\/div>\r\n\t\t\t\t<\/section>\r\n\t\t\t\t<section class=\"porto-full-no-gap elementor-section elementor-top-section elementor-element elementor-element-462951ed elementor-section-full_width elementor-section-height-default elementor-section-height-default\" data-id=\"462951ed\" data-element_type=\"section\" data-e-type=\"section\" data-settings=\"{&quot;background_background&quot;:&quot;classic&quot;}\">\r\n\t\t\t\t\t\t<div class=\"elementor-background-overlay\"><\/div>\r\n\t\t\t\r\n\t\t\t\t\t\t\t<div class=\"elementor-container elementor-column-gap-no\">\r\n\t\t\t\t\t\t\t\t\t\t\t<div class=\"elementor-column elementor-col-100 elementor-top-column elementor-element elementor-element-5611f06\" data-id=\"5611f06\" data-element_type=\"column\" data-e-type=\"column\">\r\n\t\t\t\t\t<div class=\"elementor-widget-wrap\">\r\n\t\t\t\t\t\t\t\t\t<\/div>\r\n\t\t\t\t<\/div>\r\n\t\t\t\t\t<\/div>\r\n\t\t\t\t<\/section>\r\n\t\t\t\t<section class=\"elementor-section elementor-top-section elementor-element elementor-element-4d6d2ba elementor-section-content-middle elementor-section-boxed elementor-section-height-default elementor-section-height-default\" data-id=\"4d6d2ba\" data-element_type=\"section\" data-e-type=\"section\" data-settings=\"{&quot;background_background&quot;:&quot;classic&quot;}\">\r\n\t\t\t\t\t\t<div class=\"elementor-background-overlay\"><\/div>\r\n\t\t\t\r\n\t\t\t\t\t\t\t<div class=\"elementor-container elementor-column-gap-no\">\r\n\t\t\t\t\t\t\t\t\t\t\t<div class=\"elementor-column elementor-col-100 elementor-top-column elementor-element elementor-element-1c3855e6\" data-id=\"1c3855e6\" data-element_type=\"column\" data-e-type=\"column\">\r\n\t\t\t\t\t<div class=\"elementor-widget-wrap elementor-element-populated\">\r\n\t\t\t\t\t\t\t\t<div class=\"elementor-element elementor-element-e9bd3ab elementor-widget elementor-widget-heading\" data-id=\"e9bd3ab\" data-element_type=\"widget\" data-e-type=\"widget\" data-widget_type=\"heading.default\">\n\t\t\t\t<div class=\"elementor-widget-container\">\n\t\t\t\t\t<h2 class=\"elementor-heading-title elementor-size-default\">NOS PRODUITS<\/h2>\t\t\t\t<\/div>\n\t\t\t\t<\/div>\n\t\t\t\t<div class=\"elementor-element elementor-element-7199643a elementor-widget-divider--view-line elementor-widget elementor-widget-divider\" data-id=\"7199643a\" data-element_type=\"widget\" data-e-type=\"widget\" data-widget_type=\"divider.default\">\n\t\t\t\t<div class=\"elementor-widget-container\">\n\t\t\t\t\t\t\t<div class=\"elementor-divider\">\n\t\t\t<span class=\"elementor-divider-separator\">\n\t\t\t\t\t\t<\/span>\n\t\t<\/div>\n\t\t\t\t\t\t<\/div>\n\t\t\t\t<\/div>\n\t\t\t\t<section class=\"elementor-section elementor-inner-section elementor-element elementor-element-b8ddd4f elementor-section-boxed elementor-section-height-default elementor-section-height-default elementor-invisible\" data-id=\"b8ddd4f\" data-element_type=\"section\" data-e-type=\"section\" data-settings=\"{&quot;animation&quot;:&quot;fadeInLeft&quot;}\">\r\n\t\t\r\n\t\t\t\t\t\t\t<div class=\"elementor-container elementor-column-gap-no\">\r\n\t\t\t\t\t\t\t\t\t\t\t<div class=\"elementor-column elementor-col-33 elementor-inner-column elementor-element elementor-element-45bc804\" data-id=\"45bc804\" data-element_type=\"column\" data-e-type=\"column\">\r\n\t\t\t\t\t<div class=\"elementor-widget-wrap elementor-element-populated\">\r\n\t\t\t\t\t\t\t\t<div class=\"elementor-element elementor-element-25b5ab72 elementor-invisible elementor-widget elementor-widget-image\" data-id=\"25b5ab72\" data-element_type=\"widget\" data-e-type=\"widget\" data-settings=\"{&quot;_animation&quot;:&quot;pulse&quot;}\" data-widget_type=\"image.default\">\n\t\t\t\t<div class=\"elementor-widget-container\">\n\t\t\t\t\t\t\t\t\t\t\t\t\t\t\t\t<a href=\"https:\/\/aluminiosvallirana.es\/fr\/categorias\/aluminio-curvado-barato\/\">\n\t\t\t\t\t\t\t<img decoding=\"async\" width=\"400\" height=\"300\" src=\"https:\/\/aluminiosvallirana.es\/wp-content\/uploads\/2022\/11\/IMG_1213-2-400x300.jpg\" class=\"attachment-blog-grid-small size-blog-grid-small wp-image-3750\" alt=\"\" \/>\t\t\t\t\t\t\t\t<\/a>\n\t\t\t\t\t\t\t\t\t\t\t\t\t\t\t<\/div>\n\t\t\t\t<\/div>\n\t\t\t\t<div class=\"elementor-element elementor-element-d4e62fc elementor-widget elementor-widget-heading\" data-id=\"d4e62fc\" data-element_type=\"widget\" data-e-type=\"widget\" data-widget_type=\"heading.default\">\n\t\t\t\t<div class=\"elementor-widget-container\">\n\t\t\t\t\t<h3 class=\"elementor-heading-title elementor-size-default\"><a href=\"https:\/\/aluminiosvallirana.es\/fr\/categorias\/aluminio-curvado-barato\/\">ALUMINIUM COURB\u00c9<\/a><\/h3>\t\t\t\t<\/div>\n\t\t\t\t<\/div>\n\t\t\t\t<div class=\"elementor-element elementor-element-75174541 elementor-widget elementor-widget-text-editor\" data-id=\"75174541\" data-element_type=\"widget\" data-e-type=\"widget\" data-widget_type=\"text-editor.default\">\n\t\t\t\t<div class=\"elementor-widget-container\">\n\t\t\t\t\t\t\t\t\t<p><a href=\"https:\/\/aluminiosvallirana.es\/fr\/categorias\/aluminio-curvado-barato\/\">Nous sommes sp\u00e9cialistes du cintrage et de la fabrication d'aluminium cintr\u00e9, nous sommes \u00e9galement fabricants d'aluminium cintr\u00e9.<\/a><\/p>\t\t\t\t\t\t\t\t<\/div>\n\t\t\t\t<\/div>\n\t\t\t\t\t<\/div>\r\n\t\t\t\t<\/div>\r\n\t\t\t\t<div class=\"elementor-column elementor-col-33 elementor-inner-column elementor-element elementor-element-14dd222\" data-id=\"14dd222\" data-element_type=\"column\" data-e-type=\"column\">\r\n\t\t\t\t\t<div class=\"elementor-widget-wrap elementor-element-populated\">\r\n\t\t\t\t\t\t\t\t<div class=\"elementor-element elementor-element-3637ceff elementor-widget elementor-widget-image\" data-id=\"3637ceff\" data-element_type=\"widget\" data-e-type=\"widget\" data-widget_type=\"image.default\">\n\t\t\t\t<div class=\"elementor-widget-container\">\n\t\t\t\t\t\t\t\t\t\t\t\t\t\t\t\t<a href=\"https:\/\/aluminiosvallirana.es\/fr\/productos\/ojos-de-buey\/\">\n\t\t\t\t\t\t\t<img decoding=\"async\" width=\"400\" height=\"300\" src=\"https:\/\/aluminiosvallirana.es\/wp-content\/uploads\/2022\/11\/ojos-de-buey-apertura-total-1-400x300.jpg\" class=\"attachment-blog-grid-small size-blog-grid-small wp-image-3761\" alt=\"\" \/>\t\t\t\t\t\t\t\t<\/a>\n\t\t\t\t\t\t\t\t\t\t\t\t\t\t\t<\/div>\n\t\t\t\t<\/div>\n\t\t\t\t<div class=\"elementor-element elementor-element-4cb5f62 elementor-widget elementor-widget-heading\" data-id=\"4cb5f62\" data-element_type=\"widget\" data-e-type=\"widget\" data-widget_type=\"heading.default\">\n\t\t\t\t<div class=\"elementor-widget-container\">\n\t\t\t\t\t<h3 class=\"elementor-heading-title elementor-size-default\"><a href=\"https:\/\/aluminiosvallirana.es\/fr\/productos\/ojos-de-buey\/\">HUBLOTS<\/a><\/h3>\t\t\t\t<\/div>\n\t\t\t\t<\/div>\n\t\t\t\t<div class=\"elementor-element elementor-element-7b07423 elementor-widget elementor-widget-text-editor\" data-id=\"7b07423\" data-element_type=\"widget\" data-e-type=\"widget\" data-widget_type=\"text-editor.default\">\n\t\t\t\t<div class=\"elementor-widget-container\">\n\t\t\t\t\t\t\t\t\t<p><a href=\"https:\/\/aluminiosvallirana.es\/fr\/productos\/ojos-de-buey\/\">Nous sommes des fabricants leaders dans la fabrication de hublots en aluminium.<\/a><\/p>\t\t\t\t\t\t\t\t<\/div>\n\t\t\t\t<\/div>\n\t\t\t\t\t<\/div>\r\n\t\t\t\t<\/div>\r\n\t\t\t\t<div class=\"elementor-column elementor-col-33 elementor-inner-column elementor-element elementor-element-ef1f010\" data-id=\"ef1f010\" data-element_type=\"column\" data-e-type=\"column\">\r\n\t\t\t\t\t<div class=\"elementor-widget-wrap elementor-element-populated\">\r\n\t\t\t\t\t\t\t\t<div class=\"elementor-element elementor-element-5cb669a elementor-invisible elementor-widget elementor-widget-image\" data-id=\"5cb669a\" data-element_type=\"widget\" data-e-type=\"widget\" data-settings=\"{&quot;_animation&quot;:&quot;pulse&quot;}\" data-widget_type=\"image.default\">\n\t\t\t\t<div class=\"elementor-widget-container\">\n\t\t\t\t\t\t\t\t\t\t\t\t\t\t\t\t<a href=\"https:\/\/aluminiosvallirana.es\/fr\/categorias\/ventanas-guillotina-aluminio\/\">\n\t\t\t\t\t\t\t<img loading=\"lazy\" decoding=\"async\" width=\"400\" height=\"300\" src=\"https:\/\/aluminiosvallirana.es\/wp-content\/uploads\/2022\/11\/Guillotinas-AV-110-RPT-obra-May-Altafulla-Beach-Boutique-Hotel-1-400x300.jpg\" class=\"attachment-blog-grid-small size-blog-grid-small wp-image-3751\" alt=\"\" \/>\t\t\t\t\t\t\t\t<\/a>\n\t\t\t\t\t\t\t\t\t\t\t\t\t\t\t<\/div>\n\t\t\t\t<\/div>\n\t\t\t\t<div class=\"elementor-element elementor-element-c63be48 elementor-widget elementor-widget-heading\" data-id=\"c63be48\" data-element_type=\"widget\" data-e-type=\"widget\" data-widget_type=\"heading.default\">\n\t\t\t\t<div class=\"elementor-widget-container\">\n\t\t\t\t\t<h3 class=\"elementor-heading-title elementor-size-default\"><a href=\"https:\/\/aluminiosvallirana.es\/fr\/categorias\/ventanas-guillotina-aluminio\/\">FEN\u00caTRES \u00c0 GUILLOTINE EN ALUMINIUM<\/a><\/h3>\t\t\t\t<\/div>\n\t\t\t\t<\/div>\n\t\t\t\t<div class=\"elementor-element elementor-element-5e502f44 elementor-widget elementor-widget-text-editor\" data-id=\"5e502f44\" data-element_type=\"widget\" data-e-type=\"widget\" data-widget_type=\"text-editor.default\">\n\t\t\t\t<div class=\"elementor-widget-container\">\n\t\t\t\t\t\t\t\t\t<p><a href=\"https:\/\/aluminiosvallirana.es\/fr\/categorias\/ventanas-guillotina-aluminio\/\">Ici, vous pouvez acheter des fen\u00eatres \u00e0 guillotine bon march\u00e9. Nous sommes fabricants de fen\u00eatres \u00e0 guillotine.<\/a><\/p>\t\t\t\t\t\t\t\t<\/div>\n\t\t\t\t<\/div>\n\t\t\t\t\t<\/div>\r\n\t\t\t\t<\/div>\r\n\t\t\t\t\t<\/div>\r\n\t\t\t\t<\/section>\r\n\t\t\t\t<section class=\"elementor-section elementor-inner-section elementor-element elementor-element-33d55779 elementor-section-boxed elementor-section-height-default elementor-section-height-default elementor-invisible\" data-id=\"33d55779\" data-element_type=\"section\" data-e-type=\"section\" data-settings=\"{&quot;animation&quot;:&quot;fadeInLeft&quot;}\">\r\n\t\t\r\n\t\t\t\t\t\t\t<div class=\"elementor-container elementor-column-gap-no\">\r\n\t\t\t\t\t\t\t\t\t\t\t<div class=\"elementor-column elementor-col-25 elementor-inner-column elementor-element elementor-element-764c0730\" data-id=\"764c0730\" data-element_type=\"column\" data-e-type=\"column\">\r\n\t\t\t\t\t<div class=\"elementor-widget-wrap elementor-element-populated\">\r\n\t\t\t\t\t\t\t\t<div class=\"elementor-element elementor-element-16689992 elementor-widget elementor-widget-image\" data-id=\"16689992\" data-element_type=\"widget\" data-e-type=\"widget\" data-widget_type=\"image.default\">\n\t\t\t\t<div class=\"elementor-widget-container\">\n\t\t\t\t\t\t\t\t\t\t\t\t\t\t\t\t<a href=\"https:\/\/aluminiosvallirana.es\/fr\/categorias\/venta-de-mallorquinas-baratas\/\">\n\t\t\t\t\t\t\t<img loading=\"lazy\" decoding=\"async\" width=\"1024\" height=\"768\" src=\"https:\/\/aluminiosvallirana.es\/wp-content\/uploads\/2022\/11\/Mallorquinas-correderas-5-1024x768.jpg\" class=\"attachment-large size-large wp-image-3752\" alt=\"\" srcset=\"https:\/\/aluminiosvallirana.es\/wp-content\/uploads\/2022\/11\/Mallorquinas-correderas-5-1024x768.jpg 1024w, https:\/\/aluminiosvallirana.es\/wp-content\/uploads\/2022\/11\/Mallorquinas-correderas-5-768x576.jpg 768w, https:\/\/aluminiosvallirana.es\/wp-content\/uploads\/2022\/11\/Mallorquinas-correderas-5-463x348.jpg 463w, https:\/\/aluminiosvallirana.es\/wp-content\/uploads\/2022\/11\/Mallorquinas-correderas-5-640x480.jpg 640w, https:\/\/aluminiosvallirana.es\/wp-content\/uploads\/2022\/11\/Mallorquinas-correderas-5-400x300.jpg 400w, https:\/\/aluminiosvallirana.es\/wp-content\/uploads\/2022\/11\/Mallorquinas-correderas-5-600x450.jpg 600w\" sizes=\"(max-width: 1024px) 100vw, 1024px\" \/>\t\t\t\t\t\t\t\t<\/a>\n\t\t\t\t\t\t\t\t\t\t\t\t\t\t\t<\/div>\n\t\t\t\t<\/div>\n\t\t\t\t<div class=\"elementor-element elementor-element-52c7050d elementor-widget elementor-widget-heading\" data-id=\"52c7050d\" data-element_type=\"widget\" data-e-type=\"widget\" data-widget_type=\"heading.default\">\n\t\t\t\t<div class=\"elementor-widget-container\">\n\t\t\t\t\t<h4 class=\"elementor-heading-title elementor-size-default\"><a href=\"https:\/\/aluminiosvallirana.es\/fr\/categorias\/venta-de-mallorquinas-baratas\/\">VOLETS BATTANTS<\/a><\/h4>\t\t\t\t<\/div>\n\t\t\t\t<\/div>\n\t\t\t\t<div class=\"elementor-element elementor-element-5d42a1b8 elementor-widget elementor-widget-text-editor\" data-id=\"5d42a1b8\" data-element_type=\"widget\" data-e-type=\"widget\" data-widget_type=\"text-editor.default\">\n\t\t\t\t<div class=\"elementor-widget-container\">\n\t\t\t\t\t\t\t\t\t<p><a href=\"https:\/\/aluminiosvallirana.es\/fr\/categorias\/venta-de-mallorquinas-baratas\/\">Fabricants directs de volets en aluminium \u00e9conomiques et performants.<\/a><\/p>\t\t\t\t\t\t\t\t<\/div>\n\t\t\t\t<\/div>\n\t\t\t\t\t<\/div>\r\n\t\t\t\t<\/div>\r\n\t\t\t\t<div class=\"elementor-column elementor-col-25 elementor-inner-column elementor-element elementor-element-fd4fd5\" data-id=\"fd4fd5\" data-element_type=\"column\" data-e-type=\"column\">\r\n\t\t\t\t\t<div class=\"elementor-widget-wrap elementor-element-populated\">\r\n\t\t\t\t\t\t\t\t<div class=\"elementor-element elementor-element-33f891a5 elementor-widget elementor-widget-image\" data-id=\"33f891a5\" data-element_type=\"widget\" data-e-type=\"widget\" data-widget_type=\"image.default\">\n\t\t\t\t<div class=\"elementor-widget-container\">\n\t\t\t\t\t\t\t\t\t\t\t\t\t\t\t\t<a href=\"https:\/\/aluminiosvallirana.es\/fr\/categorias\/vallas-aluminio\/\">\n\t\t\t\t\t\t\t<img loading=\"lazy\" decoding=\"async\" width=\"1024\" height=\"768\" src=\"https:\/\/aluminiosvallirana.es\/wp-content\/uploads\/2022\/11\/20210909_160839-scaled-1-1024x768.jpg\" class=\"attachment-large size-large wp-image-3757\" alt=\"\" srcset=\"https:\/\/aluminiosvallirana.es\/wp-content\/uploads\/2022\/11\/20210909_160839-scaled-1-1024x768.jpg 1024w, https:\/\/aluminiosvallirana.es\/wp-content\/uploads\/2022\/11\/20210909_160839-scaled-1-768x576.jpg 768w, https:\/\/aluminiosvallirana.es\/wp-content\/uploads\/2022\/11\/20210909_160839-scaled-1-463x348.jpg 463w, https:\/\/aluminiosvallirana.es\/wp-content\/uploads\/2022\/11\/20210909_160839-scaled-1-640x480.jpg 640w, https:\/\/aluminiosvallirana.es\/wp-content\/uploads\/2022\/11\/20210909_160839-scaled-1-400x300.jpg 400w, https:\/\/aluminiosvallirana.es\/wp-content\/uploads\/2022\/11\/20210909_160839-scaled-1-600x450.jpg 600w\" sizes=\"(max-width: 1024px) 100vw, 1024px\" \/>\t\t\t\t\t\t\t\t<\/a>\n\t\t\t\t\t\t\t\t\t\t\t\t\t\t\t<\/div>\n\t\t\t\t<\/div>\n\t\t\t\t<div class=\"elementor-element elementor-element-4d8e92f elementor-widget elementor-widget-heading\" data-id=\"4d8e92f\" data-element_type=\"widget\" data-e-type=\"widget\" data-widget_type=\"heading.default\">\n\t\t\t\t<div class=\"elementor-widget-container\">\n\t\t\t\t\t<h4 class=\"elementor-heading-title elementor-size-default\"><a href=\"https:\/\/aluminiosvallirana.es\/fr\/categorias\/vallas-aluminio\/\">CL\u00d4TURES EN ALUMINIUM<\/a><\/h4>\t\t\t\t<\/div>\n\t\t\t\t<\/div>\n\t\t\t\t<div class=\"elementor-element elementor-element-77ccf073 elementor-widget elementor-widget-text-editor\" data-id=\"77ccf073\" data-element_type=\"widget\" data-e-type=\"widget\" data-widget_type=\"text-editor.default\">\n\t\t\t\t<div class=\"elementor-widget-container\">\n\t\t\t\t\t\t\t\t\t<p><a href=\"https:\/\/aluminiosvallirana.es\/fr\/categorias\/vallas-aluminio\/\">Si vous recherchez une cl\u00f4ture de jardin, des cl\u00f4tures de terrasse, des cl\u00f4tures de maison, nous sommes fabricants de cl\u00f4tures.<\/a><\/p>\t\t\t\t\t\t\t\t<\/div>\n\t\t\t\t<\/div>\n\t\t\t\t\t<\/div>\r\n\t\t\t\t<\/div>\r\n\t\t\t\t<div class=\"elementor-column elementor-col-25 elementor-inner-column elementor-element elementor-element-3448644d\" data-id=\"3448644d\" data-element_type=\"column\" data-e-type=\"column\">\r\n\t\t\t\t\t<div class=\"elementor-widget-wrap elementor-element-populated\">\r\n\t\t\t\t\t\t\t\t<div class=\"elementor-element elementor-element-79c7e61 elementor-widget elementor-widget-image\" data-id=\"79c7e61\" data-element_type=\"widget\" data-e-type=\"widget\" data-widget_type=\"image.default\">\n\t\t\t\t<div class=\"elementor-widget-container\">\n\t\t\t\t\t\t\t\t\t\t\t\t\t\t\t\t<a href=\"https:\/\/aluminiosvallirana.es\/fr\/categorias\/cancelas\/\">\n\t\t\t\t\t\t\t<img loading=\"lazy\" decoding=\"async\" width=\"1024\" height=\"768\" src=\"https:\/\/aluminiosvallirana.es\/wp-content\/uploads\/2022\/11\/IMG-20171229-WA0021-1024x768.jpg\" class=\"attachment-large size-large wp-image-3759\" alt=\"\" srcset=\"https:\/\/aluminiosvallirana.es\/wp-content\/uploads\/2022\/11\/IMG-20171229-WA0021-1024x768.jpg 1024w, https:\/\/aluminiosvallirana.es\/wp-content\/uploads\/2022\/11\/IMG-20171229-WA0021-768x576.jpg 768w, https:\/\/aluminiosvallirana.es\/wp-content\/uploads\/2022\/11\/IMG-20171229-WA0021-463x348.jpg 463w, https:\/\/aluminiosvallirana.es\/wp-content\/uploads\/2022\/11\/IMG-20171229-WA0021-640x480.jpg 640w, https:\/\/aluminiosvallirana.es\/wp-content\/uploads\/2022\/11\/IMG-20171229-WA0021-400x300.jpg 400w, https:\/\/aluminiosvallirana.es\/wp-content\/uploads\/2022\/11\/IMG-20171229-WA0021-600x450.jpg 600w\" sizes=\"(max-width: 1024px) 100vw, 1024px\" \/>\t\t\t\t\t\t\t\t<\/a>\n\t\t\t\t\t\t\t\t\t\t\t\t\t\t\t<\/div>\n\t\t\t\t<\/div>\n\t\t\t\t<div class=\"elementor-element elementor-element-22297e6 elementor-widget elementor-widget-heading\" data-id=\"22297e6\" data-element_type=\"widget\" data-e-type=\"widget\" data-widget_type=\"heading.default\">\n\t\t\t\t<div class=\"elementor-widget-container\">\n\t\t\t\t\t<h4 class=\"elementor-heading-title elementor-size-default\"><a href=\"https:\/\/aluminiosvallirana.es\/fr\/categorias\/cancelas\/\">PORTAILS<\/a><\/h4>\t\t\t\t<\/div>\n\t\t\t\t<\/div>\n\t\t\t\t<div class=\"elementor-element elementor-element-5f8ac2d0 elementor-widget elementor-widget-text-editor\" data-id=\"5f8ac2d0\" data-element_type=\"widget\" data-e-type=\"widget\" data-widget_type=\"text-editor.default\">\n\t\t\t\t<div class=\"elementor-widget-container\">\n\t\t\t\t\t\t\t\t\t<p><a href=\"https:\/\/aluminiosvallirana.es\/fr\/categorias\/cancelas\/\">Nous avons une grande vari\u00e9t\u00e9 de portails en aluminium pour votre maison \u00e0 des prix abordables et de qualit\u00e9.<\/a><\/p>\t\t\t\t\t\t\t\t<\/div>\n\t\t\t\t<\/div>\n\t\t\t\t\t<\/div>\r\n\t\t\t\t<\/div>\r\n\t\t\t\t<div class=\"elementor-column elementor-col-25 elementor-inner-column elementor-element elementor-element-5e89d489\" data-id=\"5e89d489\" data-element_type=\"column\" data-e-type=\"column\">\r\n\t\t\t\t\t<div class=\"elementor-widget-wrap elementor-element-populated\">\r\n\t\t\t\t\t\t\t\t<div class=\"elementor-element elementor-element-12226aea elementor-widget elementor-widget-image\" data-id=\"12226aea\" data-element_type=\"widget\" data-e-type=\"widget\" data-widget_type=\"image.default\">\n\t\t\t\t<div class=\"elementor-widget-container\">\n\t\t\t\t\t\t\t\t\t\t\t\t\t\t\t\t<a href=\"https:\/\/aluminiosvallirana.es\/fr\/categorias\/ventanas-aluminio\/\">\n\t\t\t\t\t\t\t<img loading=\"lazy\" decoding=\"async\" width=\"1024\" height=\"768\" src=\"https:\/\/aluminiosvallirana.es\/wp-content\/uploads\/2022\/11\/IMG_1226-scaled-1-1024x768.jpg\" class=\"attachment-large size-large wp-image-3755\" alt=\"\" srcset=\"https:\/\/aluminiosvallirana.es\/wp-content\/uploads\/2022\/11\/IMG_1226-scaled-1-1024x768.jpg 1024w, https:\/\/aluminiosvallirana.es\/wp-content\/uploads\/2022\/11\/IMG_1226-scaled-1-768x576.jpg 768w, https:\/\/aluminiosvallirana.es\/wp-content\/uploads\/2022\/11\/IMG_1226-scaled-1-463x348.jpg 463w, https:\/\/aluminiosvallirana.es\/wp-content\/uploads\/2022\/11\/IMG_1226-scaled-1-640x480.jpg 640w, https:\/\/aluminiosvallirana.es\/wp-content\/uploads\/2022\/11\/IMG_1226-scaled-1-400x300.jpg 400w, https:\/\/aluminiosvallirana.es\/wp-content\/uploads\/2022\/11\/IMG_1226-scaled-1-600x450.jpg 600w\" sizes=\"(max-width: 1024px) 100vw, 1024px\" \/>\t\t\t\t\t\t\t\t<\/a>\n\t\t\t\t\t\t\t\t\t\t\t\t\t\t\t<\/div>\n\t\t\t\t<\/div>\n\t\t\t\t<div class=\"elementor-element elementor-element-c256a29 elementor-widget elementor-widget-heading\" data-id=\"c256a29\" data-element_type=\"widget\" data-e-type=\"widget\" data-widget_type=\"heading.default\">\n\t\t\t\t<div class=\"elementor-widget-container\">\n\t\t\t\t\t<h4 class=\"elementor-heading-title elementor-size-default\"><a href=\"https:\/\/aluminiosvallirana.es\/fr\/categorias\/ventanas-aluminio\/\">FEN\u00caTRES EN ALUMINIUM<\/a><\/h4>\t\t\t\t<\/div>\n\t\t\t\t<\/div>\n\t\t\t\t<div class=\"elementor-element elementor-element-3fd4cccf elementor-widget elementor-widget-text-editor\" data-id=\"3fd4cccf\" data-element_type=\"widget\" data-e-type=\"widget\" data-widget_type=\"text-editor.default\">\n\t\t\t\t<div class=\"elementor-widget-container\">\n\t\t\t\t\t\t\t\t\t<p><a href=\"https:\/\/aluminiosvallirana.es\/fr\/categorias\/ventanas-aluminio\/\">Nous sommes fabricants de fen\u00eatres en aluminium. Nous avons notre propre usine et techniciens.<\/a><\/p>\t\t\t\t\t\t\t\t<\/div>\n\t\t\t\t<\/div>\n\t\t\t\t\t<\/div>\r\n\t\t\t\t<\/div>\r\n\t\t\t\t\t<\/div>\r\n\t\t\t\t<\/section>\r\n\t\t\t\t<section class=\"elementor-section elementor-inner-section elementor-element elementor-element-48e993e elementor-section-boxed elementor-section-height-default elementor-section-height-default elementor-invisible\" data-id=\"48e993e\" data-element_type=\"section\" data-e-type=\"section\" data-settings=\"{&quot;animation&quot;:&quot;fadeInLeft&quot;}\">\r\n\t\t\r\n\t\t\t\t\t\t\t<div class=\"elementor-container elementor-column-gap-no\">\r\n\t\t\t\t\t\t\t\t\t\t\t<div class=\"elementor-column elementor-col-25 elementor-inner-column elementor-element elementor-element-c853350\" data-id=\"c853350\" data-element_type=\"column\" data-e-type=\"column\">\r\n\t\t\t\t\t<div class=\"elementor-widget-wrap elementor-element-populated\">\r\n\t\t\t\t\t\t\t\t<div class=\"elementor-element elementor-element-1f22c1b elementor-widget elementor-widget-image\" data-id=\"1f22c1b\" data-element_type=\"widget\" data-e-type=\"widget\" data-widget_type=\"image.default\">\n\t\t\t\t<div class=\"elementor-widget-container\">\n\t\t\t\t\t\t\t\t\t\t\t\t\t\t\t\t<a href=\"https:\/\/aluminiosvallirana.es\/fr\/categorias\/porticones\/\">\n\t\t\t\t\t\t\t<img loading=\"lazy\" decoding=\"async\" width=\"1024\" height=\"768\" src=\"https:\/\/aluminiosvallirana.es\/wp-content\/uploads\/2022\/11\/porticon-exterior-deslizante-6-hojas-plegado-1024x768.jpg\" class=\"attachment-large size-large wp-image-3753\" alt=\"\" srcset=\"https:\/\/aluminiosvallirana.es\/wp-content\/uploads\/2022\/11\/porticon-exterior-deslizante-6-hojas-plegado-1024x768.jpg 1024w, https:\/\/aluminiosvallirana.es\/wp-content\/uploads\/2022\/11\/porticon-exterior-deslizante-6-hojas-plegado-768x576.jpg 768w, https:\/\/aluminiosvallirana.es\/wp-content\/uploads\/2022\/11\/porticon-exterior-deslizante-6-hojas-plegado-463x348.jpg 463w, https:\/\/aluminiosvallirana.es\/wp-content\/uploads\/2022\/11\/porticon-exterior-deslizante-6-hojas-plegado-640x480.jpg 640w, https:\/\/aluminiosvallirana.es\/wp-content\/uploads\/2022\/11\/porticon-exterior-deslizante-6-hojas-plegado-400x300.jpg 400w, https:\/\/aluminiosvallirana.es\/wp-content\/uploads\/2022\/11\/porticon-exterior-deslizante-6-hojas-plegado-600x450.jpg 600w\" sizes=\"(max-width: 1024px) 100vw, 1024px\" \/>\t\t\t\t\t\t\t\t<\/a>\n\t\t\t\t\t\t\t\t\t\t\t\t\t\t\t<\/div>\n\t\t\t\t<\/div>\n\t\t\t\t<div class=\"elementor-element elementor-element-26dc15c elementor-widget elementor-widget-heading\" data-id=\"26dc15c\" data-element_type=\"widget\" data-e-type=\"widget\" data-widget_type=\"heading.default\">\n\t\t\t\t<div class=\"elementor-widget-container\">\n\t\t\t\t\t<h4 class=\"elementor-heading-title elementor-size-default\"><a href=\"https:\/\/aluminiosvallirana.es\/fr\/categorias\/porticones\/\">PORTAILS<\/a><\/h4>\t\t\t\t<\/div>\n\t\t\t\t<\/div>\n\t\t\t\t<div class=\"elementor-element elementor-element-bb6e4b5 elementor-widget elementor-widget-text-editor\" data-id=\"bb6e4b5\" data-element_type=\"widget\" data-e-type=\"widget\" data-widget_type=\"text-editor.default\">\n\t\t\t\t<div class=\"elementor-widget-container\">\n\t\t\t\t\t\t\t\t\t<p>Fabricants, distributeurs et installateurs directs de volets en aluminium.<\/p>\t\t\t\t\t\t\t\t<\/div>\n\t\t\t\t<\/div>\n\t\t\t\t\t<\/div>\r\n\t\t\t\t<\/div>\r\n\t\t\t\t<div class=\"elementor-column elementor-col-25 elementor-inner-column elementor-element elementor-element-e9d7ff3\" data-id=\"e9d7ff3\" data-element_type=\"column\" data-e-type=\"column\">\r\n\t\t\t\t\t<div class=\"elementor-widget-wrap elementor-element-populated\">\r\n\t\t\t\t\t\t\t\t<div class=\"elementor-element elementor-element-5b58eb9 elementor-widget elementor-widget-image\" data-id=\"5b58eb9\" data-element_type=\"widget\" data-e-type=\"widget\" data-widget_type=\"image.default\">\n\t\t\t\t<div class=\"elementor-widget-container\">\n\t\t\t\t\t\t\t\t\t\t\t\t\t\t\t\t<a href=\"https:\/\/aluminiosvallirana.es\/fr\/categorias\/plegables-deslizantes-acristaladas\/\">\n\t\t\t\t\t\t\t<img loading=\"lazy\" decoding=\"async\" width=\"1024\" height=\"768\" src=\"https:\/\/aluminiosvallirana.es\/wp-content\/uploads\/2022\/11\/IMG-20220311-WA0043-1024x768.jpg\" class=\"attachment-large size-large wp-image-3762\" alt=\"\" srcset=\"https:\/\/aluminiosvallirana.es\/wp-content\/uploads\/2022\/11\/IMG-20220311-WA0043-1024x768.jpg 1024w, https:\/\/aluminiosvallirana.es\/wp-content\/uploads\/2022\/11\/IMG-20220311-WA0043-768x576.jpg 768w, https:\/\/aluminiosvallirana.es\/wp-content\/uploads\/2022\/11\/IMG-20220311-WA0043-463x348.jpg 463w, https:\/\/aluminiosvallirana.es\/wp-content\/uploads\/2022\/11\/IMG-20220311-WA0043-640x480.jpg 640w, https:\/\/aluminiosvallirana.es\/wp-content\/uploads\/2022\/11\/IMG-20220311-WA0043-400x300.jpg 400w, https:\/\/aluminiosvallirana.es\/wp-content\/uploads\/2022\/11\/IMG-20220311-WA0043-600x450.jpg 600w\" sizes=\"(max-width: 1024px) 100vw, 1024px\" \/>\t\t\t\t\t\t\t\t<\/a>\n\t\t\t\t\t\t\t\t\t\t\t\t\t\t\t<\/div>\n\t\t\t\t<\/div>\n\t\t\t\t<div class=\"elementor-element elementor-element-ae53dda elementor-widget elementor-widget-heading\" data-id=\"ae53dda\" data-element_type=\"widget\" data-e-type=\"widget\" data-widget_type=\"heading.default\">\n\t\t\t\t<div class=\"elementor-widget-container\">\n\t\t\t\t\t<h4 class=\"elementor-heading-title elementor-size-default\"><a href=\"https:\/\/aluminiosvallirana.es\/fr\/categorias\/plegables-deslizantes-acristaladas\/\">VITR\u00c9 COULISSANT PLIANT<\/a><\/h4>\t\t\t\t<\/div>\n\t\t\t\t<\/div>\n\t\t\t\t<div class=\"elementor-element elementor-element-6c41cb95 elementor-widget elementor-widget-text-editor\" data-id=\"6c41cb95\" data-element_type=\"widget\" data-e-type=\"widget\" data-widget_type=\"text-editor.default\">\n\t\t\t\t<div class=\"elementor-widget-container\">\n\t\t\t\t\t\t\t\t\t<p><a href=\"https:\/\/aluminiosvallirana.es\/fr\/categorias\/plegables-deslizantes-acristaladas\/\">Nous sommes fabricants, distributeurs et installateurs de baies vitr\u00e9es coulissantes.<\/a><\/p>\t\t\t\t\t\t\t\t<\/div>\n\t\t\t\t<\/div>\n\t\t\t\t\t<\/div>\r\n\t\t\t\t<\/div>\r\n\t\t\t\t<div class=\"elementor-column elementor-col-25 elementor-inner-column elementor-element elementor-element-be7d7b7\" data-id=\"be7d7b7\" data-element_type=\"column\" data-e-type=\"column\">\r\n\t\t\t\t\t<div class=\"elementor-widget-wrap elementor-element-populated\">\r\n\t\t\t\t\t\t\t\t<div class=\"elementor-element elementor-element-69de93ef elementor-widget elementor-widget-image\" data-id=\"69de93ef\" data-element_type=\"widget\" data-e-type=\"widget\" data-widget_type=\"image.default\">\n\t\t\t\t<div class=\"elementor-widget-container\">\n\t\t\t\t\t\t\t\t\t\t\t\t\t\t\t\t<a href=\"https:\/\/aluminiosvallirana.es\/fr\/productos\/ventanas-aluminio-madera-mixto-con-curva\/\">\n\t\t\t\t\t\t\t<img loading=\"lazy\" decoding=\"async\" width=\"1024\" height=\"768\" src=\"https:\/\/aluminiosvallirana.es\/wp-content\/uploads\/2022\/11\/Ventana-Corredera-Aluminio-y-Madera-Mixto-1024x768.jpg\" class=\"attachment-large size-large wp-image-3760\" alt=\"\" srcset=\"https:\/\/aluminiosvallirana.es\/wp-content\/uploads\/2022\/11\/Ventana-Corredera-Aluminio-y-Madera-Mixto-1024x768.jpg 1024w, https:\/\/aluminiosvallirana.es\/wp-content\/uploads\/2022\/11\/Ventana-Corredera-Aluminio-y-Madera-Mixto-768x576.jpg 768w, https:\/\/aluminiosvallirana.es\/wp-content\/uploads\/2022\/11\/Ventana-Corredera-Aluminio-y-Madera-Mixto-463x348.jpg 463w, https:\/\/aluminiosvallirana.es\/wp-content\/uploads\/2022\/11\/Ventana-Corredera-Aluminio-y-Madera-Mixto-640x480.jpg 640w, https:\/\/aluminiosvallirana.es\/wp-content\/uploads\/2022\/11\/Ventana-Corredera-Aluminio-y-Madera-Mixto-400x300.jpg 400w, https:\/\/aluminiosvallirana.es\/wp-content\/uploads\/2022\/11\/Ventana-Corredera-Aluminio-y-Madera-Mixto-600x450.jpg 600w\" sizes=\"(max-width: 1024px) 100vw, 1024px\" \/>\t\t\t\t\t\t\t\t<\/a>\n\t\t\t\t\t\t\t\t\t\t\t\t\t\t\t<\/div>\n\t\t\t\t<\/div>\n\t\t\t\t<div class=\"elementor-element elementor-element-f23a18b elementor-widget elementor-widget-heading\" data-id=\"f23a18b\" data-element_type=\"widget\" data-e-type=\"widget\" data-widget_type=\"heading.default\">\n\t\t\t\t<div class=\"elementor-widget-container\">\n\t\t\t\t\t<h4 class=\"elementor-heading-title elementor-size-default\"><a href=\"https:\/\/aluminiosvallirana.es\/fr\/productos\/ventanas-aluminio-madera-mixto-con-curva\/\">ALUMINIUM BOIS MIXTE<\/a><\/h4>\t\t\t\t<\/div>\n\t\t\t\t<\/div>\n\t\t\t\t<div class=\"elementor-element elementor-element-1fae4d3f elementor-widget elementor-widget-text-editor\" data-id=\"1fae4d3f\" data-element_type=\"widget\" data-e-type=\"widget\" data-widget_type=\"text-editor.default\">\n\t\t\t\t<div class=\"elementor-widget-container\">\n\t\t\t\t\t\t\t\t\t<p><a href=\"https:\/\/aluminiosvallirana.es\/fr\/productos\/ventanas-aluminio-madera-mixto-con-curva\/\">Fabricants d'aluminium mixte bois.<\/a><\/p>\t\t\t\t\t\t\t\t<\/div>\n\t\t\t\t<\/div>\n\t\t\t\t\t<\/div>\r\n\t\t\t\t<\/div>\r\n\t\t\t\t<div class=\"elementor-column elementor-col-25 elementor-inner-column elementor-element elementor-element-070a9fa\" data-id=\"070a9fa\" data-element_type=\"column\" data-e-type=\"column\">\r\n\t\t\t\t\t<div class=\"elementor-widget-wrap elementor-element-populated\">\r\n\t\t\t\t\t\t\t\t<div class=\"elementor-element elementor-element-2cbaa95 elementor-widget elementor-widget-image\" data-id=\"2cbaa95\" data-element_type=\"widget\" data-e-type=\"widget\" data-widget_type=\"image.default\">\n\t\t\t\t<div class=\"elementor-widget-container\">\n\t\t\t\t\t\t\t\t\t\t\t\t\t\t\t\t<a href=\"https:\/\/aluminiosvallirana.es\/fr\/productos\/celosias-de-aluminio\/\">\n\t\t\t\t\t\t\t<img loading=\"lazy\" decoding=\"async\" width=\"1024\" height=\"768\" src=\"https:\/\/aluminiosvallirana.es\/wp-content\/uploads\/2022\/11\/IMG-20220603-WA0018-1024x768.jpg\" class=\"attachment-large size-large wp-image-3754\" alt=\"\" srcset=\"https:\/\/aluminiosvallirana.es\/wp-content\/uploads\/2022\/11\/IMG-20220603-WA0018-1024x768.jpg 1024w, https:\/\/aluminiosvallirana.es\/wp-content\/uploads\/2022\/11\/IMG-20220603-WA0018-768x576.jpg 768w, https:\/\/aluminiosvallirana.es\/wp-content\/uploads\/2022\/11\/IMG-20220603-WA0018-463x348.jpg 463w, https:\/\/aluminiosvallirana.es\/wp-content\/uploads\/2022\/11\/IMG-20220603-WA0018-640x480.jpg 640w, https:\/\/aluminiosvallirana.es\/wp-content\/uploads\/2022\/11\/IMG-20220603-WA0018-400x300.jpg 400w, https:\/\/aluminiosvallirana.es\/wp-content\/uploads\/2022\/11\/IMG-20220603-WA0018-600x450.jpg 600w\" sizes=\"(max-width: 1024px) 100vw, 1024px\" \/>\t\t\t\t\t\t\t\t<\/a>\n\t\t\t\t\t\t\t\t\t\t\t\t\t\t\t<\/div>\n\t\t\t\t<\/div>\n\t\t\t\t<div class=\"elementor-element elementor-element-badebda elementor-widget elementor-widget-heading\" data-id=\"badebda\" data-element_type=\"widget\" data-e-type=\"widget\" data-widget_type=\"heading.default\">\n\t\t\t\t<div class=\"elementor-widget-container\">\n\t\t\t\t\t<h4 class=\"elementor-heading-title elementor-size-default\"><a href=\"https:\/\/aluminiosvallirana.es\/fr\/productos\/celosias-de-aluminio\/\">TREILLIS<\/a><\/h4>\t\t\t\t<\/div>\n\t\t\t\t<\/div>\n\t\t\t\t<div class=\"elementor-element elementor-element-d3e4af7 elementor-widget elementor-widget-text-editor\" data-id=\"d3e4af7\" data-element_type=\"widget\" data-e-type=\"widget\" data-widget_type=\"text-editor.default\">\n\t\t\t\t<div class=\"elementor-widget-container\">\n\t\t\t\t\t\t\t\t\t<p><a href=\"https:\/\/aluminiosvallirana.es\/fr\/productos\/celosias-de-aluminio\/\">Nous sommes fabricants de treillis en aluminium. Vous trouverez ici des treillis \u00e0 haute performance.<\/a><\/p>\t\t\t\t\t\t\t\t<\/div>\n\t\t\t\t<\/div>\n\t\t\t\t\t<\/div>\r\n\t\t\t\t<\/div>\r\n\t\t\t\t\t<\/div>\r\n\t\t\t\t<\/section>\r\n\t\t\t\t<section class=\"elementor-section elementor-inner-section elementor-element elementor-element-3d667d15 elementor-section-boxed elementor-section-height-default elementor-section-height-default\" data-id=\"3d667d15\" data-element_type=\"section\" data-e-type=\"section\">\r\n\t\t\r\n\t\t\t\t\t\t\t<div class=\"elementor-container elementor-column-gap-no\">\r\n\t\t\t\t\t\t\t\t\t\t\t<div class=\"elementor-column elementor-col-50 elementor-inner-column elementor-element elementor-element-3c512fc8\" data-id=\"3c512fc8\" data-element_type=\"column\" data-e-type=\"column\">\r\n\t\t\t\t\t<div class=\"elementor-widget-wrap elementor-element-populated\">\r\n\t\t\t\t\t\t\t\t<div class=\"elementor-element elementor-element-563167c1 elementor-widget elementor-widget-image\" data-id=\"563167c1\" data-element_type=\"widget\" data-e-type=\"widget\" data-widget_type=\"image.default\">\n\t\t\t\t<div class=\"elementor-widget-container\">\n\t\t\t\t\t\t\t\t\t\t\t\t\t\t\t\t<a href=\"https:\/\/aluminiosvallirana.es\/fr\/productos\/barandillas-curvas\/\">\n\t\t\t\t\t\t\t<img loading=\"lazy\" decoding=\"async\" width=\"463\" height=\"348\" src=\"https:\/\/aluminiosvallirana.es\/wp-content\/uploads\/2022\/11\/barandilla_curva_2-463x348.jpg\" class=\"attachment-blog-medium size-blog-medium wp-image-4447\" alt=\"\" srcset=\"https:\/\/aluminiosvallirana.es\/wp-content\/uploads\/2022\/11\/barandilla_curva_2-463x348.jpg.webp 463w, https:\/\/aluminiosvallirana.es\/wp-content\/uploads\/2022\/11\/barandilla_curva_2-400x300.jpg.webp 400w\" sizes=\"(max-width: 463px) 100vw, 463px\" \/>\t\t\t\t\t\t\t\t<\/a>\n\t\t\t\t\t\t\t\t\t\t\t\t\t\t\t<\/div>\n\t\t\t\t<\/div>\n\t\t\t\t<div class=\"elementor-element elementor-element-97f87f3 elementor-widget elementor-widget-heading\" data-id=\"97f87f3\" data-element_type=\"widget\" data-e-type=\"widget\" data-widget_type=\"heading.default\">\n\t\t\t\t<div class=\"elementor-widget-container\">\n\t\t\t\t\t<h4 class=\"elementor-heading-title elementor-size-default\"><a href=\"https:\/\/aluminiosvallirana.es\/fr\/productos\/barandillas-curvas\/\">BARANDILLAS CURVADAS<\/a><\/h4>\t\t\t\t<\/div>\n\t\t\t\t<\/div>\n\t\t\t\t<div class=\"elementor-element elementor-element-7ebdac84 elementor-widget elementor-widget-text-editor\" data-id=\"7ebdac84\" data-element_type=\"widget\" data-e-type=\"widget\" data-widget_type=\"text-editor.default\">\n\t\t\t\t<div class=\"elementor-widget-container\">\n\t\t\t\t\t\t\t\t\t<p><a href=\"https:\/\/aluminiosvallirana.es\/fr\/productos\/barandillas-curvas\/\">Ici vous pouvez trouver des balustrades bon march\u00e9, des balustrades incurv\u00e9es lat\u00e9rales de qualit\u00e9.<\/a><\/p>\t\t\t\t\t\t\t\t<\/div>\n\t\t\t\t<\/div>\n\t\t\t\t\t<\/div>\r\n\t\t\t\t<\/div>\r\n\t\t\t\t<div class=\"elementor-column elementor-col-50 elementor-inner-column elementor-element elementor-element-1a729094\" data-id=\"1a729094\" data-element_type=\"column\" data-e-type=\"column\">\r\n\t\t\t\t\t<div class=\"elementor-widget-wrap elementor-element-populated\">\r\n\t\t\t\t\t\t\t\t<div class=\"elementor-element elementor-element-1b61a9fc elementor-widget elementor-widget-image\" data-id=\"1b61a9fc\" data-element_type=\"widget\" data-e-type=\"widget\" data-widget_type=\"image.default\">\n\t\t\t\t<div class=\"elementor-widget-container\">\n\t\t\t\t\t\t\t\t\t\t\t\t\t\t\t\t<a href=\"https:\/\/aluminiosvallirana.es\/fr\/categorias\/pergolas\/\">\n\t\t\t\t\t\t\t<img loading=\"lazy\" decoding=\"async\" width=\"463\" height=\"348\" src=\"https:\/\/aluminiosvallirana.es\/wp-content\/uploads\/2022\/11\/IMG_0631.JPG-3-463x348.jpg\" class=\"attachment-blog-medium size-blog-medium wp-image-3758\" alt=\"\" srcset=\"https:\/\/aluminiosvallirana.es\/wp-content\/uploads\/2022\/11\/IMG_0631.JPG-3-463x348.jpg 463w, https:\/\/aluminiosvallirana.es\/wp-content\/uploads\/2022\/11\/IMG_0631.JPG-3-400x300.jpg 400w\" sizes=\"(max-width: 463px) 100vw, 463px\" \/>\t\t\t\t\t\t\t\t<\/a>\n\t\t\t\t\t\t\t\t\t\t\t\t\t\t\t<\/div>\n\t\t\t\t<\/div>\n\t\t\t\t<div class=\"elementor-element elementor-element-4bc4225 elementor-widget elementor-widget-heading\" data-id=\"4bc4225\" data-element_type=\"widget\" data-e-type=\"widget\" data-widget_type=\"heading.default\">\n\t\t\t\t<div class=\"elementor-widget-container\">\n\t\t\t\t\t<h4 class=\"elementor-heading-title elementor-size-default\"><a href=\"https:\/\/aluminiosvallirana.es\/fr\/categorias\/pergolas\/\">PERGOLAS<\/a><\/h4>\t\t\t\t<\/div>\n\t\t\t\t<\/div>\n\t\t\t\t<div class=\"elementor-element elementor-element-66eff28d elementor-widget elementor-widget-text-editor\" data-id=\"66eff28d\" data-element_type=\"widget\" data-e-type=\"widget\" data-widget_type=\"text-editor.default\">\n\t\t\t\t<div class=\"elementor-widget-container\">\n\t\t\t\t\t\t\t\t\t<p><a href=\"https:\/\/aluminiosvallirana.es\/fr\/categorias\/pergolas\/\">Nous sommes fabricants et installateurs de pergolas en aluminium.<\/a><\/p>\t\t\t\t\t\t\t\t<\/div>\n\t\t\t\t<\/div>\n\t\t\t\t\t<\/div>\r\n\t\t\t\t<\/div>\r\n\t\t\t\t\t<\/div>\r\n\t\t\t\t<\/section>\r\n\t\t\t\t\t<\/div>\r\n\t\t\t\t<\/div>\r\n\t\t\t\t\t<\/div>\r\n\t\t\t\t<\/section>\r\n\t\t\t\t<section class=\"elementor-section elementor-top-section elementor-element elementor-element-6ade54b call-to-action-in-footer px-4 elementor-section-boxed elementor-section-height-default elementor-section-height-default\" data-id=\"6ade54b\" data-element_type=\"section\" data-e-type=\"section\" data-settings=\"{&quot;background_background&quot;:&quot;classic&quot;}\">\r\n\t\t\r\n\t\t\t\t\t\t\t<div class=\"elementor-container elementor-column-gap-default\">\r\n\t\t\t\t\t\t\t\t\t\t\t<div class=\"elementor-column elementor-col-66 elementor-top-column elementor-element elementor-element-9a3ac5f\" data-id=\"9a3ac5f\" data-element_type=\"column\" data-e-type=\"column\">\r\n\t\t\t\t\t<div class=\"elementor-widget-wrap elementor-element-populated\">\r\n\t\t\t\t\t\t\t\t<div class=\"elementor-element elementor-element-bfb3e69 mb-0 elementor-widget elementor-widget-heading\" data-id=\"bfb3e69\" data-element_type=\"widget\" data-e-type=\"widget\" data-widget_type=\"heading.default\">\n\t\t\t\t<div class=\"elementor-widget-container\">\n\t\t\t\t\t<h2 class=\"elementor-heading-title elementor-size-default\">T\u00e9l\u00e9chargez notre CATALOGUE !<\/h2>\t\t\t\t<\/div>\n\t\t\t\t<\/div>\n\t\t\t\t<div class=\"elementor-element elementor-element-bcc0f53 elementor-widget elementor-widget-text-editor\" data-id=\"bcc0f53\" data-element_type=\"widget\" data-e-type=\"widget\" data-widget_type=\"text-editor.default\">\n\t\t\t\t<div class=\"elementor-widget-container\">\n\t\t\t\t\t\t\t\t\t<p>Dans notre catalogue, vous trouverez tous nos produits\u00a0<\/p>\t\t\t\t\t\t\t\t<\/div>\n\t\t\t\t<\/div>\n\t\t\t\t\t<\/div>\r\n\t\t\t\t<\/div>\r\n\t\t\t\t<div class=\"elementor-column elementor-col-33 elementor-top-column elementor-element elementor-element-8089490\" data-id=\"8089490\" data-element_type=\"column\" data-e-type=\"column\">\r\n\t\t\t\t\t<div class=\"elementor-widget-wrap\">\r\n\t\t\t\t\t\t\t\t\t<\/div>\r\n\t\t\t\t<\/div>\r\n\t\t\t\t\t<\/div>\r\n\t\t\t\t<\/section>\r\n\t\t\t\t<section class=\"elementor-section elementor-top-section elementor-element elementor-element-5f463cc elementor-section-boxed elementor-section-height-default elementor-section-height-default\" data-id=\"5f463cc\" data-element_type=\"section\" data-e-type=\"section\" data-settings=\"{&quot;background_background&quot;:&quot;classic&quot;}\">\r\n\t\t\t\t\t\t<div class=\"elementor-background-overlay\"><\/div>\r\n\t\t\t\r\n\t\t\t\t\t\t\t<div class=\"elementor-container elementor-column-gap-default\">\r\n\t\t\t\t\t\t\t\t\t\t\t<div class=\"elementor-column elementor-col-100 elementor-top-column elementor-element elementor-element-368428c\" data-id=\"368428c\" data-element_type=\"column\" data-e-type=\"column\">\r\n\t\t\t\t\t<div class=\"elementor-widget-wrap elementor-element-populated\">\r\n\t\t\t\t\t\t\t\t<div class=\"elementor-element elementor-element-74de371 elementor-widget elementor-widget-heading\" data-id=\"74de371\" data-element_type=\"widget\" data-e-type=\"widget\" data-widget_type=\"heading.default\">\n\t\t\t\t<div class=\"elementor-widget-container\">\n\t\t\t\t\t<h2 class=\"elementor-heading-title elementor-size-default\">NOS EMPLOIS<\/h2>\t\t\t\t<\/div>\n\t\t\t\t<\/div>\n\t\t\t\t<div class=\"elementor-element elementor-element-ac797bc elementor-widget-divider--view-line elementor-widget elementor-widget-divider\" data-id=\"ac797bc\" data-element_type=\"widget\" data-e-type=\"widget\" data-widget_type=\"divider.default\">\n\t\t\t\t<div class=\"elementor-widget-container\">\n\t\t\t\t\t\t\t<div class=\"elementor-divider\">\n\t\t\t<span class=\"elementor-divider-separator\">\n\t\t\t\t\t\t<\/span>\n\t\t<\/div>\n\t\t\t\t\t\t<\/div>\n\t\t\t\t<\/div>\n\t\t\t\t<div class=\"elementor-element elementor-element-1a80818 elementor-widget elementor-widget-spacer\" data-id=\"1a80818\" data-element_type=\"widget\" data-e-type=\"widget\" data-widget_type=\"spacer.default\">\n\t\t\t\t<div class=\"elementor-widget-container\">\n\t\t\t\t\t\t\t<div class=\"elementor-spacer\">\n\t\t\t<div class=\"elementor-spacer-inner\"><\/div>\n\t\t<\/div>\n\t\t\t\t\t\t<\/div>\n\t\t\t\t<\/div>\n\t\t\t\t\t<\/div>\r\n\t\t\t\t<\/div>\r\n\t\t\t\t\t<\/div>\r\n\t\t\t\t<\/section>\r\n\t\t\t\t<section class=\"porto-full-no-gap elementor-section elementor-top-section elementor-element elementor-element-3e89ca30 elementor-section-full_width elementor-section-height-default elementor-section-height-default\" data-id=\"3e89ca30\" data-element_type=\"section\" data-e-type=\"section\" data-settings=\"{&quot;background_background&quot;:&quot;classic&quot;}\">\r\n\t\t\r\n\t\t\t\t\t\t\t<div class=\"elementor-container elementor-column-gap-no\">\r\n\t\t\t\t\t\t\t\t\t\t\t<div class=\"elementor-column elementor-col-33 elementor-top-column elementor-element elementor-element-3a86b14b\" data-id=\"3a86b14b\" data-element_type=\"column\" data-e-type=\"column\">\r\n\t\t\t\t\t<div class=\"elementor-widget-wrap elementor-element-populated\">\r\n\t\t\t\t\t\t\t\t<div class=\"elementor-element elementor-element-52037f0b elementor-widget elementor-widget-image\" data-id=\"52037f0b\" data-element_type=\"widget\" data-e-type=\"widget\" data-widget_type=\"image.default\">\n\t\t\t\t<div class=\"elementor-widget-container\">\n\t\t\t\t\t\t\t\t\t\t\t\t\t\t\t<img loading=\"lazy\" decoding=\"async\" width=\"1014\" height=\"1024\" src=\"https:\/\/aluminiosvallirana.es\/wp-content\/uploads\/2022\/11\/src_php1nYGxB-1014x1024.jpg\" class=\"attachment-large size-large wp-image-3772\" alt=\"\" srcset=\"https:\/\/aluminiosvallirana.es\/wp-content\/uploads\/2022\/11\/src_php1nYGxB-1014x1024.jpg 1014w, https:\/\/aluminiosvallirana.es\/wp-content\/uploads\/2022\/11\/src_php1nYGxB-768x776.jpg 768w, https:\/\/aluminiosvallirana.es\/wp-content\/uploads\/2022\/11\/src_php1nYGxB-640x647.jpg 640w, https:\/\/aluminiosvallirana.es\/wp-content\/uploads\/2022\/11\/src_php1nYGxB-400x404.jpg 400w, https:\/\/aluminiosvallirana.es\/wp-content\/uploads\/2022\/11\/src_php1nYGxB-600x606.jpg 600w\" sizes=\"(max-width: 1014px) 100vw, 1014px\" \/>\t\t\t\t\t\t\t\t\t\t\t\t\t\t\t<\/div>\n\t\t\t\t<\/div>\n\t\t\t\t\t<\/div>\r\n\t\t\t\t<\/div>\r\n\t\t\t\t<div class=\"elementor-column elementor-col-33 elementor-top-column elementor-element elementor-element-29366192\" data-id=\"29366192\" data-element_type=\"column\" data-e-type=\"column\">\r\n\t\t\t\t\t<div class=\"elementor-widget-wrap elementor-element-populated\">\r\n\t\t\t\t\t\t\t\t<div class=\"elementor-element elementor-element-816d870 elementor-widget elementor-widget-image\" data-id=\"816d870\" data-element_type=\"widget\" data-e-type=\"widget\" data-widget_type=\"image.default\">\n\t\t\t\t<div class=\"elementor-widget-container\">\n\t\t\t\t\t\t\t\t\t\t\t\t\t\t\t<img loading=\"lazy\" decoding=\"async\" width=\"768\" height=\"776\" src=\"https:\/\/aluminiosvallirana.es\/wp-content\/uploads\/2022\/11\/src_php2aWkMw-768x776.jpg\" class=\"attachment-medium_large size-medium_large wp-image-3773\" alt=\"\" srcset=\"https:\/\/aluminiosvallirana.es\/wp-content\/uploads\/2022\/11\/src_php2aWkMw-768x776.jpg 768w, https:\/\/aluminiosvallirana.es\/wp-content\/uploads\/2022\/11\/src_php2aWkMw-640x647.jpg 640w, https:\/\/aluminiosvallirana.es\/wp-content\/uploads\/2022\/11\/src_php2aWkMw-400x404.jpg 400w, https:\/\/aluminiosvallirana.es\/wp-content\/uploads\/2022\/11\/src_php2aWkMw-600x606.jpg 600w\" sizes=\"(max-width: 768px) 100vw, 768px\" \/>\t\t\t\t\t\t\t\t\t\t\t\t\t\t\t<\/div>\n\t\t\t\t<\/div>\n\t\t\t\t\t<\/div>\r\n\t\t\t\t<\/div>\r\n\t\t\t\t<div class=\"elementor-column elementor-col-33 elementor-top-column elementor-element elementor-element-708c42a8\" data-id=\"708c42a8\" data-element_type=\"column\" data-e-type=\"column\">\r\n\t\t\t\t\t<div class=\"elementor-widget-wrap elementor-element-populated\">\r\n\t\t\t\t\t\t\t\t<div class=\"elementor-element elementor-element-7a60a362 elementor-widget elementor-widget-image\" data-id=\"7a60a362\" data-element_type=\"widget\" data-e-type=\"widget\" data-widget_type=\"image.default\">\n\t\t\t\t<div class=\"elementor-widget-container\">\n\t\t\t\t\t\t\t\t\t\t\t\t\t\t\t<img loading=\"lazy\" decoding=\"async\" width=\"1014\" height=\"1024\" src=\"https:\/\/aluminiosvallirana.es\/wp-content\/uploads\/2022\/11\/src_php2tv1cw-1-1014x1024.jpg\" class=\"attachment-large size-large wp-image-3774\" alt=\"\" srcset=\"https:\/\/aluminiosvallirana.es\/wp-content\/uploads\/2022\/11\/src_php2tv1cw-1-1014x1024.jpg 1014w, https:\/\/aluminiosvallirana.es\/wp-content\/uploads\/2022\/11\/src_php2tv1cw-1-768x776.jpg 768w, https:\/\/aluminiosvallirana.es\/wp-content\/uploads\/2022\/11\/src_php2tv1cw-1-640x647.jpg 640w, https:\/\/aluminiosvallirana.es\/wp-content\/uploads\/2022\/11\/src_php2tv1cw-1-400x404.jpg 400w, https:\/\/aluminiosvallirana.es\/wp-content\/uploads\/2022\/11\/src_php2tv1cw-1-600x606.jpg 600w\" sizes=\"(max-width: 1014px) 100vw, 1014px\" \/>\t\t\t\t\t\t\t\t\t\t\t\t\t\t\t<\/div>\n\t\t\t\t<\/div>\n\t\t\t\t\t<\/div>\r\n\t\t\t\t<\/div>\r\n\t\t\t\t\t<\/div>\r\n\t\t\t\t<\/section>\r\n\t\t\t\t<section class=\"porto-full-no-gap elementor-section elementor-top-section elementor-element elementor-element-616715bb elementor-section-full_width elementor-section-height-default elementor-section-height-default\" data-id=\"616715bb\" data-element_type=\"section\" data-e-type=\"section\">\r\n\t\t\r\n\t\t\t\t\t\t\t<div class=\"elementor-container elementor-column-gap-no\">\r\n\t\t\t\t\t\t\t\t\t\t\t<div class=\"elementor-column elementor-col-33 elementor-top-column elementor-element elementor-element-57568312\" data-id=\"57568312\" data-element_type=\"column\" data-e-type=\"column\">\r\n\t\t\t\t\t<div class=\"elementor-widget-wrap elementor-element-populated\">\r\n\t\t\t\t\t\t\t\t<div class=\"elementor-element elementor-element-1fc183fc elementor-widget elementor-widget-image\" data-id=\"1fc183fc\" data-element_type=\"widget\" data-e-type=\"widget\" data-widget_type=\"image.default\">\n\t\t\t\t<div class=\"elementor-widget-container\">\n\t\t\t\t\t\t\t\t\t\t\t\t\t\t\t<img loading=\"lazy\" decoding=\"async\" width=\"1014\" height=\"1024\" src=\"https:\/\/aluminiosvallirana.es\/wp-content\/uploads\/2022\/11\/src_phpehtMnY-1-1014x1024.jpg\" class=\"attachment-large size-large wp-image-3777\" alt=\"\" srcset=\"https:\/\/aluminiosvallirana.es\/wp-content\/uploads\/2022\/11\/src_phpehtMnY-1-1014x1024.jpg.webp 1014w, https:\/\/aluminiosvallirana.es\/wp-content\/uploads\/2022\/11\/src_phpehtMnY-1-768x776.jpg.webp 768w, https:\/\/aluminiosvallirana.es\/wp-content\/uploads\/2022\/11\/src_phpehtMnY-1-640x647.jpg.webp 640w, https:\/\/aluminiosvallirana.es\/wp-content\/uploads\/2022\/11\/src_phpehtMnY-1-400x404.jpg.webp 400w, https:\/\/aluminiosvallirana.es\/wp-content\/uploads\/2022\/11\/src_phpehtMnY-1-600x606.jpg.webp 600w\" sizes=\"(max-width: 1014px) 100vw, 1014px\" \/>\t\t\t\t\t\t\t\t\t\t\t\t\t\t\t<\/div>\n\t\t\t\t<\/div>\n\t\t\t\t\t<\/div>\r\n\t\t\t\t<\/div>\r\n\t\t\t\t<div class=\"elementor-column elementor-col-33 elementor-top-column elementor-element elementor-element-219d8a43\" data-id=\"219d8a43\" data-element_type=\"column\" data-e-type=\"column\">\r\n\t\t\t\t\t<div class=\"elementor-widget-wrap elementor-element-populated\">\r\n\t\t\t\t\t\t\t\t<div class=\"elementor-element elementor-element-23f05e5b elementor-widget elementor-widget-image\" data-id=\"23f05e5b\" data-element_type=\"widget\" data-e-type=\"widget\" data-widget_type=\"image.default\">\n\t\t\t\t<div class=\"elementor-widget-container\">\n\t\t\t\t\t\t\t\t\t\t\t\t\t\t\t<img loading=\"lazy\" decoding=\"async\" width=\"1014\" height=\"1024\" src=\"https:\/\/aluminiosvallirana.es\/wp-content\/uploads\/2022\/11\/src_php7pyPJt-1014x1024.jpg\" class=\"attachment-large size-large wp-image-3778\" alt=\"\" srcset=\"https:\/\/aluminiosvallirana.es\/wp-content\/uploads\/2022\/11\/src_php7pyPJt-1014x1024.jpg 1014w, https:\/\/aluminiosvallirana.es\/wp-content\/uploads\/2022\/11\/src_php7pyPJt-768x776.jpg 768w, https:\/\/aluminiosvallirana.es\/wp-content\/uploads\/2022\/11\/src_php7pyPJt-640x647.jpg 640w, https:\/\/aluminiosvallirana.es\/wp-content\/uploads\/2022\/11\/src_php7pyPJt-400x404.jpg 400w, https:\/\/aluminiosvallirana.es\/wp-content\/uploads\/2022\/11\/src_php7pyPJt-600x606.jpg 600w\" sizes=\"(max-width: 1014px) 100vw, 1014px\" \/>\t\t\t\t\t\t\t\t\t\t\t\t\t\t\t<\/div>\n\t\t\t\t<\/div>\n\t\t\t\t\t<\/div>\r\n\t\t\t\t<\/div>\r\n\t\t\t\t<div class=\"elementor-column elementor-col-33 elementor-top-column elementor-element elementor-element-46e46a\" data-id=\"46e46a\" data-element_type=\"column\" data-e-type=\"column\">\r\n\t\t\t\t\t<div class=\"elementor-widget-wrap elementor-element-populated\">\r\n\t\t\t\t\t\t\t\t<div class=\"elementor-element elementor-element-39f4969f elementor-widget elementor-widget-image\" data-id=\"39f4969f\" data-element_type=\"widget\" data-e-type=\"widget\" data-widget_type=\"image.default\">\n\t\t\t\t<div class=\"elementor-widget-container\">\n\t\t\t\t\t\t\t\t\t\t\t\t\t\t\t<img loading=\"lazy\" decoding=\"async\" width=\"1014\" height=\"1024\" src=\"https:\/\/aluminiosvallirana.es\/wp-content\/uploads\/2022\/11\/src_phpgfPdu7-1-1014x1024.jpg\" class=\"attachment-large size-large wp-image-3779\" alt=\"\" srcset=\"https:\/\/aluminiosvallirana.es\/wp-content\/uploads\/2022\/11\/src_phpgfPdu7-1-1014x1024.jpg.webp 1014w, https:\/\/aluminiosvallirana.es\/wp-content\/uploads\/2022\/11\/src_phpgfPdu7-1-768x776.jpg 768w, https:\/\/aluminiosvallirana.es\/wp-content\/uploads\/2022\/11\/src_phpgfPdu7-1-640x647.jpg 640w, https:\/\/aluminiosvallirana.es\/wp-content\/uploads\/2022\/11\/src_phpgfPdu7-1-400x404.jpg 400w, https:\/\/aluminiosvallirana.es\/wp-content\/uploads\/2022\/11\/src_phpgfPdu7-1-600x606.jpg 600w\" sizes=\"(max-width: 1014px) 100vw, 1014px\" \/>\t\t\t\t\t\t\t\t\t\t\t\t\t\t\t<\/div>\n\t\t\t\t<\/div>\n\t\t\t\t\t<\/div>\r\n\t\t\t\t<\/div>\r\n\t\t\t\t\t<\/div>\r\n\t\t\t\t<\/section>\r\n\t\t\t\t<section class=\"porto-full-no-gap elementor-section elementor-top-section elementor-element elementor-element-2337dd1c elementor-section-full_width elementor-section-height-default elementor-section-height-default\" data-id=\"2337dd1c\" data-element_type=\"section\" data-e-type=\"section\">\r\n\t\t\r\n\t\t\t\t\t\t\t<div class=\"elementor-container elementor-column-gap-no\">\r\n\t\t\t\t\t\t\t\t\t\t\t<div class=\"elementor-column elementor-col-33 elementor-top-column elementor-element elementor-element-253b32fa\" data-id=\"253b32fa\" data-element_type=\"column\" data-e-type=\"column\">\r\n\t\t\t\t\t<div class=\"elementor-widget-wrap elementor-element-populated\">\r\n\t\t\t\t\t\t\t\t<div class=\"elementor-element elementor-element-44339d86 elementor-widget elementor-widget-image\" data-id=\"44339d86\" data-element_type=\"widget\" data-e-type=\"widget\" data-widget_type=\"image.default\">\n\t\t\t\t<div class=\"elementor-widget-container\">\n\t\t\t\t\t\t\t\t\t\t\t\t\t\t\t<img loading=\"lazy\" decoding=\"async\" width=\"1014\" height=\"1024\" src=\"https:\/\/aluminiosvallirana.es\/wp-content\/uploads\/2022\/11\/DESLIZANTE-EN-ESQUINA-1-1014x1024.jpg\" class=\"attachment-large size-large wp-image-3782\" alt=\"\" srcset=\"https:\/\/aluminiosvallirana.es\/wp-content\/uploads\/2022\/11\/DESLIZANTE-EN-ESQUINA-1-1014x1024.jpg 1014w, https:\/\/aluminiosvallirana.es\/wp-content\/uploads\/2022\/11\/DESLIZANTE-EN-ESQUINA-1-768x776.jpg 768w, https:\/\/aluminiosvallirana.es\/wp-content\/uploads\/2022\/11\/DESLIZANTE-EN-ESQUINA-1-640x647.jpg 640w, https:\/\/aluminiosvallirana.es\/wp-content\/uploads\/2022\/11\/DESLIZANTE-EN-ESQUINA-1-400x404.jpg 400w, https:\/\/aluminiosvallirana.es\/wp-content\/uploads\/2022\/11\/DESLIZANTE-EN-ESQUINA-1-600x606.jpg 600w\" sizes=\"(max-width: 1014px) 100vw, 1014px\" \/>\t\t\t\t\t\t\t\t\t\t\t\t\t\t\t<\/div>\n\t\t\t\t<\/div>\n\t\t\t\t\t<\/div>\r\n\t\t\t\t<\/div>\r\n\t\t\t\t<div class=\"elementor-column elementor-col-33 elementor-top-column elementor-element elementor-element-4e3f2845\" data-id=\"4e3f2845\" data-element_type=\"column\" data-e-type=\"column\">\r\n\t\t\t\t\t<div class=\"elementor-widget-wrap elementor-element-populated\">\r\n\t\t\t\t\t\t\t\t<div class=\"elementor-element elementor-element-576b92ce elementor-widget elementor-widget-image\" data-id=\"576b92ce\" data-element_type=\"widget\" data-e-type=\"widget\" data-widget_type=\"image.default\">\n\t\t\t\t<div class=\"elementor-widget-container\">\n\t\t\t\t\t\t\t\t\t\t\t\t\t\t\t<img loading=\"lazy\" decoding=\"async\" width=\"1014\" height=\"1024\" src=\"https:\/\/aluminiosvallirana.es\/wp-content\/uploads\/2022\/11\/Curvado-Lateral-editado-Aluminios-Vallirana-1014x1024.jpg\" class=\"attachment-large size-large wp-image-3783\" alt=\"\" srcset=\"https:\/\/aluminiosvallirana.es\/wp-content\/uploads\/2022\/11\/Curvado-Lateral-editado-Aluminios-Vallirana-1014x1024.jpg 1014w, https:\/\/aluminiosvallirana.es\/wp-content\/uploads\/2022\/11\/Curvado-Lateral-editado-Aluminios-Vallirana-768x776.jpg 768w, https:\/\/aluminiosvallirana.es\/wp-content\/uploads\/2022\/11\/Curvado-Lateral-editado-Aluminios-Vallirana-640x647.jpg 640w, https:\/\/aluminiosvallirana.es\/wp-content\/uploads\/2022\/11\/Curvado-Lateral-editado-Aluminios-Vallirana-400x404.jpg 400w, https:\/\/aluminiosvallirana.es\/wp-content\/uploads\/2022\/11\/Curvado-Lateral-editado-Aluminios-Vallirana-600x606.jpg 600w\" sizes=\"(max-width: 1014px) 100vw, 1014px\" \/>\t\t\t\t\t\t\t\t\t\t\t\t\t\t\t<\/div>\n\t\t\t\t<\/div>\n\t\t\t\t\t<\/div>\r\n\t\t\t\t<\/div>\r\n\t\t\t\t<div class=\"elementor-column elementor-col-33 elementor-top-column elementor-element elementor-element-1fa20076\" data-id=\"1fa20076\" data-element_type=\"column\" data-e-type=\"column\">\r\n\t\t\t\t\t<div class=\"elementor-widget-wrap elementor-element-populated\">\r\n\t\t\t\t\t\t\t\t<div class=\"elementor-element elementor-element-6d729b13 elementor-widget elementor-widget-image\" data-id=\"6d729b13\" data-element_type=\"widget\" data-e-type=\"widget\" data-widget_type=\"image.default\">\n\t\t\t\t<div class=\"elementor-widget-container\">\n\t\t\t\t\t\t\t\t\t\t\t\t\t\t\t<img loading=\"lazy\" decoding=\"async\" width=\"1014\" height=\"1024\" src=\"https:\/\/aluminiosvallirana.es\/wp-content\/uploads\/2022\/11\/Curvado-lateral-Aluminios-Vallirana-1014x1024.jpg\" class=\"attachment-large size-large wp-image-3784\" alt=\"\" srcset=\"https:\/\/aluminiosvallirana.es\/wp-content\/uploads\/2022\/11\/Curvado-lateral-Aluminios-Vallirana-1014x1024.jpg 1014w, https:\/\/aluminiosvallirana.es\/wp-content\/uploads\/2022\/11\/Curvado-lateral-Aluminios-Vallirana-768x776.jpg 768w, https:\/\/aluminiosvallirana.es\/wp-content\/uploads\/2022\/11\/Curvado-lateral-Aluminios-Vallirana-640x647.jpg 640w, https:\/\/aluminiosvallirana.es\/wp-content\/uploads\/2022\/11\/Curvado-lateral-Aluminios-Vallirana-400x404.jpg 400w, https:\/\/aluminiosvallirana.es\/wp-content\/uploads\/2022\/11\/Curvado-lateral-Aluminios-Vallirana-600x606.jpg 600w\" sizes=\"(max-width: 1014px) 100vw, 1014px\" \/>\t\t\t\t\t\t\t\t\t\t\t\t\t\t\t<\/div>\n\t\t\t\t<\/div>\n\t\t\t\t\t<\/div>\r\n\t\t\t\t<\/div>\r\n\t\t\t\t\t<\/div>\r\n\t\t\t\t<\/section>\r\n\t\t\t\t<section class=\"elementor-section elementor-top-section elementor-element elementor-element-59ca3cb elementor-section-content-middle elementor-section-boxed elementor-section-height-default elementor-section-height-default\" data-id=\"59ca3cb\" data-element_type=\"section\" data-e-type=\"section\" data-settings=\"{&quot;background_background&quot;:&quot;classic&quot;}\">\r\n\t\t\r\n\t\t\t\t\t\t\t<div class=\"elementor-container elementor-column-gap-default\">\r\n\t\t\t\t\t\t\t\t\t\t\t<div class=\"elementor-column elementor-col-50 elementor-top-column elementor-element elementor-element-4967d58 mb-5 mb-lg-0\" data-id=\"4967d58\" data-element_type=\"column\" data-e-type=\"column\">\r\n\t\t\t\t\t<div class=\"elementor-widget-wrap elementor-element-populated\">\r\n\t\t\t\t\t\t\t\t<div class=\"elementor-section elementor-inner-section elementor-element elementor-element-916ef50 elementor-section-boxed elementor-section-height-default elementor-section-height-default\" data-id=\"916ef50\" data-element_type=\"section\" data-e-type=\"section\">\r\n\t\t\r\n\t\t\t\t\t\t\t<div class=\"elementor-container elementor-column-gap-default\">\r\n\t\t\t\t\t\t\t\t\t\t\t<div class=\"elementor-column elementor-col-100 elementor-inner-column elementor-element elementor-element-7b8a434 custom-height-1 custom-width-1\" data-id=\"7b8a434\" data-element_type=\"column\" data-e-type=\"column\">\r\n\t\t\t\t\t<div class=\"elementor-widget-wrap elementor-element-populated\">\r\n\t\t\t\t\t\t\t\t<div class=\"elementor-element elementor-element-7d9cb4e elementor-widget elementor-widget-spacer\" data-id=\"7d9cb4e\" data-element_type=\"widget\" data-e-type=\"widget\" data-widget_type=\"spacer.default\">\n\t\t\t\t<div class=\"elementor-widget-container\">\n\t\t\t\t\t\t\t<div class=\"elementor-spacer\">\n\t\t\t<div class=\"elementor-spacer-inner\"><\/div>\n\t\t<\/div>\n\t\t\t\t\t\t<\/div>\n\t\t\t\t<\/div>\n\t\t\t\t<div class=\"elementor-element elementor-element-84d7dad custom-box-shadow-1 mb-0 elementor-invisible elementor-widget elementor-widget-image\" data-id=\"84d7dad\" data-element_type=\"widget\" data-e-type=\"widget\" data-settings=\"{&quot;_animation&quot;:&quot;fadeIn&quot;}\" data-widget_type=\"image.default\">\n\t\t\t\t<div class=\"elementor-widget-container\">\n\t\t\t\t\t\t\t\t\t\t\t\t\t\t\t<img loading=\"lazy\" decoding=\"async\" width=\"793\" height=\"913\" src=\"https:\/\/aluminiosvallirana.es\/wp-content\/uploads\/2022\/11\/av-pro.jpg\" class=\"attachment-full size-full wp-image-3810\" alt=\"\" srcset=\"https:\/\/aluminiosvallirana.es\/wp-content\/uploads\/2022\/11\/av-pro.jpg.webp 793w, https:\/\/aluminiosvallirana.es\/wp-content\/uploads\/2022\/11\/av-pro-768x884.jpg.webp 768w, https:\/\/aluminiosvallirana.es\/wp-content\/uploads\/2022\/11\/av-pro-640x737.jpg.webp 640w, https:\/\/aluminiosvallirana.es\/wp-content\/uploads\/2022\/11\/av-pro-400x461.jpg.webp 400w, https:\/\/aluminiosvallirana.es\/wp-content\/uploads\/2022\/11\/av-pro-600x691.jpg.webp 600w\" sizes=\"(max-width: 793px) 100vw, 793px\" \/>\t\t\t\t\t\t\t\t\t\t\t\t\t\t\t<\/div>\n\t\t\t\t<\/div>\n\t\t\t\t<div class=\"elementor-element elementor-element-3127caf elementor-widget elementor-widget-spacer\" data-id=\"3127caf\" data-element_type=\"widget\" data-e-type=\"widget\" data-widget_type=\"spacer.default\">\n\t\t\t\t<div class=\"elementor-widget-container\">\n\t\t\t\t\t\t\t<div class=\"elementor-spacer\">\n\t\t\t<div class=\"elementor-spacer-inner\"><\/div>\n\t\t<\/div>\n\t\t\t\t\t\t<\/div>\n\t\t\t\t<\/div>\n\t\t\t\t\t<\/div>\r\n\t\t\t\t<\/div>\r\n\t\t\t\t\t<\/div>\r\n\t\t\t\t<\/div>\r\n\t\t\t\t\t<\/div>\r\n\t\t\t\t<\/div>\r\n\t\t\t\t<div class=\"elementor-column elementor-col-50 elementor-top-column elementor-element elementor-element-60ac5b1 ps-lg-4 ps-xl-5 m-t-n-sm\" data-id=\"60ac5b1\" data-element_type=\"column\" data-e-type=\"column\">\r\n\t\t\t\t\t<div class=\"elementor-widget-wrap elementor-element-populated\">\r\n\t\t\t\t\t\t\t\t<div class=\"elementor-element elementor-element-69978e8 elementor-widget elementor-widget-heading\" data-id=\"69978e8\" data-element_type=\"widget\" data-e-type=\"widget\" data-widget_type=\"heading.default\">\n\t\t\t\t<div class=\"elementor-widget-container\">\n\t\t\t\t\t<h2 class=\"elementor-heading-title elementor-size-default\">D\u00c9COUVRIR AV-PRO<\/h2>\t\t\t\t<\/div>\n\t\t\t\t<\/div>\n\t\t\t\t<div class=\"elementor-element elementor-element-e04a101 elementor-widget elementor-widget-text-editor\" data-id=\"e04a101\" data-element_type=\"widget\" data-e-type=\"widget\" data-widget_type=\"text-editor.default\">\n\t\t\t\t<div class=\"elementor-widget-container\">\n\t\t\t\t\t\t\t\t\t<p>Chez Aluminios Vallirana, nous avons cr\u00e9\u00e9 un syst\u00e8me simple pour \u00e9tablir des budgets via le Web, en quelques minutes et sans aide. Ce n'est certainement pas seulement un syst\u00e8me de budg\u00e9tisation; Vous pouvez \u00e9galement passer des commandes, des requ\u00eates ou m\u00eame cr\u00e9er des budgets pour votre client final, avec votre logo, vos donn\u00e9es et votre pourcentage de profit.<\/p>\t\t\t\t\t\t\t\t<\/div>\n\t\t\t\t<\/div>\n\t\t\t\t<div class=\"elementor-element elementor-element-09e7085 elementor-widget elementor-widget-button\" data-id=\"09e7085\" data-element_type=\"widget\" data-e-type=\"widget\" data-widget_type=\"button.default\">\n\t\t\t\t<div class=\"elementor-widget-container\">\n\t\t\t\t\t\t\t\t\t<div class=\"elementor-button-wrapper\">\n\t\t\t\t\t<a class=\"elementor-button elementor-button-link elementor-size-sm elementor-animation-wobble-vertical\" href=\"https:\/\/aluminiosvallirana.com\/#:~:text=Solicitud%20de%20alta%20en%20el%20sistema\">\n\t\t\t\t\t\t<span class=\"elementor-button-content-wrapper\">\n\t\t\t\t\t\t\t\t\t<span class=\"elementor-button-text\">FAITES VOTRE PREMIER BUDGET<\/span>\n\t\t\t\t\t<\/span>\n\t\t\t\t\t<\/a>\n\t\t\t\t<\/div>\n\t\t\t\t\t\t\t\t<\/div>\n\t\t\t\t<\/div>\n\t\t\t\t\t<\/div>\r\n\t\t\t\t<\/div>\r\n\t\t\t\t\t<\/div>\r\n\t\t\t\t<\/section>\r\n\t\t\t\t<\/div>","protected":false},"excerpt":{"rendered":"<p>SOMOS FABRICANTES CARPINTER\u00cdA DE ALUMINIO Y CURVADOS Si est\u00e1s buscando ventanas a precio de f\u00e1brica o cualquierade nuestras especialidades, no dudes en contactarnos. PEDIR PRESUPUESTO GRATIS SOMOS FABRICANTES DE CURVADOS Si necesitas cualquier tipo de curvado de aluminio, somos fabricantes. Fabricamos nuestros propios curvados de aluminio para instaladores aut\u00f3nomos o nosotros tenemos nuestros propios instaladores [&hellip;]<\/p>\n","protected":false},"author":1,"featured_media":0,"parent":0,"menu_order":0,"comment_status":"closed","ping_status":"closed","template":"","meta":{"_acf_changed":false,"om_disable_all_campaigns":false,"footnotes":""},"class_list":["post-143","page","type-page","status-publish","hentry"],"acf":[],"aioseo_notices":[],"_links":{"self":[{"href":"https:\/\/aluminiosvallirana.es\/fr\/wp-json\/wp\/v2\/pages\/143","targetHints":{"allow":["GET"]}}],"collection":[{"href":"https:\/\/aluminiosvallirana.es\/fr\/wp-json\/wp\/v2\/pages"}],"about":[{"href":"https:\/\/aluminiosvallirana.es\/fr\/wp-json\/wp\/v2\/types\/page"}],"author":[{"embeddable":true,"href":"https:\/\/aluminiosvallirana.es\/fr\/wp-json\/wp\/v2\/users\/1"}],"replies":[{"embeddable":true,"href":"https:\/\/aluminiosvallirana.es\/fr\/wp-json\/wp\/v2\/comments?post=143"}],"version-history":[{"count":300,"href":"https:\/\/aluminiosvallirana.es\/fr\/wp-json\/wp\/v2\/pages\/143\/revisions"}],"predecessor-version":[{"id":6195,"href":"https:\/\/aluminiosvallirana.es\/fr\/wp-json\/wp\/v2\/pages\/143\/revisions\/6195"}],"wp:attachment":[{"href":"https:\/\/aluminiosvallirana.es\/fr\/wp-json\/wp\/v2\/media?parent=143"}],"curies":[{"name":"wp","href":"https:\/\/api.w.org\/{rel}","templated":true}]}}