{"id":144,"date":"2016-06-20T07:50:14","date_gmt":"2016-06-20T05:50:14","guid":{"rendered":"http:\/\/sw-themes.com\/porto_dummy\/?page_id=144"},"modified":"2024-01-17T13:03:00","modified_gmt":"2024-01-17T12:03:00","slug":"blog","status":"publish","type":"page","link":"https:\/\/aluminiosvallirana.es\/fr\/blog\/","title":{"rendered":"bloguer"},"content":{"rendered":"<div data-elementor-type=\"wp-page\" data-elementor-id=\"144\" class=\"elementor elementor-144\" data-elementor-post-type=\"page\">\n\t\t\t\t\t\t<div class=\"elementor-section elementor-top-section elementor-element elementor-element-c9d4f7c elementor-section-full_width elementor-section-stretched elementor-section-height-default elementor-section-height-default\" data-id=\"c9d4f7c\" data-element_type=\"section\" data-e-type=\"section\" data-settings=\"{&quot;background_background&quot;:&quot;classic&quot;,&quot;stretch_section&quot;:&quot;section-stretched&quot;}\">\r\n\t\t\r\n\t\t\t\t\t\t\t<div class=\"elementor-container elementor-column-gap-default\">\r\n\t\t\t\t\t\t\t\t\t\t\t<div class=\"elementor-column elementor-col-100 elementor-top-column elementor-element elementor-element-3f2d691 mb-0 category-slider\" data-id=\"3f2d691\" data-element_type=\"column\" data-e-type=\"column\">\r\n\t\t\t\t\t<div class=\"porto-carousel owl-carousel has-ccols nav-style-4 ccols-md-4 ccols-1 ccols-lg-5 elementor-widget-wrap elementor-element-populated\" data-plugin-options=\"{&quot;margin&quot;:0,&quot;items&quot;:5,&quot;nav&quot;:true,&quot;dots&quot;:false,&quot;themeConfig&quot;:true,&quot;loop&quot;:false,&quot;mouseDrag&quot;:true,&quot;touchDrag&quot;:true,&quot;responsive&quot;:{&quot;0&quot;:1,&quot;480&quot;:3,&quot;768&quot;:4,&quot;991&quot;:5},&quot;autoplay&quot;:false}\">\r\n\t\t\t\t\t\t\t\t<div class=\"elementor-element elementor-element-d631329 mb-0 elementor-widget elementor-widget-porto_button\" data-id=\"d631329\" data-element_type=\"widget\" data-e-type=\"widget\" data-widget_type=\"porto_button.default\">\n\t\t\t\t<div class=\"elementor-widget-container\">\n\t\t\t\t\t<a aria-label=\"button\" class=\"btn btn-lg btn-dark btn-modern btn-block\" href=\"https:\/\/aluminiosvallirana.es\/fr\/category\/pvc\/\"><span >PVC<\/span><\/a>\t\t\t\t<\/div>\n\t\t\t\t<\/div>\n\t\t\t\t<div class=\"elementor-element elementor-element-4bab19b mb-0 elementor-widget elementor-widget-porto_button\" data-id=\"4bab19b\" data-element_type=\"widget\" data-e-type=\"widget\" data-widget_type=\"porto_button.default\">\n\t\t\t\t<div class=\"elementor-widget-container\">\n\t\t\t\t\t<a aria-label=\"button\" class=\"btn btn-lg btn-dark btn-modern btn-block\" href=\"https:\/\/aluminiosvallirana.es\/fr\/category\/ventanas\/\"><span >Aluminio<\/span><\/a>\t\t\t\t<\/div>\n\t\t\t\t<\/div>\n\t\t\t\t<div class=\"elementor-element elementor-element-1f2370e mb-0 elementor-widget elementor-widget-porto_button\" data-id=\"1f2370e\" data-element_type=\"widget\" data-e-type=\"widget\" data-widget_type=\"porto_button.default\">\n\t\t\t\t<div class=\"elementor-widget-container\">\n\t\t\t\t\t<a aria-label=\"button\" class=\"btn btn-lg btn-dark btn-modern btn-block\" href=\"https:\/\/aluminiosvallirana.es\/fr\/category\/ventanas\/ventanas-curvadas\/\"><span >Curvados<\/span><\/a>\t\t\t\t<\/div>\n\t\t\t\t<\/div>\n\t\t\t\t<div class=\"elementor-element elementor-element-da0b8b4 mb-0 elementor-widget-laptop__width-initial elementor-widget elementor-widget-porto_button\" data-id=\"da0b8b4\" data-element_type=\"widget\" data-e-type=\"widget\" data-widget_type=\"porto_button.default\">\n\t\t\t\t<div class=\"elementor-widget-container\">\n\t\t\t\t\t<a aria-label=\"button\" class=\"btn btn-lg btn-dark btn-modern btn-block\" href=\"https:\/\/aluminiosvallirana.es\/fr\/category\/ventanas\/ventana_guillotina_av110rpt\/\"><span >Ventanas Guillotina<\/span><\/a>\t\t\t\t<\/div>\n\t\t\t\t<\/div>\n\t\t\t\t<div class=\"elementor-element elementor-element-6ef1e52 mb-0 elementor-widget elementor-widget-porto_button\" data-id=\"6ef1e52\" data-element_type=\"widget\" data-e-type=\"widget\" data-widget_type=\"porto_button.default\">\n\t\t\t\t<div class=\"elementor-widget-container\">\n\t\t\t\t\t<a aria-label=\"button\" class=\"btn btn-lg btn-dark btn-modern btn-block\" href=\"\"><span >Trabajos Artesanales<\/span><\/a>\t\t\t\t<\/div>\n\t\t\t\t<\/div>\n\t\t\t\t\t<\/div>\r\n\t\t\t\t<\/div>\r\n\t\t\t\t\t<\/div>\r\n\t\t\t\t<\/div>\r\n\t\t\t\t<div class=\"elementor-section elementor-top-section elementor-element elementor-element-b82a13d elementor-section-boxed elementor-section-height-default elementor-section-height-default\" data-id=\"b82a13d\" data-element_type=\"section\" data-e-type=\"section\">\r\n\t\t\r\n\t\t\t\t\t\t\t<div class=\"elementor-container elementor-column-gap-default\">\r\n\t\t\t\t\t\t\t\t\t\t\t<div class=\"elementor-column elementor-col-50 elementor-top-column elementor-element elementor-element-ad48dfe\" data-id=\"ad48dfe\" data-element_type=\"column\" data-e-type=\"column\">\r\n\t\t\t\t\t<div class=\"elementor-widget-wrap elementor-element-populated\">\r\n\t\t\t\t\t\t\t\t<div class=\"elementor-element elementor-element-d5101a5 elementor-widget elementor-widget-porto_blog\" data-id=\"d5101a5\" data-element_type=\"widget\" data-e-type=\"widget\" data-widget_type=\"porto_blog.default\">\n\t\t\t\t<div class=\"elementor-widget-container\">\n\t\t\t\t\t<div class=\"porto-blog wpb_content_element  porto-blog-d751713988987e9331980363e24189ce\">\r\n\t\t<div class=\"blog-posts posts-large\">\r\n\r\n\t\t<article class=\"post post-large post-title-simple post-6146 post type-post status-publish format-standard has-post-thumbnail hentry category-ventanas\">\r\n\t\t<div class=\"post-image single\">\r\n\t\t<div class=\"post-slideshow porto-carousel owl-carousel has-ccols ccols-1  nav-inside nav-inside-center nav-style-2 show-nav-hover\" data-plugin-options='{\"nav\":true}'>\r\n\t\t\t\t\t\t\t\t\t\t\t<a href=\"https:\/\/aluminiosvallirana.es\/fr\/av-skyline-ventana-guillotina-integracion-interior-exterior\/\" aria-label=\"post image\">\r\n\t\t\t\t\t\t\t\t<div class=\"img-thumbnail\">\r\n\t\t\t\t\t\t<img fetchpriority=\"high\" decoding=\"async\" width=\"1140\" height=\"445\" src=\"https:\/\/aluminiosvallirana.es\/wp-content\/uploads\/2025\/03\/guillotina-minimalista-skyline-1140x445.jpg\" class=\"owl-lazy img-responsive\" alt=\"AV-Skyline\" \/>\t\t\t\t\t\t\t\t\t\t\t\t\t<span class=\"zoom\" data-src=\"https:\/\/aluminiosvallirana.es\/wp-content\/uploads\/2025\/03\/guillotina-minimalista-skyline.jpg\" data-title=\"\"><i class=\"fas fa-search\"><\/i><\/span>\r\n\t\t\t\t\t\t\t\t\t\t\t<\/div>\r\n\t\t\t\t\t\t\t\t<\/a>\r\n\t\t\t\t\t\t\t\t<\/div>\r\n\t\t\r\n\t\t\t<\/div>\r\n\t\r\n\t\t\t<div class=\"post-date\" >\r\n\t\t\t<span class=\"day\">18<\/span><span class=\"month\">Mar<\/span><time datetime=\"2025-03-18\">18\/03\/2025<\/time>\t\t<\/div>\r\n\t\r\n\t<!-- Post meta before content -->\r\n\t\r\n\r\n\t<div class=\"post-content\">\r\n\t\t\t\t<h2 class=\"entry-title\"><a href=\"https:\/\/aluminiosvallirana.es\/fr\/av-skyline-ventana-guillotina-integracion-interior-exterior\/\">AV-Skyline: La ventana guillotina que redefine la integraci\u00f3n interior-exterior<\/a><\/h2>\r\n\t\t<span class=\"vcard\" style=\"display: none;\"><span class=\"fn\"><a href=\"https:\/\/aluminiosvallirana.es\/fr\/author\/santiago\/\" title=\"Articles par santiago\" rel=\"author\">Santiago<\/a><\/span><\/span><span class=\"updated\" style=\"display:none\">2025-03-19T00:02:53+01:00<\/span><p class=\"post-excerpt\">Optimizaci\u00f3n del espacio y m\u00e1xima luminosidad con tecnolog\u00eda de vanguardia\t\t\t\t\n\t\tEn el dise\u00f1o arquitect\u00f3nico actual, la integraci\u00f3n fluida entre interior y exterior es clave para maximizar la luz natural, optimizar el espacio y mejorar la eficiencia energ\u00e9tica de los proyectos. La ventana guillotina AV-Skyline, fabricada por Aluminios Vallirana, representa una soluci\u00f3n...<\/p>\t<\/div>\r\n\t<!-- Post meta after content -->\r\n\t<div class=\"post-meta\"><span class=\"meta-author\"><i class=\"far fa-user\"><\/i>By <a href=\"https:\/\/aluminiosvallirana.es\/fr\/author\/santiago\/\" title=\"Articles par santiago\" rel=\"author\">Santiago<\/a><\/span><span class=\"meta-cats\"><i class=\"far fa-folder\"><\/i><a href=\"https:\/\/aluminiosvallirana.es\/fr\/category\/ventanas\/\" rel=\"category tag\">Ventanas<\/a><\/span><span class=\"d-block float-sm-end mt-3 mt-sm-0\"><a class=\"btn btn-xs btn-default text-xs text-uppercase\" href=\"https:\/\/aluminiosvallirana.es\/fr\/av-skyline-ventana-guillotina-integracion-interior-exterior\/\">Read more...<\/a><\/span><\/div>\r\n<\/article>\r\n<article class=\"post post-large post-title-simple post-6138 post type-post status-publish format-standard hentry category-ventana_guillotina_av110rpt category-ventanas tag-ventanas\">\r\n\t\r\n\t\t\t<div class=\"post-date\" >\r\n\t\t\t<span class=\"day\">17<\/span><span class=\"month\">D\u00e9c<\/span><time datetime=\"2024-12-17\">17\/12\/2024<\/time>\t\t<\/div>\r\n\t\r\n\t<!-- Post meta before content -->\r\n\t\r\n\r\n\t<div class=\"post-content\">\r\n\t\t\t\t<h2 class=\"entry-title\"><a href=\"https:\/\/aluminiosvallirana.es\/fr\/novedad_2025_ventana_vertical_minimalista\/\">Pr\u00f3xima novedad 2025: Ventana vertical con perfiles minimalistas<\/a><\/h2>\r\n\t\t<span class=\"vcard\" style=\"display: none;\"><span class=\"fn\"><a href=\"https:\/\/aluminiosvallirana.es\/fr\/author\/santiago\/\" title=\"Articles par santiago\" rel=\"author\">Santiago<\/a><\/span><\/span><span class=\"updated\" style=\"display:none\">2024-12-17T14:11:30+01:00<\/span><p class=\"post-excerpt\">Estamos trabajando en algo grande para transformar tu hogarEn Aluminios Vallirana, seguimos innovando. Pronto presentaremos nuestra ventana vertical con perfiles minimalistas, un dise\u00f1o pensado para ofrecer elegancia, tecnolog\u00eda y funcionalidad a tus espacios.\u00a1Prep\u00e1rate para descubrir lo nuevo en 2025! \ud83c\udf1f<\/p>\t<\/div>\r\n\t<!-- Post meta after content -->\r\n\t<div class=\"post-meta\"><span class=\"meta-author\"><i class=\"far fa-user\"><\/i>By <a href=\"https:\/\/aluminiosvallirana.es\/fr\/author\/santiago\/\" title=\"Articles par santiago\" rel=\"author\">Santiago<\/a><\/span><span class=\"meta-cats\"><i class=\"far fa-folder\"><\/i><a href=\"https:\/\/aluminiosvallirana.es\/fr\/category\/ventanas\/ventana_guillotina_av110rpt\/\" rel=\"category tag\">Ventana guillotina AV 110 RPT<\/a>, <a href=\"https:\/\/aluminiosvallirana.es\/fr\/category\/ventanas\/\" rel=\"category tag\">Ventanas<\/a><\/span><span class=\"meta-tags\"><i class=\"far fa-envelope\"><\/i><a href=\"https:\/\/aluminiosvallirana.es\/fr\/tag\/ventanas\/\" rel=\"tag\">ventanas<\/a><\/span><span class=\"d-block float-sm-end mt-3 mt-sm-0\"><a class=\"btn btn-xs btn-default text-xs text-uppercase\" href=\"https:\/\/aluminiosvallirana.es\/fr\/novedad_2025_ventana_vertical_minimalista\/\">Read more...<\/a><\/span><\/div>\r\n<\/article>\r\n<article class=\"post post-large post-title-simple post-5700 post type-post status-publish format-standard has-post-thumbnail hentry category-ventanas category-ventanas-curvadas tag-ventanas\">\r\n\t\t<div class=\"post-image single\">\r\n\t\t<div class=\"post-slideshow porto-carousel owl-carousel has-ccols ccols-1  nav-inside nav-inside-center nav-style-2 show-nav-hover\" data-plugin-options='{\"nav\":true}'>\r\n\t\t\t\t\t\t\t\t\t\t\t<a href=\"https:\/\/aluminiosvallirana.es\/fr\/curvado_lateral_aluminio_sant_joan_deu\/\" aria-label=\"post image\">\r\n\t\t\t\t\t\t\t\t<div class=\"img-thumbnail\">\r\n\t\t\t\t\t\t<img decoding=\"async\" width=\"1140\" height=\"445\" src=\"https:\/\/aluminiosvallirana.es\/wp-content\/uploads\/2024\/01\/curvado-lateral-hospital-sant-pau-barcelona-1140x445.jpg\" class=\"owl-lazy img-responsive\" alt=\"\" \/>\t\t\t\t\t\t\t\t\t\t\t\t\t<span class=\"zoom\" data-src=\"https:\/\/aluminiosvallirana.es\/wp-content\/uploads\/2024\/01\/curvado-lateral-hospital-sant-pau-barcelona-scaled.jpg\" data-title=\"\"><i class=\"fas fa-search\"><\/i><\/span>\r\n\t\t\t\t\t\t\t\t\t\t\t<\/div>\r\n\t\t\t\t\t\t\t\t<\/a>\r\n\t\t\t\t\t\t\t\t<\/div>\r\n\t\t\r\n\t\t\t<\/div>\r\n\t\r\n\t\t\t<div class=\"post-date\" >\r\n\t\t\t<span class=\"day\">17<\/span><span class=\"month\">Jan<\/span><time datetime=\"2024-01-17\">17\/01\/2024<\/time>\t\t<\/div>\r\n\t\r\n\t<!-- Post meta before content -->\r\n\t\r\n\r\n\t<div class=\"post-content\">\r\n\t\t\t\t<h2 class=\"entry-title\"><a href=\"https:\/\/aluminiosvallirana.es\/fr\/curvado_lateral_aluminio_sant_joan_deu\/\">M\u00e1s que un curvado lateral. Obra hospital Sant Joan de Deu, Barcelona<\/a><\/h2>\r\n\t\t<span class=\"vcard\" style=\"display: none;\"><span class=\"fn\"><a href=\"https:\/\/aluminiosvallirana.es\/fr\/author\/marc\/\" title=\"Articles par Marc\" rel=\"author\">Marc<\/a><\/span><\/span><span class=\"updated\" style=\"display:none\">2024-01-17T12:49:27+01:00<\/span><p class=\"post-excerpt\">\nAluminios Vallirana, empresa especializada en la fabricaci\u00f3n y en el curvado de aluminio, a la hora de dar forma curva a ventanas o estructuras de aluminio se implanta la t\u00e9cnica del curvado lateral. Esta se caracteriza finalmente, en la b\u00fasqueda de soluciones con referentes en ingenier\u00eda, m\u00e9todos novedosos del curvados...<\/p>\t<\/div>\r\n\t<!-- Post meta after content -->\r\n\t<div class=\"post-meta\"><span class=\"meta-author\"><i class=\"far fa-user\"><\/i>By <a href=\"https:\/\/aluminiosvallirana.es\/fr\/author\/marc\/\" title=\"Articles par Marc\" rel=\"author\">Marc<\/a><\/span><span class=\"meta-cats\"><i class=\"far fa-folder\"><\/i><a href=\"https:\/\/aluminiosvallirana.es\/fr\/category\/ventanas\/\" rel=\"category tag\">Ventanas<\/a>, <a href=\"https:\/\/aluminiosvallirana.es\/fr\/category\/ventanas\/ventanas-curvadas\/\" rel=\"category tag\">Ventanas curvadas<\/a><\/span><span class=\"meta-tags\"><i class=\"far fa-envelope\"><\/i><a href=\"https:\/\/aluminiosvallirana.es\/fr\/tag\/ventanas\/\" rel=\"tag\">ventanas<\/a><\/span><span class=\"d-block float-sm-end mt-3 mt-sm-0\"><a class=\"btn btn-xs btn-default text-xs text-uppercase\" href=\"https:\/\/aluminiosvallirana.es\/fr\/curvado_lateral_aluminio_sant_joan_deu\/\">Read more...<\/a><\/span><\/div>\r\n<\/article>\r\n<article class=\"post post-large post-title-simple post-5682 post type-post status-publish format-standard has-post-thumbnail hentry category-ventanas category-ventanas-curvadas tag-ventanas\">\r\n\t\t<div class=\"post-image single\">\r\n\t\t<div class=\"post-slideshow porto-carousel owl-carousel has-ccols ccols-1  nav-inside nav-inside-center nav-style-2 show-nav-hover\" data-plugin-options='{\"nav\":true}'>\r\n\t\t\t\t\t\t\t\t\t\t\t<a href=\"https:\/\/aluminiosvallirana.es\/fr\/a-la-vanguardia-del-curvado-obra-de-curva-lateral-en-calle-versalles-paris\/\" aria-label=\"post image\">\r\n\t\t\t\t\t\t\t\t<div class=\"img-thumbnail\">\r\n\t\t\t\t\t\t<img decoding=\"async\" width=\"1140\" height=\"445\" src=\"https:\/\/aluminiosvallirana.es\/wp-content\/uploads\/2023\/10\/Obra-Curvado-Lateral-Obra-Av-Versailles-de-Paris-1140x445.jpg\" class=\"owl-lazy img-responsive\" alt=\"\" \/>\t\t\t\t\t\t\t\t\t\t\t\t\t<span class=\"zoom\" data-src=\"https:\/\/aluminiosvallirana.es\/wp-content\/uploads\/2023\/10\/Obra-Curvado-Lateral-Obra-Av-Versailles-de-Paris-scaled.jpg\" data-title=\"\"><i class=\"fas fa-search\"><\/i><\/span>\r\n\t\t\t\t\t\t\t\t\t\t\t<\/div>\r\n\t\t\t\t\t\t\t\t<\/a>\r\n\t\t\t\t\t\t\t\t<\/div>\r\n\t\t\r\n\t\t\t<\/div>\r\n\t\r\n\t\t\t<div class=\"post-date\" >\r\n\t\t\t<span class=\"day\">20<\/span><span class=\"month\">Nov<\/span><time datetime=\"2023-11-20\">20\/11\/2023<\/time>\t\t<\/div>\r\n\t\r\n\t<!-- Post meta before content -->\r\n\t\r\n\r\n\t<div class=\"post-content\">\r\n\t\t\t\t<h2 class=\"entry-title\"><a href=\"https:\/\/aluminiosvallirana.es\/fr\/a-la-vanguardia-del-curvado-obra-de-curva-lateral-en-calle-versalles-paris\/\">A la Vanguardia del Curvado: Obra de curva lateral en Calle Versalles, Par\u00eds.<\/a><\/h2>\r\n\t\t<span class=\"vcard\" style=\"display: none;\"><span class=\"fn\"><a href=\"https:\/\/aluminiosvallirana.es\/fr\/author\/aluminiosvallirana\/\" title=\"Articles par Aluminios Vallirana\" rel=\"author\">Aluminium Vallirana<\/a><\/span><\/span><span class=\"updated\" style=\"display:none\">2023-11-20T15:50:36+01:00<\/span><p class=\"post-excerpt\">\nLa\u00a0carpinter\u00eda de aluminio\u00a0y\u00a0PVC\u00a0est\u00e1 redefiniendo la arquitectura contempor\u00e1nea, y\u00a0Aluminios Vallirana\u00a0se posiciona como el referente indiscutible adem\u00e1s de ser el epicentro de las soluciones en curvado de perfiles m\u00e1s innovadoras del mercado.\n\nHoy, el dise\u00f1o arquitect\u00f3nico exige versatilidad: fachadas curvas, muros ondulados y ventanas de formas exclusivas. Uno de los proyectos de curvados...<\/p>\t<\/div>\r\n\t<!-- Post meta after content -->\r\n\t<div class=\"post-meta\"><span class=\"meta-author\"><i class=\"far fa-user\"><\/i>By <a href=\"https:\/\/aluminiosvallirana.es\/fr\/author\/aluminiosvallirana\/\" title=\"Articles par Aluminios Vallirana\" rel=\"author\">Aluminium Vallirana<\/a><\/span><span class=\"meta-cats\"><i class=\"far fa-folder\"><\/i><a href=\"https:\/\/aluminiosvallirana.es\/fr\/category\/ventanas\/\" rel=\"category tag\">Ventanas<\/a>, <a href=\"https:\/\/aluminiosvallirana.es\/fr\/category\/ventanas\/ventanas-curvadas\/\" rel=\"category tag\">Ventanas curvadas<\/a><\/span><span class=\"meta-tags\"><i class=\"far fa-envelope\"><\/i><a href=\"https:\/\/aluminiosvallirana.es\/fr\/tag\/ventanas\/\" rel=\"tag\">ventanas<\/a><\/span><span class=\"d-block float-sm-end mt-3 mt-sm-0\"><a class=\"btn btn-xs btn-default text-xs text-uppercase\" href=\"https:\/\/aluminiosvallirana.es\/fr\/a-la-vanguardia-del-curvado-obra-de-curva-lateral-en-calle-versalles-paris\/\">Read more...<\/a><\/span><\/div>\r\n<\/article>\r\n<article class=\"post post-large post-title-simple post-5646 post type-post status-publish format-standard has-post-thumbnail hentry category-ventana_guillotina_av110rpt category-ventanas tag-obras tag-ventanas\">\r\n\t\t<div class=\"post-image single\">\r\n\t\t<div class=\"post-slideshow porto-carousel owl-carousel has-ccols ccols-1  nav-inside nav-inside-center nav-style-2 show-nav-hover\" data-plugin-options='{\"nav\":true}'>\r\n\t\t\t\t\t\t\t\t\t\t\t<a href=\"https:\/\/aluminiosvallirana.es\/fr\/obra-ventanas-guillotinas-av110-rpt-en-el-monasterio-budista-del-garraf\/\" aria-label=\"post image\">\r\n\t\t\t\t\t\t\t\t<div class=\"img-thumbnail\">\r\n\t\t\t\t\t\t<img loading=\"lazy\" decoding=\"async\" width=\"1140\" height=\"445\" src=\"https:\/\/aluminiosvallirana.es\/wp-content\/uploads\/2023\/10\/20220304_143923-1140x445.jpg\" class=\"owl-lazy img-responsive\" alt=\"\" \/>\t\t\t\t\t\t\t\t\t\t\t\t\t<span class=\"zoom\" data-src=\"https:\/\/aluminiosvallirana.es\/wp-content\/uploads\/2023\/10\/20220304_143923-scaled.jpg\" data-title=\"\"><i class=\"fas fa-search\"><\/i><\/span>\r\n\t\t\t\t\t\t\t\t\t\t\t<\/div>\r\n\t\t\t\t\t\t\t\t<\/a>\r\n\t\t\t\t\t\t\t\t<\/div>\r\n\t\t\r\n\t\t\t<\/div>\r\n\t\r\n\t\t\t<div class=\"post-date\" >\r\n\t\t\t<span class=\"day\">08<\/span><span class=\"month\">Nov<\/span><time datetime=\"2023-11-08\">08\/11\/2023<\/time>\t\t<\/div>\r\n\t\r\n\t<!-- Post meta before content -->\r\n\t\r\n\r\n\t<div class=\"post-content\">\r\n\t\t\t\t<h2 class=\"entry-title\"><a href=\"https:\/\/aluminiosvallirana.es\/fr\/obra-ventanas-guillotinas-av110-rpt-en-el-monasterio-budista-del-garraf\/\">Obra Ventanas Guillotinas AV110 RPT en el Monasterio Budista del Garraf<\/a><\/h2>\r\n\t\t<span class=\"vcard\" style=\"display: none;\"><span class=\"fn\"><a href=\"https:\/\/aluminiosvallirana.es\/fr\/author\/aluminiosvallirana\/\" title=\"Articles par Aluminios Vallirana\" rel=\"author\">Aluminium Vallirana<\/a><\/span><\/span><span class=\"updated\" style=\"display:none\">2023-11-20T15:53:40+01:00<\/span><p class=\"post-excerpt\">\nLa Ventana Guillotina AV110 RPT fabricada por Aluminios Vallirana representa un dise\u00f1o cl\u00e1sico reimaginado para la modernidad, destac\u00e1ndose por su funcionalidad y versatilidad, a causa de su apertura vertical. Este modelo ofrece un sistema de hojas que se deslizan verticalmente, permitiendo una ventilaci\u00f3n ajustable y f\u00e1cil manejo gracias a un...<\/p>\t<\/div>\r\n\t<!-- Post meta after content -->\r\n\t<div class=\"post-meta\"><span class=\"meta-author\"><i class=\"far fa-user\"><\/i>By <a href=\"https:\/\/aluminiosvallirana.es\/fr\/author\/aluminiosvallirana\/\" title=\"Articles par Aluminios Vallirana\" rel=\"author\">Aluminium Vallirana<\/a><\/span><span class=\"meta-cats\"><i class=\"far fa-folder\"><\/i><a href=\"https:\/\/aluminiosvallirana.es\/fr\/category\/ventanas\/ventana_guillotina_av110rpt\/\" rel=\"category tag\">Ventana guillotina AV 110 RPT<\/a>, <a href=\"https:\/\/aluminiosvallirana.es\/fr\/category\/ventanas\/\" rel=\"category tag\">Ventanas<\/a><\/span><span class=\"meta-tags\"><i class=\"far fa-envelope\"><\/i><a href=\"https:\/\/aluminiosvallirana.es\/fr\/tag\/obras\/\" rel=\"tag\">obras<\/a>, <a href=\"https:\/\/aluminiosvallirana.es\/fr\/tag\/ventanas\/\" rel=\"tag\">ventanas<\/a><\/span><span class=\"d-block float-sm-end mt-3 mt-sm-0\"><a class=\"btn btn-xs btn-default text-xs text-uppercase\" href=\"https:\/\/aluminiosvallirana.es\/fr\/obra-ventanas-guillotinas-av110-rpt-en-el-monasterio-budista-del-garraf\/\">Read more...<\/a><\/span><\/div>\r\n<\/article>\r\n<article class=\"post post-large post-title-simple post-5555 post type-post status-publish format-standard has-post-thumbnail hentry category-pvc category-ventanas-curvadas-de-pvc\">\r\n\t\t<div class=\"post-image single\">\r\n\t\t<div class=\"post-slideshow porto-carousel owl-carousel has-ccols ccols-1  nav-inside nav-inside-center nav-style-2 show-nav-hover\" data-plugin-options='{\"nav\":true}'>\r\n\t\t\t\t\t\t\t\t\t\t\t<a href=\"https:\/\/aluminiosvallirana.es\/fr\/nueva_planta_curvado_pvc\/\" aria-label=\"post image\">\r\n\t\t\t\t\t\t\t\t<div class=\"img-thumbnail\">\r\n\t\t\t\t\t\t<img loading=\"lazy\" decoding=\"async\" width=\"1140\" height=\"445\" src=\"https:\/\/aluminiosvallirana.es\/wp-content\/uploads\/2023\/10\/ventana_curvada_pvc-1140x445.jpeg\" class=\"owl-lazy img-responsive\" alt=\"Ventana curvada PVC\" \/>\t\t\t\t\t\t\t\t\t\t\t\t\t<span class=\"zoom\" data-src=\"https:\/\/aluminiosvallirana.es\/wp-content\/uploads\/2023\/10\/ventana_curvada_pvc-scaled.jpeg\" data-title=\"\"><i class=\"fas fa-search\"><\/i><\/span>\r\n\t\t\t\t\t\t\t\t\t\t\t<\/div>\r\n\t\t\t\t\t\t\t\t<\/a>\r\n\t\t\t\t\t\t\t\t<\/div>\r\n\t\t\r\n\t\t\t<\/div>\r\n\t\r\n\t\t\t<div class=\"post-date\" >\r\n\t\t\t<span class=\"day\">19<\/span><span class=\"month\">Oct<\/span><time datetime=\"2023-10-19\">19\/10\/2023<\/time>\t\t<\/div>\r\n\t\r\n\t<!-- Post meta before content -->\r\n\t\r\n\r\n\t<div class=\"post-content\">\r\n\t\t\t\t<h2 class=\"entry-title\"><a href=\"https:\/\/aluminiosvallirana.es\/fr\/nueva_planta_curvado_pvc\/\">Nueva Planta curvado PVC<\/a><\/h2>\r\n\t\t<span class=\"vcard\" style=\"display: none;\"><span class=\"fn\"><a href=\"https:\/\/aluminiosvallirana.es\/fr\/author\/aluminiosvallirana\/\" title=\"Articles par Aluminios Vallirana\" rel=\"author\">Aluminium Vallirana<\/a><\/span><\/span><span class=\"updated\" style=\"display:none\">2023-11-06T14:04:00+01:00<\/span><p class=\"post-excerpt\">La Nueva Planta de Curvado de PVC: Un Paso Adelante en la Innovaci\u00f3n y Calidad de Aluminios Vallirana\t\t\n\t\t\t\t\t\t\t\t\t\t\t\t\t\t\t\t\t\t\t\t\t\t\t\t\t\t\t\t\t\t\n\t\tEn el coraz\u00f3n de la industria de la carpinter\u00eda, Aluminios Vallirana se destaca por su maestr\u00eda en el curvado de perfiles, especialmente en el \u00e1mbito del PVC. Esta empresa, reconocida por su compromiso...<\/p>\t<\/div>\r\n\t<!-- Post meta after content -->\r\n\t<div class=\"post-meta\"><span class=\"meta-author\"><i class=\"far fa-user\"><\/i>By <a href=\"https:\/\/aluminiosvallirana.es\/fr\/author\/aluminiosvallirana\/\" title=\"Articles par Aluminios Vallirana\" rel=\"author\">Aluminium Vallirana<\/a><\/span><span class=\"meta-cats\"><i class=\"far fa-folder\"><\/i><a href=\"https:\/\/aluminiosvallirana.es\/fr\/category\/pvc\/\" rel=\"category tag\">PVC<\/a>, <a href=\"https:\/\/aluminiosvallirana.es\/fr\/category\/ventanas-curvadas-de-pvc\/\" rel=\"category tag\">Ventanas Curvadas de PVC<\/a><\/span><span class=\"d-block float-sm-end mt-3 mt-sm-0\"><a class=\"btn btn-xs btn-default text-xs text-uppercase\" href=\"https:\/\/aluminiosvallirana.es\/fr\/nueva_planta_curvado_pvc\/\">Read more...<\/a><\/span><\/div>\r\n<\/article>\r\n\r\n\t\r\n\t\t<\/div>\r\n\r\n\t\r\n\t\t\t\t\r\n\t<\/div>\t\t\t\t<\/div>\n\t\t\t\t<\/div>\n\t\t\t\t\t<\/div>\r\n\t\t\t\t<\/div>\r\n\t\t\t\t<div class=\"elementor-column elementor-col-50 elementor-top-column elementor-element elementor-element-06371a2\" data-id=\"06371a2\" data-element_type=\"column\" data-e-type=\"column\">\r\n\t\t\t\t\t<div class=\"porto-sticky elementor-widget-wrap elementor-element-populated\" data-plugin-options=\"{&quot;containerSelector&quot;:&quot;.elementor-container&quot;,&quot;minWidth&quot;:768,&quot;padding&quot;:{&quot;top&quot;:110,&quot;bottom&quot;:0},&quot;activeClass&quot;:&quot;sticky-active&quot;,&quot;autoFit&quot;:true}\">\r\n\t\t\t\t\t\t\t\t<div class=\"elementor-element elementor-element-7ae3416 mb-0 pb-1 elementor-widget elementor-widget-sidebar\" data-id=\"7ae3416\" data-element_type=\"widget\" data-e-type=\"widget\" data-widget_type=\"sidebar.default\">\n\t\t\t\t<div class=\"elementor-widget-container\">\n\t\t\t\t\t<aside id=\"categories-3\" class=\"widget widget_categories\"><h3 class=\"widget-title\">Blog Categories<\/h3>\n\t\t\t<ul>\n\t\t\t\t\t<li class=\"cat-item cat-item-253\"><a href=\"https:\/\/aluminiosvallirana.es\/fr\/category\/pvc\/\">PVC<\/a>\n<\/li>\n\t<li class=\"cat-item cat-item-246\"><a href=\"https:\/\/aluminiosvallirana.es\/fr\/category\/ventanas\/\">Ventanas<\/a>\n<ul class='children'>\n\t<li class=\"cat-item cat-item-250\"><a href=\"https:\/\/aluminiosvallirana.es\/fr\/category\/ventanas\/ventana_guillotina_av110rpt\/\">Ventana guillotina AV 110 RPT<\/a>\n<\/li>\n\t<li class=\"cat-item cat-item-247\"><a href=\"https:\/\/aluminiosvallirana.es\/fr\/category\/ventanas\/ventanas-curvadas\/\">Ventanas curvadas<\/a>\n<\/li>\n<\/ul>\n<\/li>\n\t<li class=\"cat-item cat-item-252\"><a href=\"https:\/\/aluminiosvallirana.es\/fr\/category\/ventanas-curvadas-de-pvc\/\">Ventanas Curvadas de PVC<\/a>\n<\/li>\n\t\t\t<\/ul>\n\n\t\t\t<\/aside><aside id=\"recent_posts-widget-3\" class=\"widget widget-recent-posts\"><h3 class=\"widget-title\">Recent Posts<\/h3>\t\t\t<div class=\"has-ccols has-ccols-spacing ccols-1 ccols-lg-1 ccols-md-3 ccols-sm-2\">\r\n\t\t\t\t<div class=\"post-slide\"><div class=\"post-item-small\">\r\n\t\t\t<div class=\"post-image img-thumbnail\">\r\n\t\t\t<a href=\"https:\/\/aluminiosvallirana.es\/fr\/av-skyline-ventana-guillotina-integracion-interior-exterior\/\" aria-label=\"Go to post page\">\r\n\t\t\t\t<img loading=\"lazy\" decoding=\"async\" width=\"85\" height=\"85\" src=\"https:\/\/aluminiosvallirana.es\/wp-content\/uploads\/2025\/03\/guillotina-minimalista-skyline-85x85.jpg\" alt=\"AV-Skyline\" \/>\r\n\t\t\t<\/a>\r\n\t\t<\/div>\r\n\t\t\t\t<div class=\"post-item-content\">\r\n\t\t\t\t\t\t<h5 aria-level=\"4\" class=\"post-item-title\"><a href=\"https:\/\/aluminiosvallirana.es\/fr\/av-skyline-ventana-guillotina-integracion-interior-exterior\/\">AV-Skyline: La ventana guillotina que redefine la integraci\u00f3n interior-exterior<\/a><\/h5>\r\n\t\t\t\t\t<span class=\"post-date\">18\/03\/2025<\/span>\r\n\t\t\t<\/div>\r\n<\/div>\r\n<div class=\"post-item-small\">\r\n\t\t<div class=\"post-item-content\">\r\n\t\t\t\t\t\t<h5 aria-level=\"4\" class=\"post-item-title\"><a href=\"https:\/\/aluminiosvallirana.es\/fr\/novedad_2025_ventana_vertical_minimalista\/\">Pr\u00f3xima novedad 2025: Ventana vertical con perfiles minimalistas<\/a><\/h5>\r\n\t\t\t\t\t<span class=\"post-date\">17\/12\/2024<\/span>\r\n\t\t\t<\/div>\r\n<\/div>\r\n<\/div>\t\t\t<\/div>\r\n\t\t\t<\/aside><aside id=\"tag_cloud-3\" class=\"widget widget_tag_cloud\"><h3 class=\"widget-title\">Tags<\/h3><div class=\"tagcloud\"><a href=\"https:\/\/aluminiosvallirana.es\/fr\/tag\/obras\/\" class=\"tag-cloud-link tag-link-256 tag-link-position-1\" style=\"font-size: 8pt;\" aria-label=\"obras (1 \u00e9l\u00e9ment)\">obras<\/a>\n<a href=\"https:\/\/aluminiosvallirana.es\/fr\/tag\/ventanas\/\" class=\"tag-cloud-link tag-link-254 tag-link-position-2\" style=\"font-size: 22pt;\" aria-label=\"ventanas (4 \u00e9l\u00e9ments)\">ventanas<\/a><\/div>\n<\/aside>\t\t\t\t<\/div>\n\t\t\t\t<\/div>\n\t\t\t\t\t<\/div>\r\n\t\t\t\t<\/div>\r\n\t\t\t\t\t<\/div>\r\n\t\t\t\t<\/div>\r\n\t\t\t\t<section class=\"elementor-section elementor-top-section elementor-element elementor-element-7e6bfc8 px-gutter elementor-section-boxed elementor-section-height-default elementor-section-height-default\" data-id=\"7e6bfc8\" data-element_type=\"section\" data-e-type=\"section\">\r\n\t\t\r\n\t\t\t\t\t\t\t<div class=\"elementor-container elementor-column-gap-default\">\r\n\t\t\t\t\t\t\t\t\t\t\t<div class=\"elementor-column elementor-col-33 elementor-top-column elementor-element elementor-element-fc34161\" data-id=\"fc34161\" data-element_type=\"column\" data-e-type=\"column\">\r\n\t\t\t\t\t<div class=\"elementor-widget-wrap elementor-element-populated\">\r\n\t\t\t\t\t\t\t\t<div class=\"elementor-element elementor-element-2d4bf0e mb-3 elementor-widget elementor-widget-heading\" data-id=\"2d4bf0e\" data-element_type=\"widget\" data-e-type=\"widget\" data-widget_type=\"heading.default\">\n\t\t\t\t<div class=\"elementor-widget-container\">\n\t\t\t\t\t<h3 class=\"elementor-heading-title elementor-size-default\"><strong>Populares<\/strong><\/h3>\t\t\t\t<\/div>\n\t\t\t\t<\/div>\n\t\t\t\t<div class=\"elementor-element elementor-element-5b9b45f elementor-widget elementor-widget-porto_blog\" data-id=\"5b9b45f\" data-element_type=\"widget\" data-e-type=\"widget\" data-widget_type=\"porto_blog.default\">\n\t\t\t\t<div class=\"elementor-widget-container\">\n\t\t\t\t\t<div class=\"porto-blog wpb_content_element  porto-blog-d751713988987e9331980363e24189ce\">\t\t<div class=\"blog-posts posts-grid blog-posts-widget\">\r\n\t\t\t<div class=\"posts-container row\">\r\n\t\t<div class=\"post post-grid col-md-12 post-title-simple post-6146 post type-post status-publish format-standard has-post-thumbnail hentry category-ventanas blog-post-item post-item-small\">\r\n\t\t\t<div class=\"post-image img-thumbnail\">\r\n\t\t\t<a href=\"https:\/\/aluminiosvallirana.es\/fr\/av-skyline-ventana-guillotina-integracion-interior-exterior\/\" aria-label=\"Go to post page\">\r\n\t\t\t\t<img loading=\"lazy\" decoding=\"async\" width=\"85\" height=\"85\" src=\"https:\/\/aluminiosvallirana.es\/wp-content\/uploads\/2025\/03\/guillotina-minimalista-skyline-85x85.jpg\" alt=\"AV-Skyline\" \/>\r\n\t\t\t<\/a>\r\n\t\t<\/div>\r\n\t\t\t\t<div class=\"post-item-content\">\r\n\t\t\t\t\t<span class=\"post-date\">18\/03\/2025<\/span>\r\n\t\t\t\t\t\t<h5 aria-level=\"4\" class=\"post-item-title\"><a href=\"https:\/\/aluminiosvallirana.es\/fr\/av-skyline-ventana-guillotina-integracion-interior-exterior\/\">AV-Skyline: La ventana guillotina que redefine la integraci\u00f3n interior-exterior<\/a><\/h5>\r\n\t\t\t<\/div>\r\n<\/div>\r\n<div class=\"post post-grid col-md-12 post-title-simple post-5646 post type-post status-publish format-standard has-post-thumbnail hentry category-ventana_guillotina_av110rpt category-ventanas tag-obras tag-ventanas blog-post-item post-item-small\">\r\n\t\t\t<div class=\"post-image img-thumbnail\">\r\n\t\t\t<a href=\"https:\/\/aluminiosvallirana.es\/fr\/obra-ventanas-guillotinas-av110-rpt-en-el-monasterio-budista-del-garraf\/\" aria-label=\"Go to post page\">\r\n\t\t\t\t<img loading=\"lazy\" decoding=\"async\" width=\"85\" height=\"85\" src=\"https:\/\/aluminiosvallirana.es\/wp-content\/uploads\/2023\/10\/20220304_143923-85x85.jpg\" alt=\"\" \/>\r\n\t\t\t<\/a>\r\n\t\t<\/div>\r\n\t\t\t\t<div class=\"post-item-content\">\r\n\t\t\t\t\t<span class=\"post-date\">08\/11\/2023<\/span>\r\n\t\t\t\t\t\t<h5 aria-level=\"4\" class=\"post-item-title\"><a href=\"https:\/\/aluminiosvallirana.es\/fr\/obra-ventanas-guillotinas-av110-rpt-en-el-monasterio-budista-del-garraf\/\">Obra Ventanas Guillotinas AV110 RPT en el Monasterio Budista del Garraf<\/a><\/h5>\r\n\t\t\t<\/div>\r\n<\/div>\r\n<div class=\"post post-grid col-md-12 post-title-simple post-5682 post type-post status-publish format-standard has-post-thumbnail hentry category-ventanas category-ventanas-curvadas tag-ventanas blog-post-item post-item-small\">\r\n\t\t\t<div class=\"post-image img-thumbnail\">\r\n\t\t\t<a href=\"https:\/\/aluminiosvallirana.es\/fr\/a-la-vanguardia-del-curvado-obra-de-curva-lateral-en-calle-versalles-paris\/\" aria-label=\"Go to post page\">\r\n\t\t\t\t<img loading=\"lazy\" decoding=\"async\" width=\"85\" height=\"85\" src=\"https:\/\/aluminiosvallirana.es\/wp-content\/uploads\/2023\/10\/Obra-Curvado-Lateral-Obra-Av-Versailles-de-Paris-85x85.jpg\" alt=\"\" \/>\r\n\t\t\t<\/a>\r\n\t\t<\/div>\r\n\t\t\t\t<div class=\"post-item-content\">\r\n\t\t\t\t\t<span class=\"post-date\">20\/11\/2023<\/span>\r\n\t\t\t\t\t\t<h5 aria-level=\"4\" class=\"post-item-title\"><a href=\"https:\/\/aluminiosvallirana.es\/fr\/a-la-vanguardia-del-curvado-obra-de-curva-lateral-en-calle-versalles-paris\/\">A la Vanguardia del Curvado: Obra de curva lateral en Calle Versalles, Par\u00eds.<\/a><\/h5>\r\n\t\t\t<\/div>\r\n<\/div>\r\n<div class=\"post post-grid col-md-12 post-title-simple post-5700 post type-post status-publish format-standard has-post-thumbnail hentry category-ventanas category-ventanas-curvadas tag-ventanas blog-post-item post-item-small\">\r\n\t\t\t<div class=\"post-image img-thumbnail\">\r\n\t\t\t<a href=\"https:\/\/aluminiosvallirana.es\/fr\/curvado_lateral_aluminio_sant_joan_deu\/\" aria-label=\"Go to post page\">\r\n\t\t\t\t<img loading=\"lazy\" decoding=\"async\" width=\"85\" height=\"85\" src=\"https:\/\/aluminiosvallirana.es\/wp-content\/uploads\/2024\/01\/curvado-lateral-hospital-sant-pau-barcelona-85x85.jpg\" alt=\"\" \/>\r\n\t\t\t<\/a>\r\n\t\t<\/div>\r\n\t\t\t\t<div class=\"post-item-content\">\r\n\t\t\t\t\t<span class=\"post-date\">17\/01\/2024<\/span>\r\n\t\t\t\t\t\t<h5 aria-level=\"4\" class=\"post-item-title\"><a href=\"https:\/\/aluminiosvallirana.es\/fr\/curvado_lateral_aluminio_sant_joan_deu\/\">M\u00e1s que un curvado lateral. Obra hospital Sant Joan de Deu, Barcelona<\/a><\/h5>\r\n\t\t\t<\/div>\r\n<\/div>\r\n<div class=\"post post-grid col-md-12 post-title-simple post-5555 post type-post status-publish format-standard has-post-thumbnail hentry category-pvc category-ventanas-curvadas-de-pvc blog-post-item post-item-small\">\r\n\t\t\t<div class=\"post-image img-thumbnail\">\r\n\t\t\t<a href=\"https:\/\/aluminiosvallirana.es\/fr\/nueva_planta_curvado_pvc\/\" aria-label=\"Go to post page\">\r\n\t\t\t\t<img loading=\"lazy\" decoding=\"async\" width=\"85\" height=\"85\" src=\"https:\/\/aluminiosvallirana.es\/wp-content\/uploads\/2023\/10\/ventana_curvada_pvc-85x85.jpeg\" alt=\"Ventana curvada PVC\" \/>\r\n\t\t\t<\/a>\r\n\t\t<\/div>\r\n\t\t\t\t<div class=\"post-item-content\">\r\n\t\t\t\t\t<span class=\"post-date\">19\/10\/2023<\/span>\r\n\t\t\t\t\t\t<h5 aria-level=\"4\" class=\"post-item-title\"><a href=\"https:\/\/aluminiosvallirana.es\/fr\/nueva_planta_curvado_pvc\/\">Nueva Planta curvado PVC<\/a><\/h5>\r\n\t\t\t<\/div>\r\n<\/div>\r\n\r\n\t\r\n\t\t\t<\/div>\r\n\t\t<\/div>\r\n\r\n\t\r\n\t\r\n\t<\/div>\t\t\t\t<\/div>\n\t\t\t\t<\/div>\n\t\t\t\t\t<\/div>\r\n\t\t\t\t<\/div>\r\n\t\t\t\t<div class=\"elementor-column elementor-col-33 elementor-top-column elementor-element elementor-element-4038818\" data-id=\"4038818\" data-element_type=\"column\" data-e-type=\"column\">\r\n\t\t\t\t\t<div class=\"elementor-widget-wrap elementor-element-populated\">\r\n\t\t\t\t\t\t\t\t<div class=\"elementor-element elementor-element-ba87c9a mb-3 elementor-widget elementor-widget-heading\" data-id=\"ba87c9a\" data-element_type=\"widget\" data-e-type=\"widget\" data-widget_type=\"heading.default\">\n\t\t\t\t<div class=\"elementor-widget-container\">\n\t\t\t\t\t<h3 class=\"elementor-heading-title elementor-size-default\"><strong>Recientes<\/strong><\/h3>\t\t\t\t<\/div>\n\t\t\t\t<\/div>\n\t\t\t\t<div class=\"elementor-element elementor-element-f10fead elementor-widget elementor-widget-porto_blog\" data-id=\"f10fead\" data-element_type=\"widget\" data-e-type=\"widget\" data-widget_type=\"porto_blog.default\">\n\t\t\t\t<div class=\"elementor-widget-container\">\n\t\t\t\t\t<div class=\"porto-blog wpb_content_element  porto-blog-d751713988987e9331980363e24189ce\">\t\t<div class=\"blog-posts posts-grid blog-posts-widget\">\r\n\t\t\t<div class=\"posts-container row\">\r\n\t\t<div class=\"post post-grid col-md-12 post-title-simple post-6146 post type-post status-publish format-standard has-post-thumbnail hentry category-ventanas blog-post-item post-item-small\">\r\n\t\t\t<div class=\"post-image img-thumbnail\">\r\n\t\t\t<a href=\"https:\/\/aluminiosvallirana.es\/fr\/av-skyline-ventana-guillotina-integracion-interior-exterior\/\" aria-label=\"Go to post page\">\r\n\t\t\t\t<img loading=\"lazy\" decoding=\"async\" width=\"85\" height=\"85\" src=\"https:\/\/aluminiosvallirana.es\/wp-content\/uploads\/2025\/03\/guillotina-minimalista-skyline-85x85.jpg\" alt=\"AV-Skyline\" \/>\r\n\t\t\t<\/a>\r\n\t\t<\/div>\r\n\t\t\t\t<div class=\"post-item-content\">\r\n\t\t\t\t\t<span class=\"post-date\">18\/03\/2025<\/span>\r\n\t\t\t\t\t\t<h5 aria-level=\"4\" class=\"post-item-title\"><a href=\"https:\/\/aluminiosvallirana.es\/fr\/av-skyline-ventana-guillotina-integracion-interior-exterior\/\">AV-Skyline: La ventana guillotina que redefine la integraci\u00f3n interior-exterior<\/a><\/h5>\r\n\t\t\t<\/div>\r\n<\/div>\r\n<div class=\"post post-grid col-md-12 post-title-simple post-6138 post type-post status-publish format-standard hentry category-ventana_guillotina_av110rpt category-ventanas tag-ventanas blog-post-item post-item-small\">\r\n\t\t<div class=\"post-item-content\">\r\n\t\t\t\t\t<span class=\"post-date\">17\/12\/2024<\/span>\r\n\t\t\t\t\t\t<h5 aria-level=\"4\" class=\"post-item-title\"><a href=\"https:\/\/aluminiosvallirana.es\/fr\/novedad_2025_ventana_vertical_minimalista\/\">Pr\u00f3xima novedad 2025: Ventana vertical con perfiles minimalistas<\/a><\/h5>\r\n\t\t\t<\/div>\r\n<\/div>\r\n<div class=\"post post-grid col-md-12 post-title-simple post-5700 post type-post status-publish format-standard has-post-thumbnail hentry category-ventanas category-ventanas-curvadas tag-ventanas blog-post-item post-item-small\">\r\n\t\t\t<div class=\"post-image img-thumbnail\">\r\n\t\t\t<a href=\"https:\/\/aluminiosvallirana.es\/fr\/curvado_lateral_aluminio_sant_joan_deu\/\" aria-label=\"Go to post page\">\r\n\t\t\t\t<img loading=\"lazy\" decoding=\"async\" width=\"85\" height=\"85\" src=\"https:\/\/aluminiosvallirana.es\/wp-content\/uploads\/2024\/01\/curvado-lateral-hospital-sant-pau-barcelona-85x85.jpg\" alt=\"\" \/>\r\n\t\t\t<\/a>\r\n\t\t<\/div>\r\n\t\t\t\t<div class=\"post-item-content\">\r\n\t\t\t\t\t<span class=\"post-date\">17\/01\/2024<\/span>\r\n\t\t\t\t\t\t<h5 aria-level=\"4\" class=\"post-item-title\"><a href=\"https:\/\/aluminiosvallirana.es\/fr\/curvado_lateral_aluminio_sant_joan_deu\/\">M\u00e1s que un curvado lateral. Obra hospital Sant Joan de Deu, Barcelona<\/a><\/h5>\r\n\t\t\t<\/div>\r\n<\/div>\r\n<div class=\"post post-grid col-md-12 post-title-simple post-5682 post type-post status-publish format-standard has-post-thumbnail hentry category-ventanas category-ventanas-curvadas tag-ventanas blog-post-item post-item-small\">\r\n\t\t\t<div class=\"post-image img-thumbnail\">\r\n\t\t\t<a href=\"https:\/\/aluminiosvallirana.es\/fr\/a-la-vanguardia-del-curvado-obra-de-curva-lateral-en-calle-versalles-paris\/\" aria-label=\"Go to post page\">\r\n\t\t\t\t<img loading=\"lazy\" decoding=\"async\" width=\"85\" height=\"85\" src=\"https:\/\/aluminiosvallirana.es\/wp-content\/uploads\/2023\/10\/Obra-Curvado-Lateral-Obra-Av-Versailles-de-Paris-85x85.jpg\" alt=\"\" \/>\r\n\t\t\t<\/a>\r\n\t\t<\/div>\r\n\t\t\t\t<div class=\"post-item-content\">\r\n\t\t\t\t\t<span class=\"post-date\">20\/11\/2023<\/span>\r\n\t\t\t\t\t\t<h5 aria-level=\"4\" class=\"post-item-title\"><a href=\"https:\/\/aluminiosvallirana.es\/fr\/a-la-vanguardia-del-curvado-obra-de-curva-lateral-en-calle-versalles-paris\/\">A la Vanguardia del Curvado: Obra de curva lateral en Calle Versalles, Par\u00eds.<\/a><\/h5>\r\n\t\t\t<\/div>\r\n<\/div>\r\n<div class=\"post post-grid col-md-12 post-title-simple post-5646 post type-post status-publish format-standard has-post-thumbnail hentry category-ventana_guillotina_av110rpt category-ventanas tag-obras tag-ventanas blog-post-item post-item-small\">\r\n\t\t\t<div class=\"post-image img-thumbnail\">\r\n\t\t\t<a href=\"https:\/\/aluminiosvallirana.es\/fr\/obra-ventanas-guillotinas-av110-rpt-en-el-monasterio-budista-del-garraf\/\" aria-label=\"Go to post page\">\r\n\t\t\t\t<img loading=\"lazy\" decoding=\"async\" width=\"85\" height=\"85\" src=\"https:\/\/aluminiosvallirana.es\/wp-content\/uploads\/2023\/10\/20220304_143923-85x85.jpg\" alt=\"\" \/>\r\n\t\t\t<\/a>\r\n\t\t<\/div>\r\n\t\t\t\t<div class=\"post-item-content\">\r\n\t\t\t\t\t<span class=\"post-date\">08\/11\/2023<\/span>\r\n\t\t\t\t\t\t<h5 aria-level=\"4\" class=\"post-item-title\"><a href=\"https:\/\/aluminiosvallirana.es\/fr\/obra-ventanas-guillotinas-av110-rpt-en-el-monasterio-budista-del-garraf\/\">Obra Ventanas Guillotinas AV110 RPT en el Monasterio Budista del Garraf<\/a><\/h5>\r\n\t\t\t<\/div>\r\n<\/div>\r\n\r\n\t\r\n\t\t\t<\/div>\r\n\t\t<\/div>\r\n\r\n\t\r\n\t\r\n\t<\/div>\t\t\t\t<\/div>\n\t\t\t\t<\/div>\n\t\t\t\t\t<\/div>\r\n\t\t\t\t<\/div>\r\n\t\t\t\t<div class=\"elementor-column elementor-col-33 elementor-top-column elementor-element elementor-element-e4cb46b\" data-id=\"e4cb46b\" data-element_type=\"column\" data-e-type=\"column\">\r\n\t\t\t\t\t<div class=\"elementor-widget-wrap elementor-element-populated\">\r\n\t\t\t\t\t\t\t\t<div class=\"elementor-element elementor-element-5562fe2 mb-3 elementor-widget elementor-widget-heading\" data-id=\"5562fe2\" data-element_type=\"widget\" data-e-type=\"widget\" data-widget_type=\"heading.default\">\n\t\t\t\t<div class=\"elementor-widget-container\">\n\t\t\t\t\t<h3 class=\"elementor-heading-title elementor-size-default\"><strong>Featured Posts<\/strong><\/h3>\t\t\t\t<\/div>\n\t\t\t\t<\/div>\n\t\t\t\t<div class=\"elementor-element elementor-element-e343ee6 mb-3 elementor-widget elementor-widget-heading\" data-id=\"e343ee6\" data-element_type=\"widget\" data-e-type=\"widget\" data-widget_type=\"heading.default\">\n\t\t\t\t<div class=\"elementor-widget-container\">\n\t\t\t\t\t<h3 class=\"elementor-heading-title elementor-size-default\"><strong>Featured Author<\/strong><\/h3>\t\t\t\t<\/div>\n\t\t\t\t<\/div>\n\t\t\t\t<div class=\"elementor-element elementor-element-4a6975c elementor-widget elementor-widget-porto_info_box\" data-id=\"4a6975c\" data-element_type=\"widget\" data-e-type=\"widget\" data-widget_type=\"porto_info_box.default\">\n\t\t\t\t<div class=\"elementor-widget-container\">\n\t\t\t\t\t<div class=\"porto-sicon-box style_1 default-icon\"><div class=\"porto-sicon-default\"><div class=\"porto-just-icon-wrapper porto-sicon-img  porto-icon-d751713988987e9331980363e24189ce\" style=\"\"><img loading=\"lazy\" decoding=\"async\" class=\"img-icon\" alt=\"\" src=\"https:\/\/aluminiosvallirana.es\/wp-content\/uploads\/2023\/11\/team-8.jpg\" width=\"800\" height=\"800\" \/><\/div><\/div><div class=\"porto-sicon-header\"><a class=\"porto-sicon-box-link\" href=\"\"><h3 class=\"porto-sicon-title\" style=\"\">John Doe<\/h3><\/a><p >Lorem ipsum dolor sit amet, consectetur adipiscing elit. Nam viverra euismod odio, gravida pelle, consectetur adipiscing elit.<\/p><\/div> <!-- header --><\/div><!-- porto-sicon-box -->\t\t\t\t<\/div>\n\t\t\t\t<\/div>\n\t\t\t\t\t<\/div>\r\n\t\t\t\t<\/div>\r\n\t\t\t\t\t<\/div>\r\n\t\t\t\t<\/section>\r\n\t\t\t\t<\/div>","protected":false},"excerpt":{"rendered":"<p>PVC Aluminio Curvados Ventanas Guillotina Trabajos Artesanales 17Ene17\/01\/2024 M\u00e1s que un curvado lateral. Obra hospital Sant Joan de Deu, Barcelona Marc2024-01-17T12:49:27+01:00 Aluminios Vallirana, empresa especializada en la fabricaci\u00f3n y en el curvado de aluminio, a la hora de dar forma curva a ventanas o estructuras de aluminio se implanta la t\u00e9cnica del curvado lateral. Esta [&hellip;]<\/p>\n","protected":false},"author":1,"featured_media":0,"parent":0,"menu_order":0,"comment_status":"closed","ping_status":"closed","template":"","meta":{"_acf_changed":false,"om_disable_all_campaigns":false,"footnotes":""},"class_list":["post-144","page","type-page","status-publish","hentry"],"acf":[],"aioseo_notices":[],"_links":{"self":[{"href":"https:\/\/aluminiosvallirana.es\/fr\/wp-json\/wp\/v2\/pages\/144","targetHints":{"allow":["GET"]}}],"collection":[{"href":"https:\/\/aluminiosvallirana.es\/fr\/wp-json\/wp\/v2\/pages"}],"about":[{"href":"https:\/\/aluminiosvallirana.es\/fr\/wp-json\/wp\/v2\/types\/page"}],"author":[{"embeddable":true,"href":"https:\/\/aluminiosvallirana.es\/fr\/wp-json\/wp\/v2\/users\/1"}],"replies":[{"embeddable":true,"href":"https:\/\/aluminiosvallirana.es\/fr\/wp-json\/wp\/v2\/comments?post=144"}],"version-history":[{"count":40,"href":"https:\/\/aluminiosvallirana.es\/fr\/wp-json\/wp\/v2\/pages\/144\/revisions"}],"predecessor-version":[{"id":5722,"href":"https:\/\/aluminiosvallirana.es\/fr\/wp-json\/wp\/v2\/pages\/144\/revisions\/5722"}],"wp:attachment":[{"href":"https:\/\/aluminiosvallirana.es\/fr\/wp-json\/wp\/v2\/media?parent=144"}],"curies":[{"name":"wp","href":"https:\/\/api.w.org\/{rel}","templated":true}]}}