{"id":5233,"date":"2023-02-13T18:48:42","date_gmt":"2023-02-13T17:48:42","guid":{"rendered":"https:\/\/aluminiosvallirana.es\/?page_id=5233"},"modified":"2023-02-13T19:04:00","modified_gmt":"2023-02-13T18:04:00","slug":"categorias","status":"publish","type":"page","link":"https:\/\/aluminiosvallirana.es\/fr\/categorias\/","title":{"rendered":"Toutes cat\u00e9gories"},"content":{"rendered":"<div data-elementor-type=\"wp-page\" data-elementor-id=\"5233\" class=\"elementor elementor-5233\" data-elementor-post-type=\"page\">\n\t\t\t\t\t\t<section class=\"elementor-section elementor-top-section elementor-element elementor-element-7a6dea82 elementor-section-content-middle elementor-section-boxed elementor-section-height-default elementor-section-height-default\" data-id=\"7a6dea82\" data-element_type=\"section\" data-e-type=\"section\" data-settings=\"{&quot;background_background&quot;:&quot;classic&quot;}\">\r\n\t\t\t\t\t\t<div class=\"elementor-background-overlay\"><\/div>\r\n\t\t\t\r\n\t\t\t\t\t\t\t<div class=\"elementor-container elementor-column-gap-no\">\r\n\t\t\t\t\t\t\t\t\t\t\t<div class=\"elementor-column elementor-col-100 elementor-top-column elementor-element elementor-element-7d17a8cc\" data-id=\"7d17a8cc\" data-element_type=\"column\" data-e-type=\"column\">\r\n\t\t\t\t\t<div class=\"elementor-widget-wrap elementor-element-populated\">\r\n\t\t\t\t\t\t\t\t<div class=\"elementor-element elementor-element-635db612 elementor-widget elementor-widget-heading\" data-id=\"635db612\" data-element_type=\"widget\" data-e-type=\"widget\" data-widget_type=\"heading.default\">\n\t\t\t\t<div class=\"elementor-widget-container\">\n\t\t\t\t\t<h2 class=\"elementor-heading-title elementor-size-default\">NOS PRODUITS<\/h2>\t\t\t\t<\/div>\n\t\t\t\t<\/div>\n\t\t\t\t<div class=\"elementor-element elementor-element-5111e456 elementor-widget-divider--view-line elementor-widget elementor-widget-divider\" data-id=\"5111e456\" data-element_type=\"widget\" data-e-type=\"widget\" data-widget_type=\"divider.default\">\n\t\t\t\t<div class=\"elementor-widget-container\">\n\t\t\t\t\t\t\t<div class=\"elementor-divider\">\n\t\t\t<span class=\"elementor-divider-separator\">\n\t\t\t\t\t\t<\/span>\n\t\t<\/div>\n\t\t\t\t\t\t<\/div>\n\t\t\t\t<\/div>\n\t\t\t\t<section class=\"elementor-section elementor-inner-section elementor-element elementor-element-13d4f2b5 elementor-section-boxed elementor-section-height-default elementor-section-height-default elementor-invisible\" data-id=\"13d4f2b5\" data-element_type=\"section\" data-e-type=\"section\" data-settings=\"{&quot;animation&quot;:&quot;fadeInLeft&quot;}\">\r\n\t\t\r\n\t\t\t\t\t\t\t<div class=\"elementor-container elementor-column-gap-no\">\r\n\t\t\t\t\t\t\t\t\t\t\t<div class=\"elementor-column elementor-col-33 elementor-inner-column elementor-element elementor-element-63d5bd81\" data-id=\"63d5bd81\" data-element_type=\"column\" data-e-type=\"column\">\r\n\t\t\t\t\t<div class=\"elementor-widget-wrap elementor-element-populated\">\r\n\t\t\t\t\t\t\t\t<div class=\"elementor-element elementor-element-32135896 elementor-invisible elementor-widget elementor-widget-image\" data-id=\"32135896\" data-element_type=\"widget\" data-e-type=\"widget\" data-settings=\"{&quot;_animation&quot;:&quot;pulse&quot;}\" data-widget_type=\"image.default\">\n\t\t\t\t<div class=\"elementor-widget-container\">\n\t\t\t\t\t\t\t\t\t\t\t\t\t\t\t\t<a href=\"https:\/\/aluminiosvallirana.es\/fr\/categorias\/aluminio-curvado-barato\/\">\n\t\t\t\t\t\t\t<img fetchpriority=\"high\" decoding=\"async\" width=\"400\" height=\"300\" src=\"https:\/\/aluminiosvallirana.es\/wp-content\/uploads\/2022\/11\/IMG_1213-2-400x300.jpg\" class=\"attachment-blog-grid-small size-blog-grid-small wp-image-3750\" alt=\"\" \/>\t\t\t\t\t\t\t\t<\/a>\n\t\t\t\t\t\t\t\t\t\t\t\t\t\t\t<\/div>\n\t\t\t\t<\/div>\n\t\t\t\t<div class=\"elementor-element elementor-element-61fa340 elementor-widget elementor-widget-heading\" data-id=\"61fa340\" data-element_type=\"widget\" data-e-type=\"widget\" data-widget_type=\"heading.default\">\n\t\t\t\t<div class=\"elementor-widget-container\">\n\t\t\t\t\t<h3 class=\"elementor-heading-title elementor-size-default\"><a href=\"https:\/\/aluminiosvallirana.es\/fr\/categorias\/aluminio-curvado-barato\/\">ALUMINIUM COURB\u00c9<\/a><\/h3>\t\t\t\t<\/div>\n\t\t\t\t<\/div>\n\t\t\t\t<div class=\"elementor-element elementor-element-748a218b elementor-widget elementor-widget-text-editor\" data-id=\"748a218b\" data-element_type=\"widget\" data-e-type=\"widget\" data-widget_type=\"text-editor.default\">\n\t\t\t\t<div class=\"elementor-widget-container\">\n\t\t\t\t\t\t\t\t\t<p><a href=\"https:\/\/aluminiosvallirana.es\/fr\/categorias\/aluminio-curvado-barato\/\">Nous sommes sp\u00e9cialistes du cintrage et de la fabrication d'aluminium cintr\u00e9, nous sommes \u00e9galement fabricants d'aluminium cintr\u00e9.<\/a><\/p>\t\t\t\t\t\t\t\t<\/div>\n\t\t\t\t<\/div>\n\t\t\t\t\t<\/div>\r\n\t\t\t\t<\/div>\r\n\t\t\t\t<div class=\"elementor-column elementor-col-33 elementor-inner-column elementor-element elementor-element-2f411423\" data-id=\"2f411423\" data-element_type=\"column\" data-e-type=\"column\">\r\n\t\t\t\t\t<div class=\"elementor-widget-wrap elementor-element-populated\">\r\n\t\t\t\t\t\t\t\t<div class=\"elementor-element elementor-element-7603cf3f elementor-widget elementor-widget-image\" data-id=\"7603cf3f\" data-element_type=\"widget\" data-e-type=\"widget\" data-widget_type=\"image.default\">\n\t\t\t\t<div class=\"elementor-widget-container\">\n\t\t\t\t\t\t\t\t\t\t\t\t\t\t\t\t<a href=\"https:\/\/aluminiosvallirana.es\/fr\/productos\/ojos-de-buey\/\">\n\t\t\t\t\t\t\t<img decoding=\"async\" width=\"400\" height=\"300\" src=\"https:\/\/aluminiosvallirana.es\/wp-content\/uploads\/2022\/11\/ojos-de-buey-apertura-total-1-400x300.jpg\" class=\"attachment-blog-grid-small size-blog-grid-small wp-image-3761\" alt=\"\" \/>\t\t\t\t\t\t\t\t<\/a>\n\t\t\t\t\t\t\t\t\t\t\t\t\t\t\t<\/div>\n\t\t\t\t<\/div>\n\t\t\t\t<div class=\"elementor-element elementor-element-7d667a55 elementor-widget elementor-widget-heading\" data-id=\"7d667a55\" data-element_type=\"widget\" data-e-type=\"widget\" data-widget_type=\"heading.default\">\n\t\t\t\t<div class=\"elementor-widget-container\">\n\t\t\t\t\t<h3 class=\"elementor-heading-title elementor-size-default\"><a href=\"https:\/\/aluminiosvallirana.es\/fr\/productos\/ojos-de-buey\/\">HUBLOTS<\/a><\/h3>\t\t\t\t<\/div>\n\t\t\t\t<\/div>\n\t\t\t\t<div class=\"elementor-element elementor-element-504f215 elementor-widget elementor-widget-text-editor\" data-id=\"504f215\" data-element_type=\"widget\" data-e-type=\"widget\" data-widget_type=\"text-editor.default\">\n\t\t\t\t<div class=\"elementor-widget-container\">\n\t\t\t\t\t\t\t\t\t<p><a href=\"https:\/\/aluminiosvallirana.es\/fr\/productos\/ojos-de-buey\/\">Nous sommes des fabricants leaders dans la fabrication de hublots en aluminium.<\/a><\/p>\t\t\t\t\t\t\t\t<\/div>\n\t\t\t\t<\/div>\n\t\t\t\t\t<\/div>\r\n\t\t\t\t<\/div>\r\n\t\t\t\t<div class=\"elementor-column elementor-col-33 elementor-inner-column elementor-element elementor-element-706a3819\" data-id=\"706a3819\" data-element_type=\"column\" data-e-type=\"column\">\r\n\t\t\t\t\t<div class=\"elementor-widget-wrap elementor-element-populated\">\r\n\t\t\t\t\t\t\t\t<div class=\"elementor-element elementor-element-7aa95e7a elementor-invisible elementor-widget elementor-widget-image\" data-id=\"7aa95e7a\" data-element_type=\"widget\" data-e-type=\"widget\" data-settings=\"{&quot;_animation&quot;:&quot;pulse&quot;}\" data-widget_type=\"image.default\">\n\t\t\t\t<div class=\"elementor-widget-container\">\n\t\t\t\t\t\t\t\t\t\t\t\t\t\t\t\t<a href=\"https:\/\/aluminiosvallirana.es\/fr\/categorias\/ventanas-guillotina-aluminio\/\">\n\t\t\t\t\t\t\t<img decoding=\"async\" width=\"400\" height=\"300\" src=\"https:\/\/aluminiosvallirana.es\/wp-content\/uploads\/2022\/11\/Guillotinas-AV-110-RPT-obra-May-Altafulla-Beach-Boutique-Hotel-1-400x300.jpg\" class=\"attachment-blog-grid-small size-blog-grid-small wp-image-3751\" alt=\"\" \/>\t\t\t\t\t\t\t\t<\/a>\n\t\t\t\t\t\t\t\t\t\t\t\t\t\t\t<\/div>\n\t\t\t\t<\/div>\n\t\t\t\t<div class=\"elementor-element elementor-element-a1636ba elementor-widget elementor-widget-heading\" data-id=\"a1636ba\" data-element_type=\"widget\" data-e-type=\"widget\" data-widget_type=\"heading.default\">\n\t\t\t\t<div class=\"elementor-widget-container\">\n\t\t\t\t\t<h3 class=\"elementor-heading-title elementor-size-default\"><a href=\"https:\/\/aluminiosvallirana.es\/fr\/categorias\/ventanas-guillotina-aluminio\/\">FEN\u00caTRES \u00c0 GUILLOTINE EN ALUMINIUM<\/a><\/h3>\t\t\t\t<\/div>\n\t\t\t\t<\/div>\n\t\t\t\t<div class=\"elementor-element elementor-element-3c321203 elementor-widget elementor-widget-text-editor\" data-id=\"3c321203\" data-element_type=\"widget\" data-e-type=\"widget\" data-widget_type=\"text-editor.default\">\n\t\t\t\t<div class=\"elementor-widget-container\">\n\t\t\t\t\t\t\t\t\t<p><a href=\"https:\/\/aluminiosvallirana.es\/fr\/categorias\/ventanas-guillotina-aluminio\/\">Ici, vous pouvez acheter des fen\u00eatres \u00e0 guillotine bon march\u00e9. Nous sommes fabricants de fen\u00eatres \u00e0 guillotine.\u00a0<\/a><\/p>\t\t\t\t\t\t\t\t<\/div>\n\t\t\t\t<\/div>\n\t\t\t\t\t<\/div>\r\n\t\t\t\t<\/div>\r\n\t\t\t\t\t<\/div>\r\n\t\t\t\t<\/section>\r\n\t\t\t\t<section class=\"elementor-section elementor-inner-section elementor-element elementor-element-d7bffc6 elementor-section-boxed elementor-section-height-default elementor-section-height-default elementor-invisible\" data-id=\"d7bffc6\" data-element_type=\"section\" data-e-type=\"section\" data-settings=\"{&quot;animation&quot;:&quot;fadeInLeft&quot;}\">\r\n\t\t\r\n\t\t\t\t\t\t\t<div class=\"elementor-container elementor-column-gap-no\">\r\n\t\t\t\t\t\t\t\t\t\t\t<div class=\"elementor-column elementor-col-25 elementor-inner-column elementor-element elementor-element-5377a127\" data-id=\"5377a127\" data-element_type=\"column\" data-e-type=\"column\">\r\n\t\t\t\t\t<div class=\"elementor-widget-wrap elementor-element-populated\">\r\n\t\t\t\t\t\t\t\t<div class=\"elementor-element elementor-element-39b47f66 elementor-widget elementor-widget-image\" data-id=\"39b47f66\" data-element_type=\"widget\" data-e-type=\"widget\" data-widget_type=\"image.default\">\n\t\t\t\t<div class=\"elementor-widget-container\">\n\t\t\t\t\t\t\t\t\t\t\t\t\t\t\t\t<a href=\"https:\/\/aluminiosvallirana.es\/fr\/categorias\/venta-de-mallorquinas-baratas\/\">\n\t\t\t\t\t\t\t<img loading=\"lazy\" decoding=\"async\" width=\"1024\" height=\"768\" src=\"https:\/\/aluminiosvallirana.es\/wp-content\/uploads\/2022\/11\/Mallorquinas-correderas-5-1024x768.jpg\" class=\"attachment-large size-large wp-image-3752\" alt=\"\" srcset=\"https:\/\/aluminiosvallirana.es\/wp-content\/uploads\/2022\/11\/Mallorquinas-correderas-5-1024x768.jpg 1024w, https:\/\/aluminiosvallirana.es\/wp-content\/uploads\/2022\/11\/Mallorquinas-correderas-5-768x576.jpg 768w, https:\/\/aluminiosvallirana.es\/wp-content\/uploads\/2022\/11\/Mallorquinas-correderas-5-463x348.jpg 463w, https:\/\/aluminiosvallirana.es\/wp-content\/uploads\/2022\/11\/Mallorquinas-correderas-5-640x480.jpg 640w, https:\/\/aluminiosvallirana.es\/wp-content\/uploads\/2022\/11\/Mallorquinas-correderas-5-400x300.jpg 400w, https:\/\/aluminiosvallirana.es\/wp-content\/uploads\/2022\/11\/Mallorquinas-correderas-5-600x450.jpg 600w\" sizes=\"(max-width: 1024px) 100vw, 1024px\" \/>\t\t\t\t\t\t\t\t<\/a>\n\t\t\t\t\t\t\t\t\t\t\t\t\t\t\t<\/div>\n\t\t\t\t<\/div>\n\t\t\t\t<div class=\"elementor-element elementor-element-6f3d485e elementor-widget elementor-widget-heading\" data-id=\"6f3d485e\" data-element_type=\"widget\" data-e-type=\"widget\" data-widget_type=\"heading.default\">\n\t\t\t\t<div class=\"elementor-widget-container\">\n\t\t\t\t\t<h4 class=\"elementor-heading-title elementor-size-default\"><a href=\"https:\/\/aluminiosvallirana.es\/fr\/categorias\/venta-de-mallorquinas-baratas\/\">VOLETS BATTANTS<\/a><\/h4>\t\t\t\t<\/div>\n\t\t\t\t<\/div>\n\t\t\t\t<div class=\"elementor-element elementor-element-887eb05 elementor-widget elementor-widget-text-editor\" data-id=\"887eb05\" data-element_type=\"widget\" data-e-type=\"widget\" data-widget_type=\"text-editor.default\">\n\t\t\t\t<div class=\"elementor-widget-container\">\n\t\t\t\t\t\t\t\t\t<p><a href=\"https:\/\/aluminiosvallirana.es\/fr\/categorias\/venta-de-mallorquinas-baratas\/\">Fabricants directs de volets en aluminium \u00e9conomiques et performants.<\/a><\/p>\t\t\t\t\t\t\t\t<\/div>\n\t\t\t\t<\/div>\n\t\t\t\t\t<\/div>\r\n\t\t\t\t<\/div>\r\n\t\t\t\t<div class=\"elementor-column elementor-col-25 elementor-inner-column elementor-element elementor-element-54db0d31\" data-id=\"54db0d31\" data-element_type=\"column\" data-e-type=\"column\">\r\n\t\t\t\t\t<div class=\"elementor-widget-wrap elementor-element-populated\">\r\n\t\t\t\t\t\t\t\t<div class=\"elementor-element elementor-element-233b4855 elementor-widget elementor-widget-image\" data-id=\"233b4855\" data-element_type=\"widget\" data-e-type=\"widget\" data-widget_type=\"image.default\">\n\t\t\t\t<div class=\"elementor-widget-container\">\n\t\t\t\t\t\t\t\t\t\t\t\t\t\t\t\t<a href=\"https:\/\/aluminiosvallirana.es\/fr\/categorias\/vallas-aluminio\/\">\n\t\t\t\t\t\t\t<img loading=\"lazy\" decoding=\"async\" width=\"1024\" height=\"768\" src=\"https:\/\/aluminiosvallirana.es\/wp-content\/uploads\/2022\/11\/20210909_160839-scaled-1-1024x768.jpg\" class=\"attachment-large size-large wp-image-3757\" alt=\"\" srcset=\"https:\/\/aluminiosvallirana.es\/wp-content\/uploads\/2022\/11\/20210909_160839-scaled-1-1024x768.jpg 1024w, https:\/\/aluminiosvallirana.es\/wp-content\/uploads\/2022\/11\/20210909_160839-scaled-1-768x576.jpg 768w, https:\/\/aluminiosvallirana.es\/wp-content\/uploads\/2022\/11\/20210909_160839-scaled-1-463x348.jpg 463w, https:\/\/aluminiosvallirana.es\/wp-content\/uploads\/2022\/11\/20210909_160839-scaled-1-640x480.jpg 640w, https:\/\/aluminiosvallirana.es\/wp-content\/uploads\/2022\/11\/20210909_160839-scaled-1-400x300.jpg 400w, https:\/\/aluminiosvallirana.es\/wp-content\/uploads\/2022\/11\/20210909_160839-scaled-1-600x450.jpg 600w\" sizes=\"(max-width: 1024px) 100vw, 1024px\" \/>\t\t\t\t\t\t\t\t<\/a>\n\t\t\t\t\t\t\t\t\t\t\t\t\t\t\t<\/div>\n\t\t\t\t<\/div>\n\t\t\t\t<div class=\"elementor-element elementor-element-7da3987a elementor-widget elementor-widget-heading\" data-id=\"7da3987a\" data-element_type=\"widget\" data-e-type=\"widget\" data-widget_type=\"heading.default\">\n\t\t\t\t<div class=\"elementor-widget-container\">\n\t\t\t\t\t<h4 class=\"elementor-heading-title elementor-size-default\"><a href=\"https:\/\/aluminiosvallirana.es\/fr\/categorias\/vallas-aluminio\/\">CL\u00d4TURES EN ALUMINIUM<\/a><\/h4>\t\t\t\t<\/div>\n\t\t\t\t<\/div>\n\t\t\t\t<div class=\"elementor-element elementor-element-6cc3cabd elementor-widget elementor-widget-text-editor\" data-id=\"6cc3cabd\" data-element_type=\"widget\" data-e-type=\"widget\" data-widget_type=\"text-editor.default\">\n\t\t\t\t<div class=\"elementor-widget-container\">\n\t\t\t\t\t\t\t\t\t<p><a href=\"https:\/\/aluminiosvallirana.es\/fr\/categorias\/vallas-aluminio\/\">Si vous recherchez une cl\u00f4ture de jardin, des cl\u00f4tures de terrasse, des cl\u00f4tures de maison, nous sommes fabricants de cl\u00f4tures.<\/a><\/p>\t\t\t\t\t\t\t\t<\/div>\n\t\t\t\t<\/div>\n\t\t\t\t\t<\/div>\r\n\t\t\t\t<\/div>\r\n\t\t\t\t<div class=\"elementor-column elementor-col-25 elementor-inner-column elementor-element elementor-element-4a39f02c\" data-id=\"4a39f02c\" data-element_type=\"column\" data-e-type=\"column\">\r\n\t\t\t\t\t<div class=\"elementor-widget-wrap elementor-element-populated\">\r\n\t\t\t\t\t\t\t\t<div class=\"elementor-element elementor-element-b3e84e6 elementor-widget elementor-widget-image\" data-id=\"b3e84e6\" data-element_type=\"widget\" data-e-type=\"widget\" data-widget_type=\"image.default\">\n\t\t\t\t<div class=\"elementor-widget-container\">\n\t\t\t\t\t\t\t\t\t\t\t\t\t\t\t\t<a href=\"https:\/\/aluminiosvallirana.es\/fr\/categorias\/cancelas\/\">\n\t\t\t\t\t\t\t<img loading=\"lazy\" decoding=\"async\" width=\"1024\" height=\"768\" src=\"https:\/\/aluminiosvallirana.es\/wp-content\/uploads\/2022\/11\/IMG-20171229-WA0021-1024x768.jpg\" class=\"attachment-large size-large wp-image-3759\" alt=\"\" srcset=\"https:\/\/aluminiosvallirana.es\/wp-content\/uploads\/2022\/11\/IMG-20171229-WA0021-1024x768.jpg 1024w, https:\/\/aluminiosvallirana.es\/wp-content\/uploads\/2022\/11\/IMG-20171229-WA0021-768x576.jpg 768w, https:\/\/aluminiosvallirana.es\/wp-content\/uploads\/2022\/11\/IMG-20171229-WA0021-463x348.jpg 463w, https:\/\/aluminiosvallirana.es\/wp-content\/uploads\/2022\/11\/IMG-20171229-WA0021-640x480.jpg 640w, https:\/\/aluminiosvallirana.es\/wp-content\/uploads\/2022\/11\/IMG-20171229-WA0021-400x300.jpg 400w, https:\/\/aluminiosvallirana.es\/wp-content\/uploads\/2022\/11\/IMG-20171229-WA0021-600x450.jpg 600w\" sizes=\"(max-width: 1024px) 100vw, 1024px\" \/>\t\t\t\t\t\t\t\t<\/a>\n\t\t\t\t\t\t\t\t\t\t\t\t\t\t\t<\/div>\n\t\t\t\t<\/div>\n\t\t\t\t<div class=\"elementor-element elementor-element-b17696 elementor-widget elementor-widget-heading\" data-id=\"b17696\" data-element_type=\"widget\" data-e-type=\"widget\" data-widget_type=\"heading.default\">\n\t\t\t\t<div class=\"elementor-widget-container\">\n\t\t\t\t\t<h4 class=\"elementor-heading-title elementor-size-default\"><a href=\"https:\/\/aluminiosvallirana.es\/fr\/categorias\/cancelas\/\">PORTAILS<\/a><\/h4>\t\t\t\t<\/div>\n\t\t\t\t<\/div>\n\t\t\t\t<div class=\"elementor-element elementor-element-45d26357 elementor-widget elementor-widget-text-editor\" data-id=\"45d26357\" data-element_type=\"widget\" data-e-type=\"widget\" data-widget_type=\"text-editor.default\">\n\t\t\t\t<div class=\"elementor-widget-container\">\n\t\t\t\t\t\t\t\t\t<p><a href=\"https:\/\/aluminiosvallirana.es\/fr\/categorias\/cancelas\/\">Nous avons une grande vari\u00e9t\u00e9 de portails en aluminium pour votre maison \u00e0 des prix abordables et de qualit\u00e9.<\/a><\/p>\t\t\t\t\t\t\t\t<\/div>\n\t\t\t\t<\/div>\n\t\t\t\t\t<\/div>\r\n\t\t\t\t<\/div>\r\n\t\t\t\t<div class=\"elementor-column elementor-col-25 elementor-inner-column elementor-element elementor-element-67fdec00\" data-id=\"67fdec00\" data-element_type=\"column\" data-e-type=\"column\">\r\n\t\t\t\t\t<div class=\"elementor-widget-wrap elementor-element-populated\">\r\n\t\t\t\t\t\t\t\t<div class=\"elementor-element elementor-element-4b661dc6 elementor-widget elementor-widget-image\" data-id=\"4b661dc6\" data-element_type=\"widget\" data-e-type=\"widget\" data-widget_type=\"image.default\">\n\t\t\t\t<div class=\"elementor-widget-container\">\n\t\t\t\t\t\t\t\t\t\t\t\t\t\t\t\t<a href=\"https:\/\/aluminiosvallirana.es\/fr\/categorias\/ventanas-aluminio\/\">\n\t\t\t\t\t\t\t<img loading=\"lazy\" decoding=\"async\" width=\"1024\" height=\"768\" src=\"https:\/\/aluminiosvallirana.es\/wp-content\/uploads\/2022\/11\/IMG_1226-scaled-1-1024x768.jpg\" class=\"attachment-large size-large wp-image-3755\" alt=\"\" srcset=\"https:\/\/aluminiosvallirana.es\/wp-content\/uploads\/2022\/11\/IMG_1226-scaled-1-1024x768.jpg 1024w, https:\/\/aluminiosvallirana.es\/wp-content\/uploads\/2022\/11\/IMG_1226-scaled-1-768x576.jpg 768w, https:\/\/aluminiosvallirana.es\/wp-content\/uploads\/2022\/11\/IMG_1226-scaled-1-463x348.jpg 463w, https:\/\/aluminiosvallirana.es\/wp-content\/uploads\/2022\/11\/IMG_1226-scaled-1-640x480.jpg 640w, https:\/\/aluminiosvallirana.es\/wp-content\/uploads\/2022\/11\/IMG_1226-scaled-1-400x300.jpg 400w, https:\/\/aluminiosvallirana.es\/wp-content\/uploads\/2022\/11\/IMG_1226-scaled-1-600x450.jpg 600w\" sizes=\"(max-width: 1024px) 100vw, 1024px\" \/>\t\t\t\t\t\t\t\t<\/a>\n\t\t\t\t\t\t\t\t\t\t\t\t\t\t\t<\/div>\n\t\t\t\t<\/div>\n\t\t\t\t<div class=\"elementor-element elementor-element-fe19727 elementor-widget elementor-widget-heading\" data-id=\"fe19727\" data-element_type=\"widget\" data-e-type=\"widget\" data-widget_type=\"heading.default\">\n\t\t\t\t<div class=\"elementor-widget-container\">\n\t\t\t\t\t<h4 class=\"elementor-heading-title elementor-size-default\"><a href=\"https:\/\/aluminiosvallirana.es\/fr\/categorias\/ventanas-aluminio\/\">FEN\u00caTRES EN ALUMINIUM<\/a><\/h4>\t\t\t\t<\/div>\n\t\t\t\t<\/div>\n\t\t\t\t<div class=\"elementor-element elementor-element-29bf29a0 elementor-widget elementor-widget-text-editor\" data-id=\"29bf29a0\" data-element_type=\"widget\" data-e-type=\"widget\" data-widget_type=\"text-editor.default\">\n\t\t\t\t<div class=\"elementor-widget-container\">\n\t\t\t\t\t\t\t\t\t<p><a href=\"https:\/\/aluminiosvallirana.es\/fr\/categorias\/ventanas-aluminio\/\">Nous sommes fabricants de fen\u00eatres en aluminium. Nous avons notre propre usine et techniciens.<\/a><\/p>\t\t\t\t\t\t\t\t<\/div>\n\t\t\t\t<\/div>\n\t\t\t\t\t<\/div>\r\n\t\t\t\t<\/div>\r\n\t\t\t\t\t<\/div>\r\n\t\t\t\t<\/section>\r\n\t\t\t\t<section class=\"elementor-section elementor-inner-section elementor-element elementor-element-4afc7a48 elementor-section-boxed elementor-section-height-default elementor-section-height-default elementor-invisible\" data-id=\"4afc7a48\" data-element_type=\"section\" data-e-type=\"section\" data-settings=\"{&quot;animation&quot;:&quot;fadeInLeft&quot;}\">\r\n\t\t\r\n\t\t\t\t\t\t\t<div class=\"elementor-container elementor-column-gap-no\">\r\n\t\t\t\t\t\t\t\t\t\t\t<div class=\"elementor-column elementor-col-25 elementor-inner-column elementor-element elementor-element-1e45db74\" data-id=\"1e45db74\" data-element_type=\"column\" data-e-type=\"column\">\r\n\t\t\t\t\t<div class=\"elementor-widget-wrap elementor-element-populated\">\r\n\t\t\t\t\t\t\t\t<div class=\"elementor-element elementor-element-35b536c3 elementor-widget elementor-widget-image\" data-id=\"35b536c3\" data-element_type=\"widget\" data-e-type=\"widget\" data-widget_type=\"image.default\">\n\t\t\t\t<div class=\"elementor-widget-container\">\n\t\t\t\t\t\t\t\t\t\t\t\t\t\t\t\t<a href=\"https:\/\/aluminiosvallirana.es\/fr\/categorias\/porticones\/\">\n\t\t\t\t\t\t\t<img loading=\"lazy\" decoding=\"async\" width=\"1024\" height=\"768\" src=\"https:\/\/aluminiosvallirana.es\/wp-content\/uploads\/2022\/11\/porticon-exterior-deslizante-6-hojas-plegado-1024x768.jpg\" class=\"attachment-large size-large wp-image-3753\" alt=\"\" srcset=\"https:\/\/aluminiosvallirana.es\/wp-content\/uploads\/2022\/11\/porticon-exterior-deslizante-6-hojas-plegado-1024x768.jpg 1024w, https:\/\/aluminiosvallirana.es\/wp-content\/uploads\/2022\/11\/porticon-exterior-deslizante-6-hojas-plegado-768x576.jpg 768w, https:\/\/aluminiosvallirana.es\/wp-content\/uploads\/2022\/11\/porticon-exterior-deslizante-6-hojas-plegado-463x348.jpg 463w, https:\/\/aluminiosvallirana.es\/wp-content\/uploads\/2022\/11\/porticon-exterior-deslizante-6-hojas-plegado-640x480.jpg 640w, https:\/\/aluminiosvallirana.es\/wp-content\/uploads\/2022\/11\/porticon-exterior-deslizante-6-hojas-plegado-400x300.jpg 400w, https:\/\/aluminiosvallirana.es\/wp-content\/uploads\/2022\/11\/porticon-exterior-deslizante-6-hojas-plegado-600x450.jpg 600w\" sizes=\"(max-width: 1024px) 100vw, 1024px\" \/>\t\t\t\t\t\t\t\t<\/a>\n\t\t\t\t\t\t\t\t\t\t\t\t\t\t\t<\/div>\n\t\t\t\t<\/div>\n\t\t\t\t<div class=\"elementor-element elementor-element-158f427e elementor-widget elementor-widget-heading\" data-id=\"158f427e\" data-element_type=\"widget\" data-e-type=\"widget\" data-widget_type=\"heading.default\">\n\t\t\t\t<div class=\"elementor-widget-container\">\n\t\t\t\t\t<h4 class=\"elementor-heading-title elementor-size-default\"><a href=\"https:\/\/aluminiosvallirana.es\/fr\/categorias\/porticones\/\">PORTAILS<\/a><\/h4>\t\t\t\t<\/div>\n\t\t\t\t<\/div>\n\t\t\t\t<div class=\"elementor-element elementor-element-47a30e3c elementor-widget elementor-widget-text-editor\" data-id=\"47a30e3c\" data-element_type=\"widget\" data-e-type=\"widget\" data-widget_type=\"text-editor.default\">\n\t\t\t\t<div class=\"elementor-widget-container\">\n\t\t\t\t\t\t\t\t\t<p>Fabricants, distributeurs et installateurs directs de volets en aluminium.<\/p>\t\t\t\t\t\t\t\t<\/div>\n\t\t\t\t<\/div>\n\t\t\t\t\t<\/div>\r\n\t\t\t\t<\/div>\r\n\t\t\t\t<div class=\"elementor-column elementor-col-25 elementor-inner-column elementor-element elementor-element-ccde569\" data-id=\"ccde569\" data-element_type=\"column\" data-e-type=\"column\">\r\n\t\t\t\t\t<div class=\"elementor-widget-wrap elementor-element-populated\">\r\n\t\t\t\t\t\t\t\t<div class=\"elementor-element elementor-element-1ff17106 elementor-widget elementor-widget-image\" data-id=\"1ff17106\" data-element_type=\"widget\" data-e-type=\"widget\" data-widget_type=\"image.default\">\n\t\t\t\t<div class=\"elementor-widget-container\">\n\t\t\t\t\t\t\t\t\t\t\t\t\t\t\t\t<a href=\"https:\/\/aluminiosvallirana.es\/fr\/categorias\/plegables-deslizantes-acristaladas\/\">\n\t\t\t\t\t\t\t<img loading=\"lazy\" decoding=\"async\" width=\"1024\" height=\"768\" src=\"https:\/\/aluminiosvallirana.es\/wp-content\/uploads\/2022\/11\/IMG-20220311-WA0043-1024x768.jpg\" class=\"attachment-large size-large wp-image-3762\" alt=\"\" srcset=\"https:\/\/aluminiosvallirana.es\/wp-content\/uploads\/2022\/11\/IMG-20220311-WA0043-1024x768.jpg 1024w, https:\/\/aluminiosvallirana.es\/wp-content\/uploads\/2022\/11\/IMG-20220311-WA0043-768x576.jpg 768w, https:\/\/aluminiosvallirana.es\/wp-content\/uploads\/2022\/11\/IMG-20220311-WA0043-463x348.jpg 463w, https:\/\/aluminiosvallirana.es\/wp-content\/uploads\/2022\/11\/IMG-20220311-WA0043-640x480.jpg 640w, https:\/\/aluminiosvallirana.es\/wp-content\/uploads\/2022\/11\/IMG-20220311-WA0043-400x300.jpg 400w, https:\/\/aluminiosvallirana.es\/wp-content\/uploads\/2022\/11\/IMG-20220311-WA0043-600x450.jpg 600w\" sizes=\"(max-width: 1024px) 100vw, 1024px\" \/>\t\t\t\t\t\t\t\t<\/a>\n\t\t\t\t\t\t\t\t\t\t\t\t\t\t\t<\/div>\n\t\t\t\t<\/div>\n\t\t\t\t<div class=\"elementor-element elementor-element-ce3be3e elementor-widget elementor-widget-heading\" data-id=\"ce3be3e\" data-element_type=\"widget\" data-e-type=\"widget\" data-widget_type=\"heading.default\">\n\t\t\t\t<div class=\"elementor-widget-container\">\n\t\t\t\t\t<h4 class=\"elementor-heading-title elementor-size-default\"><a href=\"https:\/\/aluminiosvallirana.es\/fr\/categorias\/plegables-deslizantes-acristaladas\/\">VITR\u00c9 COULISSANT PLIANT<\/a><\/h4>\t\t\t\t<\/div>\n\t\t\t\t<\/div>\n\t\t\t\t<div class=\"elementor-element elementor-element-2d86e7dc elementor-widget elementor-widget-text-editor\" data-id=\"2d86e7dc\" data-element_type=\"widget\" data-e-type=\"widget\" data-widget_type=\"text-editor.default\">\n\t\t\t\t<div class=\"elementor-widget-container\">\n\t\t\t\t\t\t\t\t\t<p><a href=\"https:\/\/aluminiosvallirana.es\/fr\/categorias\/plegables-deslizantes-acristaladas\/\">Nous sommes fabricants, distributeurs et installateurs de baies vitr\u00e9es coulissantes.<\/a><\/p>\t\t\t\t\t\t\t\t<\/div>\n\t\t\t\t<\/div>\n\t\t\t\t\t<\/div>\r\n\t\t\t\t<\/div>\r\n\t\t\t\t<div class=\"elementor-column elementor-col-25 elementor-inner-column elementor-element elementor-element-19bd9a06\" data-id=\"19bd9a06\" data-element_type=\"column\" data-e-type=\"column\">\r\n\t\t\t\t\t<div class=\"elementor-widget-wrap elementor-element-populated\">\r\n\t\t\t\t\t\t\t\t<div class=\"elementor-element elementor-element-5050ac7f elementor-widget elementor-widget-image\" data-id=\"5050ac7f\" data-element_type=\"widget\" data-e-type=\"widget\" data-widget_type=\"image.default\">\n\t\t\t\t<div class=\"elementor-widget-container\">\n\t\t\t\t\t\t\t\t\t\t\t\t\t\t\t\t<a href=\"https:\/\/aluminiosvallirana.es\/fr\/productos\/ventanas-aluminio-madera-mixto-con-curva\/\">\n\t\t\t\t\t\t\t<img loading=\"lazy\" decoding=\"async\" width=\"1024\" height=\"768\" src=\"https:\/\/aluminiosvallirana.es\/wp-content\/uploads\/2022\/11\/Ventana-Corredera-Aluminio-y-Madera-Mixto-1024x768.jpg\" class=\"attachment-large size-large wp-image-3760\" alt=\"\" srcset=\"https:\/\/aluminiosvallirana.es\/wp-content\/uploads\/2022\/11\/Ventana-Corredera-Aluminio-y-Madera-Mixto-1024x768.jpg 1024w, https:\/\/aluminiosvallirana.es\/wp-content\/uploads\/2022\/11\/Ventana-Corredera-Aluminio-y-Madera-Mixto-768x576.jpg 768w, https:\/\/aluminiosvallirana.es\/wp-content\/uploads\/2022\/11\/Ventana-Corredera-Aluminio-y-Madera-Mixto-463x348.jpg 463w, https:\/\/aluminiosvallirana.es\/wp-content\/uploads\/2022\/11\/Ventana-Corredera-Aluminio-y-Madera-Mixto-640x480.jpg 640w, https:\/\/aluminiosvallirana.es\/wp-content\/uploads\/2022\/11\/Ventana-Corredera-Aluminio-y-Madera-Mixto-400x300.jpg 400w, https:\/\/aluminiosvallirana.es\/wp-content\/uploads\/2022\/11\/Ventana-Corredera-Aluminio-y-Madera-Mixto-600x450.jpg 600w\" sizes=\"(max-width: 1024px) 100vw, 1024px\" \/>\t\t\t\t\t\t\t\t<\/a>\n\t\t\t\t\t\t\t\t\t\t\t\t\t\t\t<\/div>\n\t\t\t\t<\/div>\n\t\t\t\t<div class=\"elementor-element elementor-element-514b24bc elementor-widget elementor-widget-heading\" data-id=\"514b24bc\" data-element_type=\"widget\" data-e-type=\"widget\" data-widget_type=\"heading.default\">\n\t\t\t\t<div class=\"elementor-widget-container\">\n\t\t\t\t\t<h4 class=\"elementor-heading-title elementor-size-default\"><a href=\"https:\/\/aluminiosvallirana.es\/fr\/productos\/ventanas-aluminio-madera-mixto-con-curva\/\">ALUMINIUM BOIS MIXTE<\/a><\/h4>\t\t\t\t<\/div>\n\t\t\t\t<\/div>\n\t\t\t\t<div class=\"elementor-element elementor-element-159850e9 elementor-widget elementor-widget-text-editor\" data-id=\"159850e9\" data-element_type=\"widget\" data-e-type=\"widget\" data-widget_type=\"text-editor.default\">\n\t\t\t\t<div class=\"elementor-widget-container\">\n\t\t\t\t\t\t\t\t\t<p><a href=\"https:\/\/aluminiosvallirana.es\/fr\/productos\/ventanas-aluminio-madera-mixto-con-curva\/\">Fabricants d'aluminium mixte bois.<\/a><\/p>\t\t\t\t\t\t\t\t<\/div>\n\t\t\t\t<\/div>\n\t\t\t\t\t<\/div>\r\n\t\t\t\t<\/div>\r\n\t\t\t\t<div class=\"elementor-column elementor-col-25 elementor-inner-column elementor-element elementor-element-721aef65\" data-id=\"721aef65\" data-element_type=\"column\" data-e-type=\"column\">\r\n\t\t\t\t\t<div class=\"elementor-widget-wrap elementor-element-populated\">\r\n\t\t\t\t\t\t\t\t<div class=\"elementor-element elementor-element-42e3453f elementor-widget elementor-widget-image\" data-id=\"42e3453f\" data-element_type=\"widget\" data-e-type=\"widget\" data-widget_type=\"image.default\">\n\t\t\t\t<div class=\"elementor-widget-container\">\n\t\t\t\t\t\t\t\t\t\t\t\t\t\t\t\t<a href=\"https:\/\/aluminiosvallirana.es\/fr\/productos\/celosias-de-aluminio\/\">\n\t\t\t\t\t\t\t<img loading=\"lazy\" decoding=\"async\" width=\"1024\" height=\"768\" src=\"https:\/\/aluminiosvallirana.es\/wp-content\/uploads\/2022\/11\/IMG-20220603-WA0018-1024x768.jpg\" class=\"attachment-large size-large wp-image-3754\" alt=\"\" srcset=\"https:\/\/aluminiosvallirana.es\/wp-content\/uploads\/2022\/11\/IMG-20220603-WA0018-1024x768.jpg 1024w, https:\/\/aluminiosvallirana.es\/wp-content\/uploads\/2022\/11\/IMG-20220603-WA0018-768x576.jpg 768w, https:\/\/aluminiosvallirana.es\/wp-content\/uploads\/2022\/11\/IMG-20220603-WA0018-463x348.jpg 463w, https:\/\/aluminiosvallirana.es\/wp-content\/uploads\/2022\/11\/IMG-20220603-WA0018-640x480.jpg 640w, https:\/\/aluminiosvallirana.es\/wp-content\/uploads\/2022\/11\/IMG-20220603-WA0018-400x300.jpg 400w, https:\/\/aluminiosvallirana.es\/wp-content\/uploads\/2022\/11\/IMG-20220603-WA0018-600x450.jpg 600w\" sizes=\"(max-width: 1024px) 100vw, 1024px\" \/>\t\t\t\t\t\t\t\t<\/a>\n\t\t\t\t\t\t\t\t\t\t\t\t\t\t\t<\/div>\n\t\t\t\t<\/div>\n\t\t\t\t<div class=\"elementor-element elementor-element-25df934c elementor-widget elementor-widget-heading\" data-id=\"25df934c\" data-element_type=\"widget\" data-e-type=\"widget\" data-widget_type=\"heading.default\">\n\t\t\t\t<div class=\"elementor-widget-container\">\n\t\t\t\t\t<h4 class=\"elementor-heading-title elementor-size-default\"><a href=\"https:\/\/aluminiosvallirana.es\/fr\/productos\/celosias-de-aluminio\/\">TREILLIS<\/a><\/h4>\t\t\t\t<\/div>\n\t\t\t\t<\/div>\n\t\t\t\t<div class=\"elementor-element elementor-element-926bf1 elementor-widget elementor-widget-text-editor\" data-id=\"926bf1\" data-element_type=\"widget\" data-e-type=\"widget\" data-widget_type=\"text-editor.default\">\n\t\t\t\t<div class=\"elementor-widget-container\">\n\t\t\t\t\t\t\t\t\t<p><a href=\"https:\/\/aluminiosvallirana.es\/fr\/productos\/celosias-de-aluminio\/\">Nous sommes fabricants de treillis en aluminium. Vous trouverez ici des treillis \u00e0 haute performance.<\/a><\/p>\t\t\t\t\t\t\t\t<\/div>\n\t\t\t\t<\/div>\n\t\t\t\t\t<\/div>\r\n\t\t\t\t<\/div>\r\n\t\t\t\t\t<\/div>\r\n\t\t\t\t<\/section>\r\n\t\t\t\t<section class=\"elementor-section elementor-inner-section elementor-element elementor-element-79c4a12b elementor-section-boxed elementor-section-height-default elementor-section-height-default\" data-id=\"79c4a12b\" data-element_type=\"section\" data-e-type=\"section\">\r\n\t\t\r\n\t\t\t\t\t\t\t<div class=\"elementor-container elementor-column-gap-no\">\r\n\t\t\t\t\t\t\t\t\t\t\t<div class=\"elementor-column elementor-col-50 elementor-inner-column elementor-element elementor-element-f5638c7\" data-id=\"f5638c7\" data-element_type=\"column\" data-e-type=\"column\">\r\n\t\t\t\t\t<div class=\"elementor-widget-wrap elementor-element-populated\">\r\n\t\t\t\t\t\t\t\t<div class=\"elementor-element elementor-element-61ddd865 elementor-widget elementor-widget-image\" data-id=\"61ddd865\" data-element_type=\"widget\" data-e-type=\"widget\" data-widget_type=\"image.default\">\n\t\t\t\t<div class=\"elementor-widget-container\">\n\t\t\t\t\t\t\t\t\t\t\t\t\t\t\t\t<a href=\"https:\/\/aluminiosvallirana.es\/fr\/productos\/barandillas-curvas\/\">\n\t\t\t\t\t\t\t<img loading=\"lazy\" decoding=\"async\" width=\"463\" height=\"348\" src=\"https:\/\/aluminiosvallirana.es\/wp-content\/uploads\/2022\/11\/barandilla_curva_2-463x348.jpg\" class=\"attachment-blog-medium size-blog-medium wp-image-4447\" alt=\"\" srcset=\"https:\/\/aluminiosvallirana.es\/wp-content\/uploads\/2022\/11\/barandilla_curva_2-463x348.jpg 463w, https:\/\/aluminiosvallirana.es\/wp-content\/uploads\/2022\/11\/barandilla_curva_2-400x300.jpg 400w\" sizes=\"(max-width: 463px) 100vw, 463px\" \/>\t\t\t\t\t\t\t\t<\/a>\n\t\t\t\t\t\t\t\t\t\t\t\t\t\t\t<\/div>\n\t\t\t\t<\/div>\n\t\t\t\t<div class=\"elementor-element elementor-element-c451ff0 elementor-widget elementor-widget-heading\" data-id=\"c451ff0\" data-element_type=\"widget\" data-e-type=\"widget\" data-widget_type=\"heading.default\">\n\t\t\t\t<div class=\"elementor-widget-container\">\n\t\t\t\t\t<h4 class=\"elementor-heading-title elementor-size-default\"><a href=\"https:\/\/aluminiosvallirana.es\/fr\/productos\/barandillas-curvas\/\">BARANDILLAS CURVADAS<\/a><\/h4>\t\t\t\t<\/div>\n\t\t\t\t<\/div>\n\t\t\t\t<div class=\"elementor-element elementor-element-314a74c6 elementor-widget elementor-widget-text-editor\" data-id=\"314a74c6\" data-element_type=\"widget\" data-e-type=\"widget\" data-widget_type=\"text-editor.default\">\n\t\t\t\t<div class=\"elementor-widget-container\">\n\t\t\t\t\t\t\t\t\t<p><a href=\"https:\/\/aluminiosvallirana.es\/fr\/productos\/barandillas-curvas\/\">Ici vous pouvez trouver des balustrades bon march\u00e9, des balustrades incurv\u00e9es lat\u00e9rales de qualit\u00e9.<\/a><\/p>\t\t\t\t\t\t\t\t<\/div>\n\t\t\t\t<\/div>\n\t\t\t\t\t<\/div>\r\n\t\t\t\t<\/div>\r\n\t\t\t\t<div class=\"elementor-column elementor-col-50 elementor-inner-column elementor-element elementor-element-33ce3550\" data-id=\"33ce3550\" data-element_type=\"column\" data-e-type=\"column\">\r\n\t\t\t\t\t<div class=\"elementor-widget-wrap elementor-element-populated\">\r\n\t\t\t\t\t\t\t\t<div class=\"elementor-element elementor-element-1129694e elementor-widget elementor-widget-image\" data-id=\"1129694e\" data-element_type=\"widget\" data-e-type=\"widget\" data-widget_type=\"image.default\">\n\t\t\t\t<div class=\"elementor-widget-container\">\n\t\t\t\t\t\t\t\t\t\t\t\t\t\t\t\t<a href=\"https:\/\/aluminiosvallirana.es\/fr\/categorias\/pergolas\/\">\n\t\t\t\t\t\t\t<img loading=\"lazy\" decoding=\"async\" width=\"768\" height=\"576\" src=\"https:\/\/aluminiosvallirana.es\/wp-content\/uploads\/2022\/11\/IMG_0631.JPG-3-768x576.jpg\" class=\"attachment-medium_large size-medium_large wp-image-3758\" alt=\"\" srcset=\"https:\/\/aluminiosvallirana.es\/wp-content\/uploads\/2022\/11\/IMG_0631.JPG-3-768x576.jpg 768w, https:\/\/aluminiosvallirana.es\/wp-content\/uploads\/2022\/11\/IMG_0631.JPG-3-463x348.jpg 463w, https:\/\/aluminiosvallirana.es\/wp-content\/uploads\/2022\/11\/IMG_0631.JPG-3-640x480.jpg 640w, https:\/\/aluminiosvallirana.es\/wp-content\/uploads\/2022\/11\/IMG_0631.JPG-3-400x300.jpg 400w, https:\/\/aluminiosvallirana.es\/wp-content\/uploads\/2022\/11\/IMG_0631.JPG-3-600x450.jpg 600w\" sizes=\"(max-width: 768px) 100vw, 768px\" \/>\t\t\t\t\t\t\t\t<\/a>\n\t\t\t\t\t\t\t\t\t\t\t\t\t\t\t<\/div>\n\t\t\t\t<\/div>\n\t\t\t\t<div class=\"elementor-element elementor-element-1d1a9f0f elementor-widget elementor-widget-heading\" data-id=\"1d1a9f0f\" data-element_type=\"widget\" data-e-type=\"widget\" data-widget_type=\"heading.default\">\n\t\t\t\t<div class=\"elementor-widget-container\">\n\t\t\t\t\t<h4 class=\"elementor-heading-title elementor-size-default\"><a href=\"https:\/\/aluminiosvallirana.es\/fr\/categorias\/pergolas\/\">PERGOLAS<\/a><\/h4>\t\t\t\t<\/div>\n\t\t\t\t<\/div>\n\t\t\t\t<div class=\"elementor-element elementor-element-2bacfdf5 elementor-widget elementor-widget-text-editor\" data-id=\"2bacfdf5\" data-element_type=\"widget\" data-e-type=\"widget\" data-widget_type=\"text-editor.default\">\n\t\t\t\t<div class=\"elementor-widget-container\">\n\t\t\t\t\t\t\t\t\t<p><a href=\"https:\/\/aluminiosvallirana.es\/fr\/categorias\/pergolas\/\">Nous sommes fabricants et installateurs de pergolas en aluminium.<\/a><\/p>\t\t\t\t\t\t\t\t<\/div>\n\t\t\t\t<\/div>\n\t\t\t\t\t<\/div>\r\n\t\t\t\t<\/div>\r\n\t\t\t\t\t<\/div>\r\n\t\t\t\t<\/section>\r\n\t\t\t\t\t<\/div>\r\n\t\t\t\t<\/div>\r\n\t\t\t\t\t<\/div>\r\n\t\t\t\t<\/section>\r\n\t\t\t\t<\/div>","protected":false},"excerpt":{"rendered":"<p>NUESTROS PRODUCTOS ALUMINIO CURVADO Somos especialistas en el curvado y la fabricaci\u00f3n de aluminio curvado, tambi\u00e9n somos fabricantes de aluminio curvado. OJOS DE BUEY Somos fabricantes l\u00edderes en la fabricaci\u00f3n de ojos de buey de aluminio. VENTANAS GUILLOTINA ALUMINIO Aqu\u00ed puedes comprar ventanas guillotina baratas. Somos fabricantes de ventanas guillotina.\u00a0 MALLORQUINAS Fabricantes directos de mallorquinas [&hellip;]<\/p>\n","protected":false},"author":1,"featured_media":0,"parent":0,"menu_order":0,"comment_status":"closed","ping_status":"closed","template":"","meta":{"_acf_changed":false,"om_disable_all_campaigns":false,"footnotes":""},"class_list":["post-5233","page","type-page","status-publish","hentry"],"acf":[],"aioseo_notices":[],"_links":{"self":[{"href":"https:\/\/aluminiosvallirana.es\/fr\/wp-json\/wp\/v2\/pages\/5233","targetHints":{"allow":["GET"]}}],"collection":[{"href":"https:\/\/aluminiosvallirana.es\/fr\/wp-json\/wp\/v2\/pages"}],"about":[{"href":"https:\/\/aluminiosvallirana.es\/fr\/wp-json\/wp\/v2\/types\/page"}],"author":[{"embeddable":true,"href":"https:\/\/aluminiosvallirana.es\/fr\/wp-json\/wp\/v2\/users\/1"}],"replies":[{"embeddable":true,"href":"https:\/\/aluminiosvallirana.es\/fr\/wp-json\/wp\/v2\/comments?post=5233"}],"version-history":[{"count":4,"href":"https:\/\/aluminiosvallirana.es\/fr\/wp-json\/wp\/v2\/pages\/5233\/revisions"}],"predecessor-version":[{"id":5238,"href":"https:\/\/aluminiosvallirana.es\/fr\/wp-json\/wp\/v2\/pages\/5233\/revisions\/5238"}],"wp:attachment":[{"href":"https:\/\/aluminiosvallirana.es\/fr\/wp-json\/wp\/v2\/media?parent=5233"}],"curies":[{"name":"wp","href":"https:\/\/api.w.org\/{rel}","templated":true}]}}