{"id":2898,"date":"2022-11-14T13:11:40","date_gmt":"2022-11-14T12:11:40","guid":{"rendered":"http:\/\/aluminiosvallirana.es\/?post_type=product&#038;p=2898"},"modified":"2023-02-20T12:50:37","modified_gmt":"2023-02-20T11:50:37","slug":"forro-curvado","status":"publish","type":"product","link":"https:\/\/aluminiosvallirana.es\/fr\/productos\/forro-curvado\/","title":{"rendered":"Doublure incurv\u00e9e"},"content":{"rendered":"<p class=\"descripcion\" style=\"text-align: justify;\">Precisamente, estos son los detalles que nos consolidan l\u00edderes del sector, el estar siempre buscando alternativas y soluciones pr\u00e1cticas, para poder ayudar a nuestros clientes y poder contribuir a los proyectos de arquitectos e ingenieros. Hay empresas que para economizar dichas ventanas de aluminio climalit curvadas, nos solicitan forro de 40 curvo y m\u00e1s un segundo forro de 40, (o sea, doble forro de 40) como alternativa econ\u00f3mica al forro de 85 especial para curvas.<br \/>\nSomos especialistas en opciones de forro curvado. Aluminio curvado de altas prestaciones. Aluminios Vallirana, como l\u00edder de curvados de aluminio y ofreciendo soluciones y alternativas a los posibles y continuos problemas que puedan surgir en las obras, les ofrece:<br \/>\nVentanas de aluminio curvas con forro de 40 curvo en lacado est\u00e1ndar, ventanas de aluminio curvas con forro de 40 curvo en lacado especial, ventanas de aluminio curvas con forro de 40 curvo en lacado texturado mate, ventanas de aluminio curvas con forro de 40 curvo en lacado futura, ventanas de aluminio curvas con forro de 40 curvo en lacado madera.<\/p>","protected":false},"excerpt":{"rendered":"<div>\n<div>\n<h2>ENCUENTRE AQU\u00cd OPCIONES DE FORRO CURVADO<\/h2>\n<p style=\"text-align: justify;\">Aluminios Vallirana ha dise\u00f1ado varios tipos de forros para poder adaptar a las diferentes carpinter\u00edas existentes en el sector, debido a la gran dificultad del curvado de los mismos. Pricipalmente, tenemos el forro de 40 mm curvo especial para curvar, con el que conseguimos radios muy peque\u00f1os como 175 mm. Disponemos del forro de 40 mm recto, para poder ofrecer el producto con alternativas rectas, ya que el mercado, est\u00e1 en continua evoluci\u00f3n y hay arquitectos y dise\u00f1adores que buscan en sus trabajos estas l\u00edneas restas, en sus ventanas de aluminio climalit.<br \/>\nComo novedad del 2014, incorporamos el forro de 85 recto especial para el curvado, adecuado para la renovaci\u00f3n de ventanas de madera cubriendo el marco, sin necesidad de arrancarlo. Este forro de 85 especial para curvas, ha tenido gran demanda, ya que nos ha permitido realizar obras de restauraci\u00f3n de ventanas y fachadas, en las qu,e o bien por patrimonio arquitect\u00f3nico o bien por el estado de las paredes y fachadas, no es posible el extraer las ventanas de madera existentes y hay que recubrirlas con las ventanas de aluminio curvas, con un forro lo suficientemente ancho para poder revestir dichos marcos.\n<\/p>\n<\/div>\n<div>\n<details>\n<summary>FICHES TECHNIQUES<\/summary>\n<div class=\"fila\">\n<div class=\"columna1\">\n                          <a title=\"Fiche technique\" href=\"\/multimedia\/fichas_tecnicas\/curvado_lateral\/alfila45rpt_av.pdf\" target=\"_blank\" rel=\"noopener\"> <img decoding=\"async\" class=\"imgtech1\" src=\"\/multimedia\/fichas_tecnicas\/portada\/alfila45rpt_av_page-0001.jpg\" alt=\"Ficha t\u00e9cnica ALFIL A45 RPT\" \/><\/a>\n                      <\/div>\n<div class=\"columna1\">\n                          <a title=\"Fiche technique\" href=\"\/multimedia\/fichas_tecnicas\/curvado_lateral\/albapros85rpt_av.pdf\" target=\"_blank\" rel=\"noopener\"> <img decoding=\"async\" class=\"imgtech1\" src=\"\/multimedia\/fichas_tecnicas\/portada\/albapros85rpt_av_page-0001.jpg\" alt=\"Ficha t\u00e9cnica Renova 55 RPT C16\" \/><\/a>\n                      <\/div>\n<div class=\"columna1\">\n                          <a title=\"Fiche technique\" href=\"\/multimedia\/fichas_tecnicas\/curvado_lateral\/albapros85rpt_av.pdf\" target=\"_blank\" rel=\"noopener\"> <img decoding=\"async\" class=\"imgtech1\" src=\"\/multimedia\/fichas_tecnicas\/portada\/albapros85rpt_av_page-0001.jpg\" alt=\"Ficha t\u00e9cnica Renova 55 RPT C16\" \/><\/a>\n                      <\/div>\n<\/p><\/div>\n<div class=\"fila\">\n<div class=\"columna1\">\n                          <a title=\"Fiche technique\" href=\"\/multimedia\/fichas_tecnicas\/curvado_lateral\/alfila45rpt_av.pdf\" target=\"_blank\" rel=\"noopener\"> <img decoding=\"async\" class=\"imgtech1\" src=\"\/multimedia\/fichas_tecnicas\/portada\/alfila45rpt_av_page-0001.jpg\" alt=\"Ficha t\u00e9cnica ALFIL A45 RPT\" \/><\/a>\n                      <\/div>\n<div class=\"columna1\">\n                          <a title=\"Fiche technique\" href=\"\/multimedia\/fichas_tecnicas\/curvado_lateral\/albapros85rpt_av.pdf\" target=\"_blank\" rel=\"noopener\"> <img decoding=\"async\" class=\"imgtech1\" src=\"\/multimedia\/fichas_tecnicas\/portada\/albapros85rpt_av_page-0001.jpg\" alt=\"Ficha t\u00e9cnica Renova 55 RPT C16\" \/><\/a>\n                      <\/div>\n<div class=\"columna1\">\n                          <a title=\"Fiche technique\" href=\"\/multimedia\/fichas_tecnicas\/curvado_lateral\/albapros85rpt_av.pdf\" target=\"_blank\" rel=\"noopener\"> <img decoding=\"async\" class=\"imgtech1\" src=\"\/multimedia\/fichas_tecnicas\/portada\/albapros85rpt_av_page-0001.jpg\" alt=\"Ficha t\u00e9cnica Renova 55 RPT C16\" \/><\/a>\n                      <\/div>\n<\/p><\/div>\n<\/details>\n<\/div>\n<\/div>","protected":false},"featured_media":4096,"comment_status":"open","ping_status":"closed","template":"","meta":{"_acf_changed":false,"om_disable_all_campaigns":false},"product_brand":[],"product_cat":[100],"product_tag":[],"class_list":{"0":"post-2898","1":"product","2":"type-product","3":"status-publish","4":"has-post-thumbnail","6":"product_cat-aluminio-curvado-barato","8":"first","9":"instock","10":"shipping-taxable","11":"product-type-simple"},"acf":[],"aioseo_notices":[],"_links":{"self":[{"href":"https:\/\/aluminiosvallirana.es\/fr\/wp-json\/wp\/v2\/product\/2898","targetHints":{"allow":["GET"]}}],"collection":[{"href":"https:\/\/aluminiosvallirana.es\/fr\/wp-json\/wp\/v2\/product"}],"about":[{"href":"https:\/\/aluminiosvallirana.es\/fr\/wp-json\/wp\/v2\/types\/product"}],"replies":[{"embeddable":true,"href":"https:\/\/aluminiosvallirana.es\/fr\/wp-json\/wp\/v2\/comments?post=2898"}],"wp:featuredmedia":[{"embeddable":true,"href":"https:\/\/aluminiosvallirana.es\/fr\/wp-json\/wp\/v2\/media\/4096"}],"wp:attachment":[{"href":"https:\/\/aluminiosvallirana.es\/fr\/wp-json\/wp\/v2\/media?parent=2898"}],"wp:term":[{"taxonomy":"product_brand","embeddable":true,"href":"https:\/\/aluminiosvallirana.es\/fr\/wp-json\/wp\/v2\/product_brand?post=2898"},{"taxonomy":"product_cat","embeddable":true,"href":"https:\/\/aluminiosvallirana.es\/fr\/wp-json\/wp\/v2\/product_cat?post=2898"},{"taxonomy":"product_tag","embeddable":true,"href":"https:\/\/aluminiosvallirana.es\/fr\/wp-json\/wp\/v2\/product_tag?post=2898"}],"curies":[{"name":"wp","href":"https:\/\/api.w.org\/{rel}","templated":true}]}}