{"id":2902,"date":"2022-11-14T13:11:40","date_gmt":"2022-11-14T12:11:40","guid":{"rendered":"http:\/\/aluminiosvallirana.es\/?post_type=product&#038;p=2902"},"modified":"2023-02-13T19:58:59","modified_gmt":"2023-02-13T18:58:59","slug":"curvado-lateral-en-aluminio","status":"publish","type":"product","link":"https:\/\/aluminiosvallirana.es\/fr\/productos\/curvado-lateral-en-aluminio\/","title":{"rendered":"Coude lat\u00e9ral en aluminium"},"content":{"rendered":"<p class=\"descripcion\" style=\"text-align: justify;\">Nous r\u00e9alisons toutes sortes de coudes lat\u00e9raux en aluminium. Courbes lat\u00e9rales fixes, fen\u00eatres battantes \u00e0 1, 2, 3 ou 4 vantaux avec courbes lat\u00e9rales, (m\u00eame combin\u00e9es avec fixes), fen\u00eatres battantes RPT \u00e0 courbes lat\u00e9rales, portes \u00e0 courbes lat\u00e9rales, portes \u00e0 courbes lat\u00e9rales avec ouverture vers l&#039;ext\u00e9rieur, portes blind\u00e9es avec galbes lat\u00e9raux, coulissantes avec galbe lat\u00e9ral, coulissantes \u00e0 1, 2, 3 et 4 vantaux avec galbe lat\u00e9ral, coulissantes RPT avec galbe lat\u00e9ral. Fen\u00eatres circulaires fixes \u00e0 courbure lat\u00e9rale, cl\u00f4tures \u00e0 courbure lat\u00e9rale, portails pour murs \u00e0 courbure lat\u00e9rale, garde-corps \u00e0 courbure lat\u00e9rale, volets \u00e0 courbure lat\u00e9rale, treillis \u00e0 courbure lat\u00e9rale. La courbure lat\u00e9rale peut \u00eatre combin\u00e9e avec des courbes en planim\u00e9trie horizontale et verticale. Nous sommes leaders dans le cintrage lat\u00e9ral de l&#039;aluminium. Des \u0153uvres de grande qualit\u00e9 et de grand prestige. Nous pouvons offrir les profils lat\u00e9raux incurv\u00e9s en vrac, assembl\u00e9s ou m\u00eame, nous pouvons installer les fen\u00eatres lat\u00e9rales incurv\u00e9es et les produits mentionn\u00e9s ci-dessus.<\/p>","protected":false},"excerpt":{"rendered":"<div>\n<div>\n<h2>TROUVER ICI PLIAGE LAT\u00c9RALE EN ALUMINIUM<\/h2>\n<p style=\"text-align: justify;\">Nous sommes les leaders incontest\u00e9s du cintrage lat\u00e9ral de l&#039;aluminium. C&#039;est notre produit sp\u00e9cial et avec lequel Aluminios Vallirana se sent identifi\u00e9. Eh bien, le pliage lat\u00e9ral, en plus de n\u00e9cessiter des techniques de pliage tr\u00e8s avanc\u00e9es et compliqu\u00e9es, n\u00e9cessite des personnes sp\u00e9cialis\u00e9es pour leur assemblage ult\u00e9rieur, afin de r\u00e9aliser des travaux de fen\u00eatres courbes de haute qualit\u00e9 et prestigieux. Le virage lat\u00e9ral est courb\u00e9 dans une planim\u00e9trie diff\u00e9rente de celle des virages conventionnels. Gr\u00e2ce \u00e0 ce syst\u00e8me de cintrage, nous avons r\u00e9ussi \u00e0 r\u00e9aliser des travaux prestigieux pour des fa\u00e7ades de b\u00e2timents embl\u00e9matiques et de grande envergure.<br \/>\nNous r\u00e9alisons des courbes lat\u00e9rales dans des cadres, des tringles, des doublures, ainsi que tout autre profil pour d&#039;autres secteurs. Les courbes lat\u00e9rales peuvent \u00eatre r\u00e9alis\u00e9es aussi bien en s\u00e9rie froide qu&#039;en s\u00e9rie \u00e0 rupture de pont thermique, celles-ci \u00e9tant celles qui se comportent le mieux avec ce syst\u00e8me de flexion.<\/p>\n<\/div>\n<div>\n<details>\n<summary>FICHES TECHNIQUES<\/summary>\n<div class=\"fila\">\n<div class=\"columna1\"><a title=\"Fiche technique\" href=\"\/multimedia\/fichas_tecnicas\/curvado_lateral\/alfila45rpt_av.pdf\" target=\"_blank\" rel=\"noopener\"> <img decoding=\"async\" class=\"imgtech1\" src=\"\/multimedia\/fichas_tecnicas\/portada\/alfila45rpt_av_page-0001.jpg\" alt=\"Ficha t\u00e9cnica ALBA 45 RPT\" \/><\/a><\/div>\n<div class=\"columna1\"><a title=\"Fiche technique\" href=\"\/multimedia\/fichas_tecnicas\/curvado_lateral\/albapros85rpt_av.pdf\" target=\"_blank\" rel=\"noopener\"> <img decoding=\"async\" class=\"imgtech1\" src=\"\/multimedia\/fichas_tecnicas\/portada\/albapros85rpt_av_page-0001.jpg\" alt=\"Ficha t\u00e9cnica ALBA PROS 85 RPT\" \/><\/a><\/div>\n<div class=\"columna1\"><a title=\"Fiche technique\" href=\"\/multimedia\/fichas_tecnicas\/curvado_lateral\/alba65rpt_av.pdf\" target=\"_blank\" rel=\"noopener\"> <img decoding=\"async\" class=\"imgtech1\" src=\"\/multimedia\/fichas_tecnicas\/portada\/alba65rpt_av_page-0001.jpg\" alt=\"Ficha t\u00e9cnica ALBA 65 RPT\" \/><\/a><\/div>\n<\/div>\n<div class=\"fila\">\n<div class=\"columna1\"><a title=\"Fiche technique\" href=\"\/multimedia\/fichas_tecnicas\/curvado_lateral\/alba40_av.pdf\" target=\"_blank\" rel=\"noopener\"> <img decoding=\"async\" class=\"imgtech1\" src=\"\/multimedia\/fichas_tecnicas\/portada\/alba40_av_page-0001.jpg\" alt=\"Ficha t\u00e9cnica ALBA 40\" \/><\/a><\/div>\n<div class=\"columna1\"><a title=\"Fiche technique\" href=\"\/multimedia\/fichas_tecnicas\/aluminio_madera_mixto\/AP54.pdf\" target=\"_blank\" rel=\"noopener\"> <img decoding=\"async\" class=\"imgtech1\" src=\"\/wp-content\/uploads\/2023\/01\/FICHA-TECNICA-AP54-ALUMINIOS-VALLIRANA_page-0001.jpg\" alt=\"Ficha t\u00e9cnica AP 54\" \/><\/a><\/div>\n<\/div>\n<\/details>\n<\/div>\n<\/div>","protected":false},"featured_media":4060,"comment_status":"open","ping_status":"closed","template":"","meta":{"_acf_changed":false,"om_disable_all_campaigns":false},"product_brand":[],"product_cat":[100],"product_tag":[106],"class_list":{"0":"post-2902","1":"product","2":"type-product","3":"status-publish","4":"has-post-thumbnail","6":"product_cat-aluminio-curvado-barato","7":"product_tag-curvado-lateral-aluminio","9":"first","10":"instock","11":"shipping-taxable","12":"product-type-simple"},"acf":[],"aioseo_notices":[],"_links":{"self":[{"href":"https:\/\/aluminiosvallirana.es\/fr\/wp-json\/wp\/v2\/product\/2902","targetHints":{"allow":["GET"]}}],"collection":[{"href":"https:\/\/aluminiosvallirana.es\/fr\/wp-json\/wp\/v2\/product"}],"about":[{"href":"https:\/\/aluminiosvallirana.es\/fr\/wp-json\/wp\/v2\/types\/product"}],"replies":[{"embeddable":true,"href":"https:\/\/aluminiosvallirana.es\/fr\/wp-json\/wp\/v2\/comments?post=2902"}],"wp:featuredmedia":[{"embeddable":true,"href":"https:\/\/aluminiosvallirana.es\/fr\/wp-json\/wp\/v2\/media\/4060"}],"wp:attachment":[{"href":"https:\/\/aluminiosvallirana.es\/fr\/wp-json\/wp\/v2\/media?parent=2902"}],"wp:term":[{"taxonomy":"product_brand","embeddable":true,"href":"https:\/\/aluminiosvallirana.es\/fr\/wp-json\/wp\/v2\/product_brand?post=2902"},{"taxonomy":"product_cat","embeddable":true,"href":"https:\/\/aluminiosvallirana.es\/fr\/wp-json\/wp\/v2\/product_cat?post=2902"},{"taxonomy":"product_tag","embeddable":true,"href":"https:\/\/aluminiosvallirana.es\/fr\/wp-json\/wp\/v2\/product_tag?post=2902"}],"curies":[{"name":"wp","href":"https:\/\/api.w.org\/{rel}","templated":true}]}}