{"id":2911,"date":"2022-11-14T13:11:40","date_gmt":"2022-11-14T12:11:40","guid":{"rendered":"http:\/\/aluminiosvallirana.es\/?post_type=product&#038;p=2911"},"modified":"2023-01-18T17:02:40","modified_gmt":"2023-01-18T16:02:40","slug":"porticones-interiores-en-aluminio","status":"publish","type":"product","link":"https:\/\/aluminiosvallirana.es\/fr\/productos\/porticones-interiores-en-aluminio\/","title":{"rendered":"Volets int\u00e9rieurs en aluminium"},"content":{"rendered":"<h2 class=\"titulo_tab\">INSTALLATION DE PORTAILS INT\u00c9RIEURS EN ALUMINIUM<\/h2>\n<p class=\"descripcion\" style=\"text-align: justify;\">Nous avons des volets int\u00e9rieurs abordables et de qualit\u00e9, ils peuvent \u00eatre dans toutes les finitions possibles : volets int\u00e9rieurs en aluminium laqu\u00e9 blanc, volets int\u00e9rieurs en aluminium laqu\u00e9 standard, volets int\u00e9rieurs en aluminium laqu\u00e9 futura, volets int\u00e9rieurs en aluminium laqu\u00e9 sp\u00e9cial, volets int\u00e9rieurs en aluminium laqu\u00e9 textur\u00e9 mat, volets int\u00e9rieurs en aluminium laqu\u00e9 bois volets int\u00e9rieurs, volets int\u00e9rieurs en aluminium anodis\u00e9 bronze, volets int\u00e9rieurs en aluminium anodis\u00e9 argent, et m\u00eame volets int\u00e9rieurs en aluminium feuillet\u00e9.<br \/>\nLes volets int\u00e9rieurs sont fabriqu\u00e9s pour les fen\u00eatres droites, les volets int\u00e9rieurs pour les fen\u00eatres profil\u00e9es, ainsi que notre sp\u00e9cialit\u00e9 dans les volets int\u00e9rieurs courbes, pour les fen\u00eatres courbes et fixes.<\/p>","protected":false},"excerpt":{"rendered":"<div>\n<h2>TROUVEZ LES PORTES INT\u00c9RIEURES EN ALUMINIUM ICI<\/h2>\n<p style=\"text-align: justify;\">Nous sommes fabricants de volets int\u00e9rieurs en aluminium, de volets en aluminium pour portes et fen\u00eatres fixes aux prix du march\u00e9 et de haute qualit\u00e9.<br \/>\nSi vous recherchez des volets int\u00e9rieurs en aluminium \u00e0 Barcelone et des volets int\u00e9rieurs en aluminium en Espagne, il vous suffit de visiter et de contacter Aluminios Vallirana.<br \/>\nSolution classique et pratique pour emp\u00eacher l&#039;entr\u00e9e de la lumi\u00e8re. Il peut \u00eatre install\u00e9 sur des fixes ou praticables qui ont l&#039;\u00e9paisseur minimale pour adapter les charni\u00e8res et la fermeture. \u00c9tant en aluminium extrud\u00e9, la couleur correspond \u00e0 la menuiserie.<br \/>\nLe portail int\u00e9rieur en aluminium est compos\u00e9 d&#039;un profil de cadre minimaliste et de lattes verticales ou horizontales de 60 mm.Ce portail int\u00e9rieur s&#039;adapte sur des fen\u00eatres fixes ou praticables qui ont une \u00e9paisseur minimale pour placer les charni\u00e8res et la fermeture. Le volet int\u00e9rieur, \u00e9tant en aluminium extrud\u00e9, correspond \u00e0 la couleur de la fen\u00eatre ou de la menuiserie o\u00f9 il va \u00eatre install\u00e9. En plus d&#039;\u00eatre des fabricants directs de volets en aluminium, et d&#039;en proposer la distribution, nous pouvons installer votre volet l\u00e0 o\u00f9 vous le souhaitez.<\/p>\n<\/div>","protected":false},"featured_media":4305,"comment_status":"open","ping_status":"closed","template":"","meta":{"_acf_changed":false,"om_disable_all_campaigns":false},"product_brand":[],"product_cat":[123],"product_tag":[124,125],"class_list":["post-2911","product","type-product","status-publish","has-post-thumbnail","product_cat-porticones","product_tag-porticon-interior","product_tag-porticones-interiores","first","instock","shipping-taxable","product-type-simple"],"acf":[],"aioseo_notices":[],"aioseo_head":"\n\t\t<!-- All in One SEO 5.0.1.1 - aioseo.com -->\n\t<meta name=\"description\" content=\"ENCUENTRE AQU\u00cd PORTICONES INTERIORES EN ALUMINIO Somos fabricantes de porticones interiores de aluminio, porticones de aluminio para fijos y ventanas a precios de mercado y de gran calidad Si busca porticones interiores de aluminio en Barcelona y porticones interiores de aluminio en Espa\u00f1a, solo ha de visitar y contactar con Aluminios Vallirana. Soluci\u00f3n cl\u00e1sica y pr\u00e1ctica para evitar la entrada de luz. Se puede instalar sobre fijos o practicables que tengan el espesor m\u00ednimo para adaptar las bisagras y el cierre. Al ser aluminio extruido se iguala el color con la carpinter\u00eda. El portic\u00f3n interior de aluminio, se compone de un perfil de marco minimalista y lamas de 60 mm verticales u horizontales, este portic\u00f3n interior se adapta sobre fijos o ventanas practicables que tengan, un espesor m\u00ednimo para colocar las bisagras y el cierre. El portic\u00f3n interior al ser de aluminio extruido, se iguala el color con la ventana o carpinter\u00eda donde se va a instalar. Adem\u00e1s de ser fabricantes directos de porticones de aluminio, y de ofrecer su distribuci\u00f3n, podemos instalar su portic\u00f3n donde desee.\" \/>\n\t<meta name=\"robots\" content=\"max-image-preview:large\" \/>\n\t<link rel=\"canonical\" href=\"https:\/\/aluminiosvallirana.es\/fr\/productos\/porticones-interiores-en-aluminio\/\" \/>\n\t<meta name=\"generator\" content=\"All in One SEO (AIOSEO) 5.0.1.1\" \/>\n\t\t<meta property=\"og:locale\" content=\"fr_FR\" \/>\n\t\t<meta property=\"og:site_name\" content=\"Aluminios Vallirana - Manipulaci\u00f3n y curvados de aluminio\" \/>\n\t\t<meta property=\"og:type\" content=\"article\" \/>\n\t\t<meta property=\"og:title\" content=\"Porticones interiores en aluminio - Aluminios Vallirana\" \/>\n\t\t<meta property=\"og:description\" content=\"ENCUENTRE AQU\u00cd PORTICONES INTERIORES EN ALUMINIO Somos fabricantes de porticones interiores de aluminio, porticones de aluminio para fijos y ventanas a precios de mercado y de gran calidad Si busca porticones interiores de aluminio en Barcelona y porticones interiores de aluminio en Espa\u00f1a, solo ha de visitar y contactar con Aluminios Vallirana. Soluci\u00f3n cl\u00e1sica y pr\u00e1ctica para evitar la entrada de luz. Se puede instalar sobre fijos o practicables que tengan el espesor m\u00ednimo para adaptar las bisagras y el cierre. Al ser aluminio extruido se iguala el color con la carpinter\u00eda. El portic\u00f3n interior de aluminio, se compone de un perfil de marco minimalista y lamas de 60 mm verticales u horizontales, este portic\u00f3n interior se adapta sobre fijos o ventanas practicables que tengan, un espesor m\u00ednimo para colocar las bisagras y el cierre. El portic\u00f3n interior al ser de aluminio extruido, se iguala el color con la ventana o carpinter\u00eda donde se va a instalar. Adem\u00e1s de ser fabricantes directos de porticones de aluminio, y de ofrecer su distribuci\u00f3n, podemos instalar su portic\u00f3n donde desee.\" \/>\n\t\t<meta property=\"og:url\" content=\"https:\/\/aluminiosvallirana.es\/fr\/productos\/porticones-interiores-en-aluminio\/\" \/>\n\t\t<meta property=\"fb:app_id\" content=\"phone\" \/>\n\t\t<meta property=\"fb:admins\" content=\"phone\" \/>\n\t\t<meta property=\"og:image\" content=\"https:\/\/aluminiosvallirana.es\/phone\" \/>\n\t\t<meta property=\"og:image:secure_url\" content=\"https:\/\/aluminiosvallirana.es\/phone\" \/>\n\t\t<meta property=\"article:published_time\" content=\"2022-11-14T12:11:40+00:00\" \/>\n\t\t<meta property=\"article:modified_time\" content=\"2023-01-18T16:02:40+00:00\" \/>\n\t\t<meta property=\"article:author\" content=\"phone\" \/>\n\t\t<meta name=\"twitter:card\" content=\"summary_large_image\" \/>\n\t\t<meta name=\"twitter:title\" content=\"Porticones interiores en aluminio - Aluminios Vallirana\" \/>\n\t\t<meta name=\"twitter:description\" content=\"ENCUENTRE AQU\u00cd PORTICONES INTERIORES EN ALUMINIO Somos fabricantes de porticones interiores de aluminio, porticones de aluminio para fijos y ventanas a precios de mercado y de gran calidad Si busca porticones interiores de aluminio en Barcelona y porticones interiores de aluminio en Espa\u00f1a, solo ha de visitar y contactar con Aluminios Vallirana. Soluci\u00f3n cl\u00e1sica y pr\u00e1ctica para evitar la entrada de luz. Se puede instalar sobre fijos o practicables que tengan el espesor m\u00ednimo para adaptar las bisagras y el cierre. Al ser aluminio extruido se iguala el color con la carpinter\u00eda. El portic\u00f3n interior de aluminio, se compone de un perfil de marco minimalista y lamas de 60 mm verticales u horizontales, este portic\u00f3n interior se adapta sobre fijos o ventanas practicables que tengan, un espesor m\u00ednimo para colocar las bisagras y el cierre. El portic\u00f3n interior al ser de aluminio extruido, se iguala el color con la ventana o carpinter\u00eda donde se va a instalar. Adem\u00e1s de ser fabricantes directos de porticones de aluminio, y de ofrecer su distribuci\u00f3n, podemos instalar su portic\u00f3n donde desee.\" \/>\n\t\t<meta name=\"twitter:image\" content=\"https:\/\/aluminiosvallirana.es\/phone\" \/>\n\t\t<script type=\"application\/ld+json\" class=\"aioseo-schema\">\n\t\t\t{\"@context\":\"https:\\\/\\\/schema.org\",\"@graph\":[{\"@type\":\"BreadcrumbList\",\"@id\":\"https:\\\/\\\/aluminiosvallirana.es\\\/fr\\\/productos\\\/porticones-interiores-en-aluminio\\\/#breadcrumblist\",\"itemListElement\":[{\"@type\":\"ListItem\",\"@id\":\"https:\\\/\\\/aluminiosvallirana.es\\\/fr#listItem\",\"position\":1,\"name\":\"Home\",\"item\":\"https:\\\/\\\/aluminiosvallirana.es\\\/fr\",\"nextItem\":{\"@type\":\"ListItem\",\"@id\":\"https:\\\/\\\/aluminiosvallirana.es\\\/fr\\\/categorias\\\/porticones\\\/#listItem\",\"name\":\"Porticones\"}},{\"@type\":\"ListItem\",\"@id\":\"https:\\\/\\\/aluminiosvallirana.es\\\/fr\\\/categorias\\\/porticones\\\/#listItem\",\"position\":2,\"name\":\"Porticones\",\"item\":\"https:\\\/\\\/aluminiosvallirana.es\\\/fr\\\/categorias\\\/porticones\\\/\",\"nextItem\":{\"@type\":\"ListItem\",\"@id\":\"https:\\\/\\\/aluminiosvallirana.es\\\/fr\\\/productos\\\/porticones-interiores-en-aluminio\\\/#listItem\",\"name\":\"Porticones interiores en aluminio\"},\"previousItem\":{\"@type\":\"ListItem\",\"@id\":\"https:\\\/\\\/aluminiosvallirana.es\\\/fr#listItem\",\"name\":\"Home\"}},{\"@type\":\"ListItem\",\"@id\":\"https:\\\/\\\/aluminiosvallirana.es\\\/fr\\\/productos\\\/porticones-interiores-en-aluminio\\\/#listItem\",\"position\":3,\"name\":\"Porticones interiores en aluminio\",\"previousItem\":{\"@type\":\"ListItem\",\"@id\":\"https:\\\/\\\/aluminiosvallirana.es\\\/fr\\\/categorias\\\/porticones\\\/#listItem\",\"name\":\"Porticones\"}}]},{\"@type\":\"ItemPage\",\"@id\":\"https:\\\/\\\/aluminiosvallirana.es\\\/fr\\\/productos\\\/porticones-interiores-en-aluminio\\\/#itempage\",\"url\":\"https:\\\/\\\/aluminiosvallirana.es\\\/fr\\\/productos\\\/porticones-interiores-en-aluminio\\\/\",\"name\":\"Porticones interiores en aluminio - Aluminios Vallirana\",\"description\":\"ENCUENTRE AQU\\u00cd PORTICONES INTERIORES EN ALUMINIO Somos fabricantes de porticones interiores de aluminio, porticones de aluminio para fijos y ventanas a precios de mercado y de gran calidad Si busca porticones interiores de aluminio en Barcelona y porticones interiores de aluminio en Espa\\u00f1a, solo ha de visitar y contactar con Aluminios Vallirana. Soluci\\u00f3n cl\\u00e1sica y pr\\u00e1ctica para evitar la entrada de luz. Se puede instalar sobre fijos o practicables que tengan el espesor m\\u00ednimo para adaptar las bisagras y el cierre. Al ser aluminio extruido se iguala el color con la carpinter\\u00eda. El portic\\u00f3n interior de aluminio, se compone de un perfil de marco minimalista y lamas de 60 mm verticales u horizontales, este portic\\u00f3n interior se adapta sobre fijos o ventanas practicables que tengan, un espesor m\\u00ednimo para colocar las bisagras y el cierre. El portic\\u00f3n interior al ser de aluminio extruido, se iguala el color con la ventana o carpinter\\u00eda donde se va a instalar. Adem\\u00e1s de ser fabricantes directos de porticones de aluminio, y de ofrecer su distribuci\\u00f3n, podemos instalar su portic\\u00f3n donde desee.\",\"inLanguage\":\"fr-FR\",\"isPartOf\":{\"@id\":\"https:\\\/\\\/aluminiosvallirana.es\\\/fr\\\/#website\"},\"breadcrumb\":{\"@id\":\"https:\\\/\\\/aluminiosvallirana.es\\\/fr\\\/productos\\\/porticones-interiores-en-aluminio\\\/#breadcrumblist\"},\"image\":{\"@type\":\"ImageObject\",\"url\":\"https:\\\/\\\/aluminiosvallirana.es\\\/wp-content\\\/uploads\\\/2022\\\/11\\\/porticones_interiores_aluminio_1.jpg\",\"@id\":\"https:\\\/\\\/aluminiosvallirana.es\\\/fr\\\/productos\\\/porticones-interiores-en-aluminio\\\/#mainImage\",\"width\":600,\"height\":600},\"primaryImageOfPage\":{\"@id\":\"https:\\\/\\\/aluminiosvallirana.es\\\/fr\\\/productos\\\/porticones-interiores-en-aluminio\\\/#mainImage\"},\"datePublished\":\"2022-11-14T13:11:40+01:00\",\"dateModified\":\"2023-01-18T17:02:40+01:00\"},{\"@type\":\"Organization\",\"@id\":\"https:\\\/\\\/aluminiosvallirana.es\\\/fr\\\/#organization\",\"name\":\"Aluminios Vallirana\",\"description\":\"Manipulaci\\u00f3n y curvados de aluminio\",\"url\":\"https:\\\/\\\/aluminiosvallirana.es\\\/fr\\\/\",\"logo\":{\"@type\":\"ImageObject\",\"url\":\"phone\",\"@id\":\"https:\\\/\\\/aluminiosvallirana.es\\\/fr\\\/productos\\\/porticones-interiores-en-aluminio\\\/#organizationLogo\"},\"image\":{\"@id\":\"https:\\\/\\\/aluminiosvallirana.es\\\/fr\\\/productos\\\/porticones-interiores-en-aluminio\\\/#organizationLogo\"}},{\"@type\":\"WebSite\",\"@id\":\"https:\\\/\\\/aluminiosvallirana.es\\\/fr\\\/#website\",\"url\":\"https:\\\/\\\/aluminiosvallirana.es\\\/fr\\\/\",\"name\":\"Aluminios Vallirana\",\"description\":\"Manipulaci\\u00f3n y curvados de aluminio\",\"inLanguage\":\"fr-FR\",\"publisher\":{\"@id\":\"https:\\\/\\\/aluminiosvallirana.es\\\/fr\\\/#organization\"}}]}\n\t\t<\/script>\n\t\t<!-- All in One SEO -->\n\n","aioseo_head_json":{"title":"Porticones interiores en aluminio - Aluminios Vallirana","description":"ENCUENTRE AQU\u00cd PORTICONES INTERIORES EN ALUMINIO Somos fabricantes de porticones interiores de aluminio, porticones de aluminio para fijos y ventanas a precios de mercado y de gran calidad Si busca porticones interiores de aluminio en Barcelona y porticones interiores de aluminio en Espa\u00f1a, solo ha de visitar y contactar con Aluminios Vallirana. Soluci\u00f3n cl\u00e1sica y pr\u00e1ctica para evitar la entrada de luz. Se puede instalar sobre fijos o practicables que tengan el espesor m\u00ednimo para adaptar las bisagras y el cierre. Al ser aluminio extruido se iguala el color con la carpinter\u00eda. El portic\u00f3n interior de aluminio, se compone de un perfil de marco minimalista y lamas de 60 mm verticales u horizontales, este portic\u00f3n interior se adapta sobre fijos o ventanas practicables que tengan, un espesor m\u00ednimo para colocar las bisagras y el cierre. El portic\u00f3n interior al ser de aluminio extruido, se iguala el color con la ventana o carpinter\u00eda donde se va a instalar. Adem\u00e1s de ser fabricantes directos de porticones de aluminio, y de ofrecer su distribuci\u00f3n, podemos instalar su portic\u00f3n donde desee.","canonical_url":"https:\/\/aluminiosvallirana.es\/fr\/productos\/porticones-interiores-en-aluminio\/","robots":"max-image-preview:large","keywords":"","webmasterTools":{"miscellaneous":""},"schema":{"@context":"https:\/\/schema.org","@graph":[{"@type":"BreadcrumbList","@id":"https:\/\/aluminiosvallirana.es\/fr\/productos\/porticones-interiores-en-aluminio\/#breadcrumblist","itemListElement":[{"@type":"ListItem","@id":"https:\/\/aluminiosvallirana.es\/fr#listItem","position":1,"name":"Home","item":"https:\/\/aluminiosvallirana.es\/fr","nextItem":{"@type":"ListItem","@id":"https:\/\/aluminiosvallirana.es\/fr\/categorias\/porticones\/#listItem","name":"Porticones"}},{"@type":"ListItem","@id":"https:\/\/aluminiosvallirana.es\/fr\/categorias\/porticones\/#listItem","position":2,"name":"Porticones","item":"https:\/\/aluminiosvallirana.es\/fr\/categorias\/porticones\/","nextItem":{"@type":"ListItem","@id":"https:\/\/aluminiosvallirana.es\/fr\/productos\/porticones-interiores-en-aluminio\/#listItem","name":"Porticones interiores en aluminio"},"previousItem":{"@type":"ListItem","@id":"https:\/\/aluminiosvallirana.es\/fr#listItem","name":"Home"}},{"@type":"ListItem","@id":"https:\/\/aluminiosvallirana.es\/fr\/productos\/porticones-interiores-en-aluminio\/#listItem","position":3,"name":"Porticones interiores en aluminio","previousItem":{"@type":"ListItem","@id":"https:\/\/aluminiosvallirana.es\/fr\/categorias\/porticones\/#listItem","name":"Porticones"}}]},{"@type":"ItemPage","@id":"https:\/\/aluminiosvallirana.es\/fr\/productos\/porticones-interiores-en-aluminio\/#itempage","url":"https:\/\/aluminiosvallirana.es\/fr\/productos\/porticones-interiores-en-aluminio\/","name":"Porticones interiores en aluminio - Aluminios Vallirana","description":"ENCUENTRE AQU\u00cd PORTICONES INTERIORES EN ALUMINIO Somos fabricantes de porticones interiores de aluminio, porticones de aluminio para fijos y ventanas a precios de mercado y de gran calidad Si busca porticones interiores de aluminio en Barcelona y porticones interiores de aluminio en Espa\u00f1a, solo ha de visitar y contactar con Aluminios Vallirana. Soluci\u00f3n cl\u00e1sica y pr\u00e1ctica para evitar la entrada de luz. Se puede instalar sobre fijos o practicables que tengan el espesor m\u00ednimo para adaptar las bisagras y el cierre. Al ser aluminio extruido se iguala el color con la carpinter\u00eda. El portic\u00f3n interior de aluminio, se compone de un perfil de marco minimalista y lamas de 60 mm verticales u horizontales, este portic\u00f3n interior se adapta sobre fijos o ventanas practicables que tengan, un espesor m\u00ednimo para colocar las bisagras y el cierre. El portic\u00f3n interior al ser de aluminio extruido, se iguala el color con la ventana o carpinter\u00eda donde se va a instalar. Adem\u00e1s de ser fabricantes directos de porticones de aluminio, y de ofrecer su distribuci\u00f3n, podemos instalar su portic\u00f3n donde desee.","inLanguage":"fr-FR","isPartOf":{"@id":"https:\/\/aluminiosvallirana.es\/fr\/#website"},"breadcrumb":{"@id":"https:\/\/aluminiosvallirana.es\/fr\/productos\/porticones-interiores-en-aluminio\/#breadcrumblist"},"image":{"@type":"ImageObject","url":"https:\/\/aluminiosvallirana.es\/wp-content\/uploads\/2022\/11\/porticones_interiores_aluminio_1.jpg","@id":"https:\/\/aluminiosvallirana.es\/fr\/productos\/porticones-interiores-en-aluminio\/#mainImage","width":600,"height":600},"primaryImageOfPage":{"@id":"https:\/\/aluminiosvallirana.es\/fr\/productos\/porticones-interiores-en-aluminio\/#mainImage"},"datePublished":"2022-11-14T13:11:40+01:00","dateModified":"2023-01-18T17:02:40+01:00"},{"@type":"Organization","@id":"https:\/\/aluminiosvallirana.es\/fr\/#organization","name":"Aluminios Vallirana","description":"Manipulaci\u00f3n y curvados de aluminio","url":"https:\/\/aluminiosvallirana.es\/fr\/","logo":{"@type":"ImageObject","url":"phone","@id":"https:\/\/aluminiosvallirana.es\/fr\/productos\/porticones-interiores-en-aluminio\/#organizationLogo"},"image":{"@id":"https:\/\/aluminiosvallirana.es\/fr\/productos\/porticones-interiores-en-aluminio\/#organizationLogo"}},{"@type":"WebSite","@id":"https:\/\/aluminiosvallirana.es\/fr\/#website","url":"https:\/\/aluminiosvallirana.es\/fr\/","name":"Aluminios Vallirana","description":"Manipulaci\u00f3n y curvados de aluminio","inLanguage":"fr-FR","publisher":{"@id":"https:\/\/aluminiosvallirana.es\/fr\/#organization"}}]},"og:locale":"fr_FR","og:site_name":"Aluminios Vallirana - Manipulaci\u00f3n y curvados de aluminio","og:type":"article","og:title":"Porticones interiores en aluminio - Aluminios Vallirana","og:description":"ENCUENTRE AQU\u00cd PORTICONES INTERIORES EN ALUMINIO Somos fabricantes de porticones interiores de aluminio, porticones de aluminio para fijos y ventanas a precios de mercado y de gran calidad Si busca porticones interiores de aluminio en Barcelona y porticones interiores de aluminio en Espa\u00f1a, solo ha de visitar y contactar con Aluminios Vallirana. Soluci\u00f3n cl\u00e1sica y pr\u00e1ctica para evitar la entrada de luz. Se puede instalar sobre fijos o practicables que tengan el espesor m\u00ednimo para adaptar las bisagras y el cierre. Al ser aluminio extruido se iguala el color con la carpinter\u00eda. El portic\u00f3n interior de aluminio, se compone de un perfil de marco minimalista y lamas de 60 mm verticales u horizontales, este portic\u00f3n interior se adapta sobre fijos o ventanas practicables que tengan, un espesor m\u00ednimo para colocar las bisagras y el cierre. El portic\u00f3n interior al ser de aluminio extruido, se iguala el color con la ventana o carpinter\u00eda donde se va a instalar. Adem\u00e1s de ser fabricantes directos de porticones de aluminio, y de ofrecer su distribuci\u00f3n, podemos instalar su portic\u00f3n donde desee.","og:url":"https:\/\/aluminiosvallirana.es\/fr\/productos\/porticones-interiores-en-aluminio\/","fb:app_id":"phone","fb:admins":"phone","og:image":"https:\/\/aluminiosvallirana.es\/phone","og:image:secure_url":"https:\/\/aluminiosvallirana.es\/phone","article:published_time":"2022-11-14T12:11:40+00:00","article:modified_time":"2023-01-18T16:02:40+00:00","article:author":"phone","twitter:card":"summary_large_image","twitter:title":"Porticones interiores en aluminio - Aluminios Vallirana","twitter:description":"ENCUENTRE AQU\u00cd PORTICONES INTERIORES EN ALUMINIO Somos fabricantes de porticones interiores de aluminio, porticones de aluminio para fijos y ventanas a precios de mercado y de gran calidad Si busca porticones interiores de aluminio en Barcelona y porticones interiores de aluminio en Espa\u00f1a, solo ha de visitar y contactar con Aluminios Vallirana. Soluci\u00f3n cl\u00e1sica y pr\u00e1ctica para evitar la entrada de luz. Se puede instalar sobre fijos o practicables que tengan el espesor m\u00ednimo para adaptar las bisagras y el cierre. Al ser aluminio extruido se iguala el color con la carpinter\u00eda. El portic\u00f3n interior de aluminio, se compone de un perfil de marco minimalista y lamas de 60 mm verticales u horizontales, este portic\u00f3n interior se adapta sobre fijos o ventanas practicables que tengan, un espesor m\u00ednimo para colocar las bisagras y el cierre. El portic\u00f3n interior al ser de aluminio extruido, se iguala el color con la ventana o carpinter\u00eda donde se va a instalar. Adem\u00e1s de ser fabricantes directos de porticones de aluminio, y de ofrecer su distribuci\u00f3n, podemos instalar su portic\u00f3n donde desee.","twitter:image":"https:\/\/aluminiosvallirana.es\/phone"},"aioseo_meta_data":{"post_id":"2911","title":null,"description":null,"keywords":[],"keyphrases":{"focus":{"keyphrase":"","score":0,"analysis":{"keyphraseInTitle":{"score":0,"maxScore":9,"error":1}}},"additional":[]},"primary_term":null,"canonical_url":null,"og_title":null,"og_description":null,"og_object_type":"default","og_image_type":"default","og_image_url":null,"og_image_width":null,"og_image_height":null,"og_image_custom_url":null,"og_image_custom_fields":null,"og_video":"","og_custom_url":null,"og_article_section":null,"og_article_tags":[],"twitter_use_og":false,"twitter_card":"default","twitter_image_type":"default","twitter_image_url":null,"twitter_image_custom_url":null,"twitter_image_custom_fields":null,"twitter_title":null,"twitter_description":null,"schema":{"blockGraphs":[],"customGraphs":[],"default":{"data":{"Article":[],"Course":[],"Dataset":[],"FAQPage":[],"Movie":[],"Person":[],"Product":[],"ProductReview":[],"Car":[],"Recipe":[],"Service":[],"SoftwareApplication":[],"WebPage":[]},"graphName":"ItemPage","isEnabled":true},"graphs":[]},"schema_type":"default","schema_type_options":null,"pillar_content":false,"robots_default":true,"robots_noindex":false,"robots_noarchive":false,"robots_nosnippet":false,"robots_nofollow":false,"robots_noimageindex":false,"robots_noodp":false,"robots_notranslate":false,"robots_max_snippet":"-1","robots_max_videopreview":"-1","robots_max_imagepreview":"large","priority":null,"frequency":"default","local_seo":null,"breadcrumb_settings":null,"limit_modified_date":false,"ai":null,"created":"2022-11-14 12:17:04","updated":"2025-06-04 22:40:37","seo_analyzer_scan_date":null,"focus_keyword":null,"additional_keywords":null,"truseo_locale":null},"aioseo_breadcrumb":"<div class=\"aioseo-breadcrumbs\"><span class=\"aioseo-breadcrumb\">\n\t\t\t<a href=\"https:\/\/aluminiosvallirana.es\/fr\" title=\"Home\">Home<\/a>\n\t\t<\/span><span class=\"aioseo-breadcrumb-separator\">&raquo;<\/span><span class=\"aioseo-breadcrumb\">\n\t\t\t<a href=\"https:\/\/aluminiosvallirana.es\/fr\/categorias\/porticones\/\" title=\"Porticones\">Porticones<\/a>\n\t\t<\/span><span class=\"aioseo-breadcrumb-separator\">&raquo;<\/span><span class=\"aioseo-breadcrumb\">\n\t\t\tPorticones interiores en aluminio\n\t\t<\/span><\/div>","aioseo_breadcrumb_json":[{"label":"Home","link":"https:\/\/aluminiosvallirana.es\/fr"},{"label":"Porticones","link":"https:\/\/aluminiosvallirana.es\/fr\/categorias\/porticones\/"},{"label":"Porticones interiores en aluminio","link":"https:\/\/aluminiosvallirana.es\/fr\/productos\/porticones-interiores-en-aluminio\/"}],"_links":{"self":[{"href":"https:\/\/aluminiosvallirana.es\/fr\/wp-json\/wp\/v2\/product\/2911","targetHints":{"allow":["GET"]}}],"collection":[{"href":"https:\/\/aluminiosvallirana.es\/fr\/wp-json\/wp\/v2\/product"}],"about":[{"href":"https:\/\/aluminiosvallirana.es\/fr\/wp-json\/wp\/v2\/types\/product"}],"replies":[{"embeddable":true,"href":"https:\/\/aluminiosvallirana.es\/fr\/wp-json\/wp\/v2\/comments?post=2911"}],"wp:featuredmedia":[{"embeddable":true,"href":"https:\/\/aluminiosvallirana.es\/fr\/wp-json\/wp\/v2\/media\/4305"}],"wp:attachment":[{"href":"https:\/\/aluminiosvallirana.es\/fr\/wp-json\/wp\/v2\/media?parent=2911"}],"wp:term":[{"taxonomy":"product_brand","embeddable":true,"href":"https:\/\/aluminiosvallirana.es\/fr\/wp-json\/wp\/v2\/product_brand?post=2911"},{"taxonomy":"product_cat","embeddable":true,"href":"https:\/\/aluminiosvallirana.es\/fr\/wp-json\/wp\/v2\/product_cat?post=2911"},{"taxonomy":"product_tag","embeddable":true,"href":"https:\/\/aluminiosvallirana.es\/fr\/wp-json\/wp\/v2\/product_tag?post=2911"}],"curies":[{"name":"wp","href":"https:\/\/api.w.org\/{rel}","templated":true}]}}