{"id":2913,"date":"2022-11-14T13:11:40","date_gmt":"2022-11-14T12:11:40","guid":{"rendered":"http:\/\/aluminiosvallirana.es\/?post_type=product&#038;p=2913"},"modified":"2022-12-27T17:42:48","modified_gmt":"2022-12-27T16:42:48","slug":"celosias-de-aluminio","status":"publish","type":"product","link":"https:\/\/aluminiosvallirana.es\/fr\/productos\/celosias-de-aluminio\/","title":{"rendered":"treillis en aluminium"},"content":{"rendered":"<p class=\"descripcion\" style=\"text-align: justify;\">Les mod\u00e8les en treillis disponibles chez Aluminios Vallirana. Persiennes fixes, persiennes ouvrantes \u00e0 un vantail, persiennes ouvrantes \u00e0 deux vantaux, persiennes ouvrantes \u00e0 trois vantaux, persiennes ouvrantes \u00e0 quatre vantaux, persiennes ouvrantes coulissantes ou persiennes ondul\u00e9es, persiennes coulissantes \u00e0 un vantail, persiennes coulissantes \u00e0 deux vantaux, persiennes coulissantes \u00e0 trois vantaux lames \u00e0 lames, lames coulissantes \u00e0 quatre vantaux, lames coulissantes \u00e0 plusieurs vantaux, lames saillantes \u00e0 un vantail, lames doubles saillantes \u00e0 deux vantaux, lames saillantes \u00e0 ouverture motoris\u00e9e.<br \/>\nAluminios Vallirana propose l&#039;installation de treillis en aluminium, pour ses clients, nous sommes fabricants et installateurs de treillis en aluminium. Nous proposons \u00e9galement une motorisation tant dans l&#039;orientation des lames, que dans les ouvertures.<br \/>\nLes treillis fixes peuvent \u00eatre \u00e0 cadres cach\u00e9s et \u00e0 lattes continues pour les grandes extensions.<br \/>\nLes treillis en aluminium fixes et mobiles peuvent \u00eatre : des treillis encadr\u00e9s ou des treillis non encadr\u00e9s.<\/p>","protected":false},"excerpt":{"rendered":"<div>\n<h2>TROUVEZ ICI LES TREILLIS EN ALUMINIUM<\/h2>\n<p style=\"text-align: justify;\">Aluminios Vallirana est un fabricant de treillis en aluminium, il fabrique des treillis bon march\u00e9, \u00e0 bon prix et des treillis en aluminium de qualit\u00e9. Nous fabriquons des treillis en aluminium pour rev\u00eatements de fa\u00e7ades, des treillis en aluminium pour cl\u00f4tures de galeries, des treillis en aluminium pour garages, des treillis en aluminium pour fa\u00e7ades ventil\u00e9es, des treillis en aluminium pour b\u00e2timents publics, des treillis en aluminium pour \u00e9coles, des treillis en aluminium extrud\u00e9 pour ext\u00e9rieurs et int\u00e9rieurs.<br \/>\nLes treillis en aluminium sont g\u00e9n\u00e9ralement utilis\u00e9s comme protection solaire, pour obtenir de l&#039;ombre, de la lumi\u00e8re et de la perception, offrant \u00e9l\u00e9gance, design et distinction dans les b\u00e2timents et les fa\u00e7ades.<br \/>\nLes treillis en aluminium sont g\u00e9n\u00e9ralement utilis\u00e9s dans les pergolas, les auvents et les couvertures, offrant protection solaire, ombre, style et \u00e9l\u00e9gance \u00e0 l&#039;environnement.<br \/>\nLes treillis pour la protection solaire peuvent \u00eatre en aluminium et en bois : treillis en aluminium \u00e0 lames fixes en aluminium, treillis en aluminium \u00e0 lames mobiles en aluminium, treillis en aluminium \u00e0 lames en bois avec vernis hydrofuge et traitement Lasur pour les ext\u00e9rieurs. Les treillis \u00e0 lames mobiles ou orientables peuvent \u00eatre manuels ou motoris\u00e9s, notamment pour les ext\u00e9rieurs.<\/p>\n<\/p><\/div>","protected":false},"featured_media":4422,"comment_status":"open","ping_status":"closed","template":"","meta":{"_acf_changed":false,"om_disable_all_campaigns":false},"product_brand":[],"product_cat":[128],"product_tag":[129,130],"class_list":{"0":"post-2913","1":"product","2":"type-product","3":"status-publish","4":"has-post-thumbnail","6":"product_cat-celosias","7":"product_tag-celosia-de-aluminio","8":"product_tag-celosias-de-aluminio","10":"first","11":"instock","12":"shipping-taxable","13":"product-type-simple"},"acf":[],"aioseo_notices":[],"_links":{"self":[{"href":"https:\/\/aluminiosvallirana.es\/fr\/wp-json\/wp\/v2\/product\/2913","targetHints":{"allow":["GET"]}}],"collection":[{"href":"https:\/\/aluminiosvallirana.es\/fr\/wp-json\/wp\/v2\/product"}],"about":[{"href":"https:\/\/aluminiosvallirana.es\/fr\/wp-json\/wp\/v2\/types\/product"}],"replies":[{"embeddable":true,"href":"https:\/\/aluminiosvallirana.es\/fr\/wp-json\/wp\/v2\/comments?post=2913"}],"wp:featuredmedia":[{"embeddable":true,"href":"https:\/\/aluminiosvallirana.es\/fr\/wp-json\/wp\/v2\/media\/4422"}],"wp:attachment":[{"href":"https:\/\/aluminiosvallirana.es\/fr\/wp-json\/wp\/v2\/media?parent=2913"}],"wp:term":[{"taxonomy":"product_brand","embeddable":true,"href":"https:\/\/aluminiosvallirana.es\/fr\/wp-json\/wp\/v2\/product_brand?post=2913"},{"taxonomy":"product_cat","embeddable":true,"href":"https:\/\/aluminiosvallirana.es\/fr\/wp-json\/wp\/v2\/product_cat?post=2913"},{"taxonomy":"product_tag","embeddable":true,"href":"https:\/\/aluminiosvallirana.es\/fr\/wp-json\/wp\/v2\/product_tag?post=2913"}],"curies":[{"name":"wp","href":"https:\/\/api.w.org\/{rel}","templated":true}]}}