{"id":2922,"date":"2022-11-14T13:11:41","date_gmt":"2022-11-14T12:11:41","guid":{"rendered":"http:\/\/aluminiosvallirana.es\/?post_type=product&#038;p=2922"},"modified":"2023-02-19T12:24:54","modified_gmt":"2023-02-19T11:24:54","slug":"ventanas-hermeticas","status":"publish","type":"product","link":"https:\/\/aluminiosvallirana.es\/fr\/productos\/ventanas-hermeticas\/","title":{"rendered":"Fen\u00eatres herm\u00e9tiques"},"content":{"rendered":"<p class=\"descripcion\" style=\"text-align: justify;\">Autres options pour les zones o\u00f9 une \u00e9tanch\u00e9it\u00e9 compl\u00e8te n&#039;est pas n\u00e9cessaire.<br \/>\nFen\u00eatre sans profil\u00e9s dans ses panneaux, avec un syst\u00e8me de fixation discret, r\u00e9alisant un design enti\u00e8rement vitr\u00e9, avec un haut degr\u00e9 de luminosit\u00e9 et une grande valeur esth\u00e9tique. Avec verre biseaut\u00e9 \u00e0 30\u00ba permettant une fermeture plus optimale, option avec des profils lat\u00e9raux simples dans les panneaux, offrant une large entr\u00e9e de lumi\u00e8re et une ventilation naturelle. Avec du verre de 8 mm, nos fen\u00eatres herm\u00e9tiques approuv\u00e9es et avec des certificats CE.<\/p>\n<h3 class=\"titulo_tab\">DIFF\u00c9RENTES FINITIONS DE FEN\u00caTRES HERM\u00c9TIQUES<\/h3>\n<p style=\"text-align: justify;\">Nous les fabriquons dans les finitions suivantes : fen\u00eatres herm\u00e9tiques en aluminium laqu\u00e9 blanc, fen\u00eatres herm\u00e9tiques en aluminium laqu\u00e9 futura, fen\u00eatres herm\u00e9tiques en aluminium laqu\u00e9 textur\u00e9 mat, fen\u00eatres herm\u00e9tiques en aluminium laqu\u00e9 sp\u00e9cial, fen\u00eatres herm\u00e9tiques en aluminium laqu\u00e9 standard, fen\u00eatres herm\u00e9tiques en aluminium laqu\u00e9 bois, aluminium laqu\u00e9 bicolore fen\u00eatres herm\u00e9tiques (avec toutes les combinaisons possibles), fen\u00eatres herm\u00e9tiques en aluminium anodis\u00e9 bronze, fen\u00eatres herm\u00e9tiques en aluminium anodis\u00e9 argent.<\/p>","protected":false},"excerpt":{"rendered":"<div>\n<div>\n<h2>TROUVEZ ICI LES FEN\u00caTRES HERM\u00c9TIQUES<\/h2>\n<p style=\"text-align: justify;\">Aluminios Vallirana est un fabricant de fen\u00eatres herm\u00e9tiques en aluminium, nous distribuons et installons ces fen\u00eatres herm\u00e9tiques \u00e0 Barcelone, en Catalogne et dans le reste de l&#039;Espagne. Nous pouvons proposer et exporter ces fen\u00eatres herm\u00e9tiques dans toute l&#039;Europe et le reste du monde. Mod\u00e8les de fen\u00eatres que nous fabriquons : fen\u00eatres herm\u00e9tiques climalit, fen\u00eatres herm\u00e9tiques au meilleur prix, fen\u00eatres herm\u00e9tiques \u00e9conomiques pour cl\u00f4tures, fen\u00eatres herm\u00e9tiques pour toilettes, fen\u00eatres herm\u00e9tiques pour collectivit\u00e9s, fen\u00eatres herm\u00e9tiques pour b\u00e2timents. C&#039;est une fen\u00eatre id\u00e9ale \u00e0 installer dans les cages d&#039;escalier, conforme aux exigences du CTE sur la s\u00e9curit\u00e9 en cas d&#039;incendie et contre les risques de chutes.<br \/>\nNous sommes fabricants et distributeurs de fen\u00eatres herm\u00e9tiques en aluminium.<br \/>\nIl pr\u00e9sente des performances \u00e9lev\u00e9es gr\u00e2ce au syst\u00e8me exclusif de fermeture herm\u00e9tique.<br \/>\n2 options : avec rupture de pont thermique et sans rupture, micro-ventilation : avec les panneaux ferm\u00e9s et en ouvrant les volets verticaux du syst\u00e8me de fermeture herm\u00e9tique, la fen\u00eatre assure une ventilation naturelle jusqu&#039;\u00e0 60 cm2 par m\u00e8tre de hauteur, elle peut \u00eatre install\u00e9e tout types de verre jusqu&#039;\u00e0 22 mm d&#039;\u00e9paisseur ou autres types de mat\u00e9riaux dans les panneaux, \u00e0 rupture de pont thermique jusqu&#039;\u00e0 28 mm d&#039;\u00e9paisseur, entra\u00eenement manuel : l&#039;entra\u00eenement peut \u00eatre install\u00e9 sur n&#039;importe quel c\u00f4t\u00e9 (gauche ou droit) et \u00e0 la hauteur souhait\u00e9e de la fen\u00eatre , commande manuelle \u00e0 distance : d\u00e9velopp\u00e9e pour les fen\u00eatres install\u00e9es en hauteur ou dans des zones difficiles d&#039;acc\u00e8s, motorisation : 25 V ou 220 V.<\/p>\n<\/p><\/div>\n<div>\n<details>\n<summary>FICHES TECHNIQUES<\/summary>\n<div class=\"fila\">\n<div class=\"columna1\">\n                          <a title=\"Fiche technique\" href=\"\/fr\/multimedia\/fichas_tecnicas\/ventanas\/hermetica\/VENTANA_HERM%C3%89TICA.pdf\/\" target=\"_blank\" rel=\"noopener\"> <img decoding=\"async\" class=\"imgtech1\" src=\"\/wp-content\/uploads\/2023\/01\/VENTANA-HERMETICA_page-0001.jpg\" alt=\"Ficha t\u00e9cnica VENTANA HERM\u00c9TICA\" \/><\/a>\n                      <\/div>\n<div class=\"columna1\">\n                          <a title=\"Fiche technique\" href=\"\/fr\/multimedia\/fichas_tecnicas\/ventanas\/hermetica\/VENTANA_HERM%C3%89TICA_RPT.pdf\/\" target=\"_blank\" rel=\"noopener\"> <img decoding=\"async\" class=\"imgtech1\" src=\"\/wp-content\/uploads\/2023\/01\/VENTANA-HERMETICA-RPT_page-0001.jpg\" alt=\"Ficha t\u00e9cnica VENTANA HERM\u00c9TICA RPT \" \/><\/a>\n                      <\/div>\n<\/p><\/div>\n<\/details>\n<\/div>\n<\/div>","protected":false},"featured_media":4316,"comment_status":"open","ping_status":"closed","template":"","meta":{"_acf_changed":false,"om_disable_all_campaigns":false},"product_brand":[],"product_cat":[135],"product_tag":[148,149],"class_list":{"0":"post-2922","1":"product","2":"type-product","3":"status-publish","4":"has-post-thumbnail","6":"product_cat-ventanas-aluminio","7":"product_tag-ventana-hermetica","8":"product_tag-ventanas-hermeticas","10":"first","11":"instock","12":"shipping-taxable","13":"product-type-simple"},"acf":[],"aioseo_notices":[],"_links":{"self":[{"href":"https:\/\/aluminiosvallirana.es\/fr\/wp-json\/wp\/v2\/product\/2922","targetHints":{"allow":["GET"]}}],"collection":[{"href":"https:\/\/aluminiosvallirana.es\/fr\/wp-json\/wp\/v2\/product"}],"about":[{"href":"https:\/\/aluminiosvallirana.es\/fr\/wp-json\/wp\/v2\/types\/product"}],"replies":[{"embeddable":true,"href":"https:\/\/aluminiosvallirana.es\/fr\/wp-json\/wp\/v2\/comments?post=2922"}],"wp:featuredmedia":[{"embeddable":true,"href":"https:\/\/aluminiosvallirana.es\/fr\/wp-json\/wp\/v2\/media\/4316"}],"wp:attachment":[{"href":"https:\/\/aluminiosvallirana.es\/fr\/wp-json\/wp\/v2\/media?parent=2922"}],"wp:term":[{"taxonomy":"product_brand","embeddable":true,"href":"https:\/\/aluminiosvallirana.es\/fr\/wp-json\/wp\/v2\/product_brand?post=2922"},{"taxonomy":"product_cat","embeddable":true,"href":"https:\/\/aluminiosvallirana.es\/fr\/wp-json\/wp\/v2\/product_cat?post=2922"},{"taxonomy":"product_tag","embeddable":true,"href":"https:\/\/aluminiosvallirana.es\/fr\/wp-json\/wp\/v2\/product_tag?post=2922"}],"curies":[{"name":"wp","href":"https:\/\/api.w.org\/{rel}","templated":true}]}}