{"id":3004,"date":"2022-11-14T13:13:19","date_gmt":"2022-11-14T12:13:19","guid":{"rendered":"http:\/\/aluminiosvallirana.es\/?post_type=product&#038;p=3004"},"modified":"2023-02-19T12:21:57","modified_gmt":"2023-02-19T11:21:57","slug":"motorizacion-de-vallas-y-cancelas-de-aluminio","status":"publish","type":"product","link":"https:\/\/aluminiosvallirana.es\/fr\/productos\/motorizacion-de-vallas-y-cancelas-de-aluminio\/","title":{"rendered":"Motorizaci\u00f3n de cancelas de aluminio"},"content":{"rendered":"<h2 class=\"titulo_tab\">MOTORIZACI\u00d3N DE CANCELAS DE ALUMINIO<\/h2>\n<p class=\"descripcion\" style=\"text-align: justify;\">Nuestros motores est\u00e1n preparados y dise\u00f1ados para nuestros modelos de puertas de jard\u00edn. Los motores para las puertas de jard\u00edn, son opcionales Si ustedes quieren pedirnos unas puertas o cancelas de jard\u00edn, tanto practicables, como correderas y no desean los motores, solo tienen que solicitarlo. Aun as\u00ed, les podemos ofrecer un soporte t\u00e9cnico para su asesoramiento.<\/p>","protected":false},"excerpt":{"rendered":"<div>\n<div>\n<h2>ENCUENTRE AQU\u00cd MOTORIZACI\u00d3N DE VALLAS Y CANCELAS DE ALUMINIO<\/h2>\n<p style=\"text-align: justify;\">Para terminar de ofrecer un producto acabado y dar la posibilidad de dar aperturas a estas vallas, tanto para entradas peatonales como para veh\u00edculos, hemos dise\u00f1ado las puertas de jard\u00edn o cancelas, con multitud de lamas, posibilidades de apertura, adem\u00e1s de motorizaci\u00f3n de las aperturas. Acompa\u00f1adas de un asesoramiento t\u00e9cnico para dichas motorizaciones.<\/p>\n<p>Los mejores motores y el mejor servicio de motorizaci\u00f3n de puertas de jard\u00edn y puertas peatonales.<\/p>\n<p>Ofrecemos los motores para aperturas de nuestras cancelas, siempre teniendo en cuenta las dimensiones y pesos de las mismas, para garantizar un \u00f3ptimo funcionamiento. Adem\u00e1s ofrecemos la dom\u00f3tica necesaria que les pidan sus clientes.<\/p>\n<\/div>\n<div>\n<details>\n<summary>FICHES TECHNIQUES<\/summary>\n<div class=\"fila\">\n<div class=\"columna1\">\n\t\t\t        <a title=\"Fiche technique\" href=\"\/multimedia\/fichas_tecnicas\/curvado_lateral\/alfila45rpt_av.pdf\" target=\"_blank\" rel=\"noopener\"><br \/>\n\t\t\t          <img decoding=\"async\" class=\"imgtech1\" src=\"\/multimedia\/fichas_tecnicas\/portada\/alfila45rpt_av_page-0001.jpg\" alt=\"Ficha t\u00e9cnica ALBA 45 RPT\" \/><br \/>\n\t\t\t        <\/a>\n\t\t\t      <\/div>\n<div class=\"columna1\">\n\t\t\t        <a title=\"Fiche technique\" href=\"\/multimedia\/fichas_tecnicas\/curvado_lateral\/albapros85rpt_av.pdf\" target=\"_blank\" rel=\"noopener\"><br \/>\n\t\t\t          <img decoding=\"async\" class=\"imgtech1\" src=\"\/multimedia\/fichas_tecnicas\/portada\/albapros85rpt_av_page-0001.jpg\" alt=\"Ficha t\u00e9cnica ALBA PROS 85 RPT\" \/><br \/>\n\t\t\t        <\/a>\n\t\t\t      <\/div>\n<div class=\"columna1\">\n\t\t\t        <a title=\"Fiche technique\" href=\"\/multimedia\/fichas_tecnicas\/curvado_lateral\/alba65rpt_av.pdf\" target=\"_blank\" rel=\"noopener\"><br \/>\n\t\t\t          <img decoding=\"async\" class=\"imgtech1\" src=\"\/multimedia\/fichas_tecnicas\/portada\/alba65rpt_av_page-0001.jpg\" alt=\"Ficha t\u00e9cnica ALBA 65 RPT\" \/><br \/>\n\t\t\t        <\/a>\n\t\t\t      <\/div>\n<\/p><\/div>\n<div class=\"fila\">\n<div class=\"columna1\">\n\t\t\t\t\t        <a title=\"Fiche technique\" href=\"\/multimedia\/fichas_tecnicas\/curvado_lateral\/alba40_av.pdf\" target=\"_blank\" rel=\"noopener\"><br \/>\n\t\t\t\t\t          <img decoding=\"async\" class=\"imgtech1\" src=\"\/multimedia\/fichas_tecnicas\/portada\/alba40_av_page-0001.jpg\" alt=\"Ficha t\u00e9cnica ALBA 40\" \/><br \/>\n\t\t\t\t\t        <\/a>\n\t\t\t\t\t      <\/div>\n<div class=\"columna1\">\n\t\t\t\t\t        <a title=\"Fiche technique\" href=\"\/multimedia\/fichas_tecnicas\/aluminio_madera_mixto\/AP54.pdf\" target=\"_blank\" rel=\"noopener\"><br \/>\n\t\t\t\t\t          <img decoding=\"async\" class=\"imgtech1\" src=\"\/wp-content\/uploads\/2023\/01\/FICHA-TECNICA-AP54-ALUMINIOS-VALLIRANA_page-0001.jpg\" alt=\"Ficha t\u00e9cnica AP 54\" \/><br \/>\n\t\t\t\t\t        <\/a>\n\t\t\t\t\t      <\/div>\n<div class=\"columna1\">\n\t\t\t\t\t        <a title=\"Fiche technique\" href=\"\/multimedia\/fichas_tecnicas\/vallas_cancelas\/vallas_andromeda.pdf\" target=\"_blank\" rel=\"noopener\"><br \/>\n\t\t\t\t\t          <img decoding=\"async\" class=\"imgtech1\" src=\"\/wp-content\/uploads\/2023\/02\/vallas_andromeda.jpg\" alt=\"Ficha t\u00e9cnica vallas Andromeda\" \/><br \/>\n\t\t\t\t\t        <\/a>\n\t\t\t\t\t      <\/div>\n<\/p><\/div>\n<div class=\"fila\">\n<div class=\"columna1\">\n\t\t\t\t\t        <a title=\"Fiche technique\" href=\"\/multimedia\/fichas_tecnicas\/curvado_lateral\/alba40_av.pdf\" target=\"_blank\" rel=\"noopener\"><br \/>\n\t\t\t\t\t          <img decoding=\"async\" class=\"imgtech1\" src=\"\/multimedia\/fichas_tecnicas\/portada\/alba40_av_page-0001.jpg\" alt=\"Ficha t\u00e9cnica ALBA 40\" \/><br \/>\n\t\t\t\t\t        <\/a>\n\t\t\t\t\t      <\/div>\n<div class=\"columna1\">\n\t\t\t\t\t        <a title=\"Fiche technique\" href=\"\/multimedia\/fichas_tecnicas\/aluminio_madera_mixto\/AP54.pdf\" target=\"_blank\" rel=\"noopener\"><br \/>\n\t\t\t\t\t          <img decoding=\"async\" class=\"imgtech1\" src=\"\/wp-content\/uploads\/2023\/01\/FICHA-TECNICA-AP54-ALUMINIOS-VALLIRANA_page-0001.jpg\" alt=\"Ficha t\u00e9cnica AP 54\" \/><br \/>\n\t\t\t\t\t        <\/a>\n\t\t\t\t\t      <\/div>\n<div class=\"columna1\">\n\t\t\t\t\t        <a title=\"Fiche technique\" href=\"\/multimedia\/fichas_tecnicas\/vallas_cancelas\/vallas_andromeda.pdf\" target=\"_blank\" rel=\"noopener\"><br \/>\n\t\t\t\t\t          <img decoding=\"async\" class=\"imgtech1\" src=\"\/wp-content\/uploads\/2023\/02\/vallas_andromeda.jpg\" alt=\"Ficha t\u00e9cnica vallas Andromeda\" \/><br \/>\n\t\t\t\t\t        <\/a>\n\t\t\t\t\t      <\/div>\n<\/p><\/div>\n<\/details><\/div>\n<\/div>","protected":false},"featured_media":4571,"comment_status":"open","ping_status":"closed","template":"","meta":{"_acf_changed":false,"om_disable_all_campaigns":false},"product_brand":[],"product_cat":[189],"product_tag":[183],"class_list":{"0":"post-3004","1":"product","2":"type-product","3":"status-publish","4":"has-post-thumbnail","6":"product_cat-cancelas","7":"product_tag-motorizacion","9":"first","10":"instock","11":"shipping-taxable","12":"product-type-simple"},"acf":[],"aioseo_notices":[],"_links":{"self":[{"href":"https:\/\/aluminiosvallirana.es\/fr\/wp-json\/wp\/v2\/product\/3004","targetHints":{"allow":["GET"]}}],"collection":[{"href":"https:\/\/aluminiosvallirana.es\/fr\/wp-json\/wp\/v2\/product"}],"about":[{"href":"https:\/\/aluminiosvallirana.es\/fr\/wp-json\/wp\/v2\/types\/product"}],"replies":[{"embeddable":true,"href":"https:\/\/aluminiosvallirana.es\/fr\/wp-json\/wp\/v2\/comments?post=3004"}],"wp:featuredmedia":[{"embeddable":true,"href":"https:\/\/aluminiosvallirana.es\/fr\/wp-json\/wp\/v2\/media\/4571"}],"wp:attachment":[{"href":"https:\/\/aluminiosvallirana.es\/fr\/wp-json\/wp\/v2\/media?parent=3004"}],"wp:term":[{"taxonomy":"product_brand","embeddable":true,"href":"https:\/\/aluminiosvallirana.es\/fr\/wp-json\/wp\/v2\/product_brand?post=3004"},{"taxonomy":"product_cat","embeddable":true,"href":"https:\/\/aluminiosvallirana.es\/fr\/wp-json\/wp\/v2\/product_cat?post=3004"},{"taxonomy":"product_tag","embeddable":true,"href":"https:\/\/aluminiosvallirana.es\/fr\/wp-json\/wp\/v2\/product_tag?post=3004"}],"curies":[{"name":"wp","href":"https:\/\/api.w.org\/{rel}","templated":true}]}}